{"id":9029,"date":"2022-05-10T11:06:55","date_gmt":"2022-05-10T14:06:55","guid":{"rendered":"https:\/\/www.bienaldelchaco.org\/2022\/?page_id=9029"},"modified":"2022-07-15T10:02:12","modified_gmt":"2022-07-15T13:02:12","slug":"congreso-derecho-del-arte","status":"publish","type":"page","link":"https:\/\/www.bienaldelchaco.org\/2022\/congreso-derecho-del-arte\/","title":{"rendered":"Congreso Derecho del Arte"},"content":{"rendered":"[vc_row css_animation=&#8221;&#8221; row_type=&#8221;row&#8221; use_row_as_full_screen_section=&#8221;no&#8221; type=&#8221;full_width&#8221; angled_section=&#8221;no&#8221; text_align=&#8221;left&#8221; background_image_as_pattern=&#8221;without_pattern&#8221; z_index=&#8221;&#8221;][vc_column offset=&#8221;vc_hidden-sm vc_hidden-xs&#8221;][vc_single_image image=&#8221;9030&#8243; img_size=&#8221;full&#8221; qode_css_animation=&#8221;&#8221;][\/vc_column][\/vc_row][vc_row css_animation=&#8221;&#8221; row_type=&#8221;row&#8221; use_row_as_full_screen_section=&#8221;no&#8221; type=&#8221;full_width&#8221; angled_section=&#8221;no&#8221; text_align=&#8221;left&#8221; background_image_as_pattern=&#8221;without_pattern&#8221; z_index=&#8221;&#8221;][vc_column offset=&#8221;vc_hidden-lg vc_hidden-md&#8221;][vc_single_image image=&#8221;9031&#8243; img_size=&#8221;full&#8221; qode_css_animation=&#8221;&#8221;][\/vc_column][\/vc_row][vc_row css_animation=&#8221;&#8221; row_type=&#8221;row&#8221; use_row_as_full_screen_section=&#8221;no&#8221; type=&#8221;grid&#8221; angled_section=&#8221;no&#8221; text_align=&#8221;left&#8221; background_image_as_pattern=&#8221;without_pattern&#8221; z_index=&#8221;&#8221;][vc_column css_animation=&#8221;fadeInLeftBig&#8221;][vc_empty_space height=&#8221;50px&#8221;][vc_column_text]<span style=\"font-family: 'Muli'; font-size: 30px; font-weight: bold;\">Congreso Internacional de Derecho del Arte<\/span>[\/vc_column_text][vc_column_text]<span style=\"font-family: 'Muli'; font-size: 20px; color: #696969;\">20 de julio de 2022 &#8211; 9:00 a 14:00 Hs. &#8211; Auditorio OSDE &#8211; Pueyrred\u00f3n 152 Resistencia, Chaco<\/span>[\/vc_column_text][vc_separator css_animation=&#8221;none&#8221; type=&#8221;small&#8221; position=&#8221;left&#8221; color=&#8221;#000000&#8243; width=&#8221;50&#8243;][vc_empty_space height=&#8221;10px&#8221;][vc_row_inner row_type=&#8221;row&#8221; type=&#8221;full_width&#8221; text_align=&#8221;left&#8221; css_animation=&#8221;&#8221;][vc_column_inner][vc_column_text]Una actividad acad\u00e9mica in\u00e9dita en el pa\u00eds tendr\u00e1 lugar en la Bienal del Chaco: el <strong>I CONGRESO INTERNACIONAL DE DERECHO DEL ARTE<\/strong>, promovido por el Poder Legislativo del Chaco y organizado en colaboraci\u00f3n por las Facultades de Derecho de la Universidad Nacional del Nordeste y la Universidad Nacional de Rosario.<\/p>\n<p>&nbsp;<\/p>\n[\/vc_column_text][vc_column_text]<strong>ORGANIZAN:<\/strong><\/p>\n<p><strong>Centro de Estudios de Filosof\u00eda Social y Filosof\u00eda Jur\u00eddica de la Facultad de Derecho de la Universidad Nacional de Rosario<\/strong><\/p>\n<p><strong>Fundaci\u00f3n Urunday<\/strong><\/p>\n<p>&nbsp;<\/p>\n<p><strong>PATROCINA:<\/strong><\/p>\n<p><strong>C\u00e1mara de Diputados de la Provincia del Chaco<\/strong><\/p>\n<p>&nbsp;<\/p>\n<p><strong>AUSPICIAN:<\/strong><\/p>\n<p><strong>Facultad de Derecho de la Universidad Nacional de Rosario<\/strong><\/p>\n<p><strong>Facultad de Derecho de la Universidad Nacional del Nordeste<\/strong><\/p>\n<p><strong>Superior Tribunal de Justicia del Chaco<\/strong><\/p>\n<p><strong>Consejo Profesional de Abogados y Procuradores de la Primera Circunscripci\u00f3n Judicial (Resistencia)<\/strong><\/p>\n<p><strong>Facultad de Artes, Dise\u00f1o y Ciencias de la Cultura<\/strong><\/p>\n<p><strong>Empresa OSDE<\/strong>[\/vc_column_text][vc_empty_space height=&#8221;50px&#8221;][vc_column_text]<span style=\"font-family: Muli;\"><span style=\"font-size: 22px;\"><b>Disertantes<\/b><\/span><\/span>[\/vc_column_text][vc_separator css_animation=&#8221;none&#8221; type=&#8221;small&#8221; position=&#8221;left&#8221; color=&#8221;#000000&#8243; width=&#8221;50&#8243;][vc_column_text]<strong>Prof. Dr. Miguel Angel Ciuro Caldani<\/strong><\/p>\n<p>Abogado y Doctor en Derecho. Jurista\u00a0argentino, especializado en\u00a0filosof\u00eda del derecho,\u00a0derecho internacional privado\u00a0y\u00a0derecho comunitario\u00a0o de la integraci\u00f3n regional.<\/p>\n<p>Director del Centro de Filosof\u00eda Jur\u00eddica y Filosof\u00eda Social de la Facultad de Derecho de la Universidad Nacional de Rosario.<\/p>\n<p>&nbsp;<\/p>\n<p>&nbsp;<\/p>\n<p><strong>Dra. Marta Suarez Mansilla<\/strong><\/p>\n<p>Abogada e investigadora especializada en derecho del arte y la cultura adem\u00e1s de gestora cultural. Su trayectoria profesional se ha desarrollado en el campo de la consultor\u00eda jur\u00eddica en el \u00e1mbito de la cultura y del mercado del arte, as\u00ed como en la gesti\u00f3n cultural en distintas ramas, y particularmente en el sector del arte contempor\u00e1neo. En este tiempo ha compaginado su labor con la investigaci\u00f3n y la actividad acad\u00e9mica dentro y fuera de Espa\u00f1a. Hoy dirige la asesor\u00eda especializada en Derecho del Arte y la Cultura: www.artworldlaw.com<\/p>\n<p>&nbsp;<\/p>\n<p>&nbsp;<\/p>\n<p><strong>Dra. Mar\u00eda Luisa Echaniz Quintana<\/strong><\/p>\n<p>Es Jurista, Abogada, Especialista en Derecho del Arte, y se desempe\u00f1\u00f3 muchos a\u00f1os como Asesora del Patrimonio Hist\u00f3rico de Espa\u00f1a.<\/p>\n<p>&nbsp;<\/p>\n<p>&nbsp;<\/p>\n<p><strong>Dra. Perla Guighana<\/strong><\/p>\n<p>Abogada argentina radicada en Espa\u00f1a, promotora del Proyecto Museo S\u00e1nchez Kelly de Resistencia.<\/p>\n<p>&nbsp;<\/p>\n<p>&nbsp;<\/p>\n<p><strong>Prof. Abog. Juan Chia<\/strong><\/p>\n<p>Abogado (UNR), investigador y docente en temas relacionados con el arte y la filosof\u00eda del derecho (CIFJFS-UNR). Actualmente trabaja en su tesis doctoral (Universit\u00e4t Kiel) en el \u00e1mbito del Derecho del Arte.<\/p>\n<p>&nbsp;<\/p>\n<p>&nbsp;<\/p>\n<p><strong>Prof. Abog. Diego Mendy<\/strong><\/p>\n<p>Abogado. Ayudante de Derecho Privado &#8211; Parte General (Catedra A) y por extensi\u00f3n de funciones de Filosof\u00eda del Derecho (Catedra C). Secretario T\u00e9cnico del Centro de Investigaciones de Filosof\u00eda Jur\u00eddica y Filosof\u00eda Social de la Facultad de Derecho de la Universidad Nacional de Rosario.<\/p>\n<p>&nbsp;<\/p>\n<p>&nbsp;<\/p>\n<p><strong>Prof. Oscar de Bueno<\/strong><\/p>\n<p>Escultor. Ha participado en m\u00e1s de cien muestras y eventos de escultura en el pa\u00eds y en el exterior. Obtuvo numerosos premios: 1er., 2do, y 3er Premio del Sal\u00f3n \u201cManuel Belgrano\u201d (2016, 2014 y 2000), 2do. y 3er. Premio del Sal\u00f3n Nacional (2016 y 2015). Premio Subsidio a la Creaci\u00f3n del Fondo Cultura BA para el proyecto \u201cDesde la orilla\u201d (2005).\u00a0 Docente \u2013 Investigador y Profesor Titular de la C\u00e1tedra OTAV Escultura de la U.N.A. <strong>Licenciado en Artes Visuales<\/strong>\u00a0orientaci\u00f3n Escultura CUM LAUDE. U.N.A. <strong>Profesor de Arte en Artes Visuales<\/strong>\u00a0egresado de la U.N.A. y <strong>Profesor Nacional de Escultura<\/strong>\u00a0egresado de la Escuela Nacional de Bellas Artes \u201cPrilidiano Pueyrred\u00f3n\u201d con Diploma de Honor.<\/p>\n<p>&nbsp;<\/p>\n<p>&nbsp;<\/p>\n<p><strong>Paulina Webb<\/strong><\/p>\n<p>Egresada de la Escuela Nacional de Bellas Artes Prilidiano Pueyrred\u00f3n y de la Escuela Superior de Bellas Artes de la Naci\u00f3n Ernesto de la C\u00e1rcova, la m\u00faltiples veces premiada escultora argentina\u2014Primer Premio Sal\u00f3n Manuel Belgrano, Museo Sivori (2013), Menci\u00f3n del Jurado en el Sal\u00f3n Nacional (2013 y 2007), Premio de Honor del Sal\u00f3n Nacional 2014 y m\u00e1s de 30 a\u00f1os participando en Salones Nacionales y ganando primeros premios, menciones especiales y menciones de honor\u2014Profesora Nacional y Profesora Superior de Escultura, Licenciada en Artes Visuales con orientaci\u00f3n Escultura, con una especializaci\u00f3n a finalizar en Lenguajes Art\u00edsticos Combinados en la UNA (Universidad Nacional de las Artes), adem\u00e1s se\u00a0desempe\u00f1a como docente en importantes universidades argentinas.<\/p>\n<p>&nbsp;<\/p>\n<p>&nbsp;<\/p>\n<p><b>Prof. Mgter. Marianela Fern\u00e1ndez Oliva<\/b><\/p>\n<p>Abogada, por la Facultad de Derecho de la Universidad Nacional de Rosario. Doctora en Derecho (UNR), Magister en Derecho Privado (UNR).<br \/>\nInvestigadora del Consejo de Investigaciones de la Universidad Nacional de Rosario (CIC-CIUNR). Profesora adjunta regular por concurso dedicaci\u00f3n exclusiva de la materia Derecho Privado Parte General- C\u00e1tedra \u201cA\u201d; Profesora adjunta en funciones de Asociada de Derecho de la Salud; de Derecho de la Vejez; y Derecho de la Educaci\u00f3n; Profesora Adjunta de Filosof\u00eda del Derecho C\u00e1tedra \u201cE\u201d (FDerUNR).<br \/>\nMiembro del Centro de Investigaciones de Filosof\u00eda Jur\u00eddica y Filosof\u00eda Social (FDerUNR)<br \/>\nMiembro de la Asociaci\u00f3n Argentina de Filosof\u00eda del Derecho (AAFD).<\/p>\n<p>&nbsp;<\/p>\n<p>&nbsp;<\/p>\n<p><strong>Prof. Dr. Tomas Vaccaro<\/strong><\/p>\n<p>Abogado\u00a0(UBA).\u00a0Especialista en protecci\u00f3n jur\u00eddica del patrimonio cultural 2010 (MCU &#8211; Madrid, Espa\u00f1a). Especialista en derechos de autor y derechos conexos (UBA) 2011. Maestrando de la Maestr\u00eda en Gesti\u00f3n de las Comunicaciones de las Organizaciones (Universidad Austral). En el \u00e1mbito p\u00fablico, se ha desempe\u00f1ado como Asesor Legal de la ex Subsecretar\u00eda de Patrimonio Cultural GCBA, Comisi\u00f3n para la Preservaci\u00f3n Hist\u00f3rico Cultural, Comisi\u00f3n de Bares Notables y R\u00e9gimen de Promoci\u00f3n Cultural (Mecenazgo). En el \u00e1mbito privado se desempe\u00f1\u00f3 como Asesor Legal de ICOMOS Argentina, UNA, etc. Particip\u00f3 en el proyecto de modificaci\u00f3n de la Ordenanza Patrimonial de San Mart\u00edn de los Andes, Neuqu\u00e9n (2010 &#8211; 2011), fue jurado de Trabajos Finales de Mag\u00edsteres\u00a0de la Maestr\u00eda en Administraci\u00f3n de Organizaciones del Sector Cultural y Creativo en la FCE UBA 2015. Profesor de posgrado en Posgrados en Gesti\u00f3n Cultural en UDESA, UNLP, UCA, UBA, UNTref y UP.<\/p>\n<p>&nbsp;<\/p>\n<p>&nbsp;<\/p>\n<p><strong>Prof. Federico Valdez<\/strong><\/p>\n<p>Abogado especializado en propiedad intelectual, es agente de la propiedad intelectual INPI y est\u00e1 a cargo del \u00e1rea de propiedad intelectual de la unidad de vinculaci\u00f3n tecnol\u00f3gica de la Facultad Regional Resistencia de la Universidad Tecnol\u00f3gica Nacional (FRRe UTN). Es profesor titular de la c\u00e1tedra de Derecho a la Cultura y Protecci\u00f3n Legal de Bienes Culturales en Facultad de Artes, Dise\u00f1o y Ciencias de la Cultura de la Universidad Nacional del Nordeste (FADDYC UNNE).[\/vc_column_text][vc_empty_space height=&#8221;100px&#8221;][vc_single_image image=&#8221;9949&#8243; img_size=&#8221;full&#8221; onclick=&#8221;custom_link&#8221; qode_css_animation=&#8221;&#8221; qode_hover_animation=&#8221;zoom_in&#8221; link=&#8221;https:\/\/www.bienaldelchaco.org\/2022\/events\/congreso-internacional-de-derecho-del-arte-fder-unr-y-fdcsp-unne-sesion-de-ponencias\/&#8221;][vc_empty_space height=&#8221;150px&#8221;][\/vc_column_inner][\/vc_row_inner][\/vc_column][\/vc_row][vc_row css_animation=&#8221;&#8221; row_type=&#8221;row&#8221; use_row_as_full_screen_section=&#8221;no&#8221; type=&#8221;full_width&#8221; angled_section=&#8221;no&#8221; text_align=&#8221;left&#8221; background_image_as_pattern=&#8221;without_pattern&#8221; background_color=&#8221;#000000&#8243; z_index=&#8221;&#8221;][vc_column][vc_row_inner row_type=&#8221;row&#8221; type=&#8221;grid&#8221; text_align=&#8221;left&#8221; css_animation=&#8221;&#8221;][vc_column_inner][vc_single_image image=&#8221;9034&#8243; img_size=&#8221;full&#8221; qode_css_animation=&#8221;&#8221; css=&#8221;.vc_custom_1652192595822{margin-top: -4% !important;}&#8221;][vc_empty_space height=&#8221;20px&#8221;][\/vc_column_inner][\/vc_row_inner][vc_row_inner row_type=&#8221;row&#8221; type=&#8221;grid&#8221; text_align=&#8221;left&#8221; css_animation=&#8221;&#8221;][vc_column_inner offset=&#8221;vc_hidden-sm vc_hidden-xs&#8221;][vc_single_image image=&#8221;9827&#8243; img_size=&#8221;full&#8221; alignment=&#8221;center&#8221; qode_css_animation=&#8221;&#8221;][vc_empty_space height=&#8221;20px&#8221;][\/vc_column_inner][\/vc_row_inner][vc_row_inner row_type=&#8221;row&#8221; type=&#8221;grid&#8221; text_align=&#8221;left&#8221; css_animation=&#8221;&#8221;][vc_column_inner offset=&#8221;vc_hidden-lg vc_hidden-md&#8221;][vc_single_image image=&#8221;9828&#8243; img_size=&#8221;full&#8221; alignment=&#8221;center&#8221; qode_css_animation=&#8221;&#8221;][vc_empty_space height=&#8221;20px&#8221;][\/vc_column_inner][\/vc_row_inner][\/vc_column][\/vc_row][vc_row css_animation=&#8221;&#8221; row_type=&#8221;row&#8221; use_row_as_full_screen_section=&#8221;no&#8221; type=&#8221;full_width&#8221; angled_section=&#8221;no&#8221; text_align=&#8221;left&#8221; background_image_as_pattern=&#8221;without_pattern&#8221;][vc_column][vc_row_inner row_type=&#8221;row&#8221; type=&#8221;grid&#8221; text_align=&#8221;left&#8221; css_animation=&#8221;&#8221;][vc_column_inner][vc_empty_space][vc_column_text]\n<p style=\"text-align: center;\"><img decoding=\"async\" src=\"https:\/\/www.bienaldelchaco.org\/2022\/wp-content\/uploads\/2022\/05\/logo-certificado.fw_.png\" alt=\"\" \/>\u00a0 \u00a0<span style=\"font-size: 22px; vertical-align: top;\">Se entregar\u00e1n certificados de asistencia.<\/span><\/p>\n[\/vc_column_text][vc_empty_space height=&#8221;100px&#8221;][vc_column_text]<span style=\"font-family: 'Muli'; font-size: 20px; padding: 8px; background-color: #000000; color: #ffffff; line-height: 30px;\">Inscripciones finalizadas<\/span>[\/vc_column_text][vc_empty_space height=&#8221;100px&#8221;][\/vc_column_inner][\/vc_row_inner][\/vc_column][\/vc_row][vc_row css_animation=&#8221;&#8221; row_type=&#8221;row&#8221; use_row_as_full_screen_section=&#8221;no&#8221; type=&#8221;full_width&#8221; angled_section=&#8221;no&#8221; text_align=&#8221;left&#8221; background_image_as_pattern=&#8221;without_pattern&#8221;][vc_column][vc_row_inner row_type=&#8221;row&#8221; type=&#8221;full_width&#8221; text_align=&#8221;left&#8221; css_animation=&#8221;&#8221;][vc_column_inner][\/vc_column_inner][\/vc_row_inner][\/vc_column][\/vc_row][vc_row css_animation=&#8221;&#8221; row_type=&#8221;row&#8221; use_row_as_full_screen_section=&#8221;no&#8221; type=&#8221;full_width&#8221; angled_section=&#8221;no&#8221; text_align=&#8221;left&#8221; background_image_as_pattern=&#8221;without_pattern&#8221; z_index=&#8221;&#8221;][vc_column][vc_gmaps link=&#8221;#E-8_JTNDaWZyYW1lJTIwc3JjJTNEJTIyaHR0cHMlM0ElMkYlMkZ3d3cuZ29vZ2xlLmNvbSUyRm1hcHMlMkZlbWJlZCUzRnBiJTNEJTIxMW0xNCUyMTFtOCUyMTFtMyUyMTFkMTQxNjQuMTA4NTQ3NzY3MjElMjEyZC01OC45ODEzNiUyMTNkLTI3LjQzNzI2NSUyMTNtMiUyMTFpMTAyNCUyMTJpNzY4JTIxNGYxMy4xJTIxM20zJTIxMW0yJTIxMXMweDAlMjUzQTB4ODkxNjE5YzIxNzc3ODg3YiUyMTJzUHJlZGlvJTJCZGUlMkJsYXMlMkJCaWVuYWxlcyUyMTVlMCUyMTNtMiUyMTFzZXMlMjEyc2FyJTIxNHYxNTQzMzM0MjMzNTkxJTIyJTIwd2lkdGglM0QlMjI4MDAlMjIlMjBoZWlnaHQlM0QlMjI2MDAlMjIlMjBmcmFtZWJvcmRlciUzRCUyMjAlMjIlMjBzdHlsZSUzRCUyMmJvcmRlciUzQTAlMjIlMjBhbGxvd2Z1bGxzY3JlZW4lM0UlM0MlMkZpZnJhbWUlM0U=&#8221;][\/vc_column][\/vc_row][vc_row css_animation=&#8221;&#8221; row_type=&#8221;row&#8221; use_row_as_full_screen_section=&#8221;no&#8221; type=&#8221;full_width&#8221; angled_section=&#8221;no&#8221; text_align=&#8221;left&#8221; background_image_as_pattern=&#8221;without_pattern&#8221; css=&#8221;.vc_custom_1547758416598{background-color: #d9d9d9 !important;}&#8221; z_index=&#8221;&#8221;][vc_column][vc_row_inner row_type=&#8221;row&#8221; type=&#8221;grid&#8221; text_align=&#8221;left&#8221; css_animation=&#8221;&#8221;][vc_column_inner width=&#8221;1\/12&#8243;][\/vc_column_inner][vc_column_inner width=&#8221;5\/12&#8243; css=&#8221;.vc_custom_1547821470341{margin-top: -150px !important;background-color: #ffffff !important;}&#8221;]\n<div class=\"wpcf7 no-js\" id=\"wpcf7-f256-o1\" lang=\"en-US\" dir=\"ltr\">\n<div class=\"screen-reader-response\"><p role=\"status\" aria-live=\"polite\" aria-atomic=\"true\"><\/p> <ul><\/ul><\/div>\n<form action=\"\/2022\/wp-json\/wp\/v2\/pages\/9029#wpcf7-f256-o1\" method=\"post\" class=\"wpcf7-form init cf7_custom_style_1\" aria-label=\"Contact form\" novalidate=\"novalidate\" data-status=\"init\">\n<div style=\"display: none;\">\n<input type=\"hidden\" name=\"_wpcf7\" value=\"256\" \/>\n<input type=\"hidden\" name=\"_wpcf7_version\" value=\"5.8.6\" \/>\n<input type=\"hidden\" name=\"_wpcf7_locale\" value=\"en_US\" \/>\n<input type=\"hidden\" name=\"_wpcf7_unit_tag\" value=\"wpcf7-f256-o1\" \/>\n<input type=\"hidden\" name=\"_wpcf7_container_post\" value=\"0\" \/>\n<input type=\"hidden\" name=\"_wpcf7_posted_data_hash\" value=\"\" \/>\n<input type=\"hidden\" name=\"_wpcf7cf_hidden_group_fields\" value=\"[]\" \/>\n<input type=\"hidden\" name=\"_wpcf7cf_hidden_groups\" value=\"[]\" \/>\n<input type=\"hidden\" name=\"_wpcf7cf_visible_groups\" value=\"[]\" \/>\n<input type=\"hidden\" name=\"_wpcf7cf_repeaters\" value=\"[]\" \/>\n<input type=\"hidden\" name=\"_wpcf7cf_steps\" value=\"{}\" \/>\n<input type=\"hidden\" name=\"_wpcf7cf_options\" value=\"{&quot;form_id&quot;:256,&quot;conditions&quot;:[],&quot;settings&quot;:{&quot;animation&quot;:&quot;yes&quot;,&quot;animation_intime&quot;:200,&quot;animation_outtime&quot;:200,&quot;conditions_ui&quot;:&quot;normal&quot;,&quot;notice_dismissed&quot;:false,&quot;notice_dismissed_rollback-cf7-5.3.2&quot;:true}}\" \/>\n<input type=\"hidden\" name=\"_wpcf7_recaptcha_response\" value=\"\" \/>\n<\/div>\n<p>Apellido y Nombre (requerido)\n<\/p>\n<p><span class=\"wpcf7-form-control-wrap\" data-name=\"nombre\"><input size=\"125\" class=\"wpcf7-form-control wpcf7-text wpcf7-validates-as-required\" aria-required=\"true\" aria-invalid=\"false\" value=\"\" type=\"text\" name=\"nombre\" \/><\/span>\n<\/p>\n<p>Email (requerido)\n<\/p>\n<p><span class=\"wpcf7-form-control-wrap\" data-name=\"email\"><input size=\"106\" class=\"wpcf7-form-control wpcf7-email wpcf7-validates-as-required wpcf7-text wpcf7-validates-as-email\" aria-required=\"true\" aria-invalid=\"false\" value=\"\" type=\"email\" name=\"email\" \/><\/span>\n<\/p>\n<p>Asunto\n<\/p>\n<p><span class=\"wpcf7-form-control-wrap\" data-name=\"asunto\"><input size=\"125\" class=\"wpcf7-form-control wpcf7-text wpcf7-validates-as-required\" aria-required=\"true\" aria-invalid=\"false\" value=\"\" type=\"text\" name=\"asunto\" \/><\/span>\n<\/p>\n<p>Consulta \/ Mensaje\n<\/p>\n<p><span class=\"wpcf7-form-control-wrap\" data-name=\"mensaje\"><textarea cols=\"100\" rows=\"5\" class=\"wpcf7-form-control wpcf7-textarea\" aria-invalid=\"false\" name=\"mensaje\"><\/textarea><\/span>\n<\/p>\n<p>&nbsp;\n<\/p>\n<p><input class=\"wpcf7-form-control wpcf7-submit has-spinner\" type=\"submit\" value=\"Enviar\" \/>\n<\/p><div class=\"wpcf7-response-output\" aria-hidden=\"true\"><\/div>\n<\/form>\n<\/div>\n[\/vc_column_inner][vc_column_inner width=&#8221;5\/12&#8243; css=&#8221;.vc_custom_1547827816955{margin-top: -150px !important;background-color: #ffffff !important;}&#8221; offset=&#8221;vc_hidden-sm vc_hidden-xs&#8221;][vc_column_text css=&#8221;.vc_custom_1560283669445{padding-top: 100px !important;padding-bottom: 240px !important;}&#8221;]\n<h2 style=\"text-align: center;\"><strong>Visite la Bienal<\/strong><\/h2>\n<p>&nbsp;<\/p>\n<p style=\"text-align: center;\"><strong>Avenida de los Inmigrantes 1001 &#8211; H3504DMA<\/strong><br \/>\n<strong>Resistencia, Chaco &#8211; Argentina<\/strong><\/p>\n<p>&nbsp;<\/p>\n<p style=\"text-align: center;\">Tel: +54 362 4415020<br \/>\nurunday@bienaldelchaco.com<\/p>\n[\/vc_column_text][\/vc_column_inner][vc_column_inner width=&#8221;1\/12&#8243;][\/vc_column_inner][\/vc_row_inner][vc_empty_space height=&#8221;50px&#8221;][\/vc_column][\/vc_row]\n","protected":false},"excerpt":{"rendered":"<p>[vc_row css_animation=&#8221;&#8221; row_type=&#8221;row&#8221; use_row_as_full_screen_section=&#8221;no&#8221; type=&#8221;full_width&#8221; angled_section=&#8221;no&#8221; text_align=&#8221;left&#8221; background_image_as_pattern=&#8221;without_pattern&#8221; z_index=&#8221;&#8221;][vc_column offset=&#8221;vc_hidden-sm vc_hidden-xs&#8221;][vc_single_image image=&#8221;9030&#8243; img_size=&#8221;full&#8221; qode_css_animation=&#8221;&#8221;][\/vc_column][\/vc_row][vc_row css_animation=&#8221;&#8221; row_type=&#8221;row&#8221; use_row_as_full_screen_section=&#8221;no&#8221; type=&#8221;full_width&#8221; angled_section=&#8221;no&#8221; text_align=&#8221;left&#8221; background_image_as_pattern=&#8221;without_pattern&#8221; z_index=&#8221;&#8221;][vc_column offset=&#8221;vc_hidden-lg vc_hidden-md&#8221;][vc_single_image image=&#8221;9031&#8243; img_size=&#8221;full&#8221; qode_css_animation=&#8221;&#8221;][\/vc_column][\/vc_row][vc_row css_animation=&#8221;&#8221; row_type=&#8221;row&#8221; use_row_as_full_screen_section=&#8221;no&#8221; type=&#8221;grid&#8221; angled_section=&#8221;no&#8221; text_align=&#8221;left&#8221; background_image_as_pattern=&#8221;without_pattern&#8221; z_index=&#8221;&#8221;][vc_column css_animation=&#8221;fadeInLeftBig&#8221;][vc_empty_space height=&#8221;50px&#8221;][vc_column_text]Congreso Internacional de Derecho del Arte[\/vc_column_text][vc_column_text]20 de julio de&#8230;<\/p>\n","protected":false},"author":3,"featured_media":0,"parent":0,"menu_order":0,"comment_status":"closed","ping_status":"closed","template":"full_width.php","meta":{"footnotes":""},"_links":{"self":[{"href":"https:\/\/www.bienaldelchaco.org\/2022\/wp-json\/wp\/v2\/pages\/9029"}],"collection":[{"href":"https:\/\/www.bienaldelchaco.org\/2022\/wp-json\/wp\/v2\/pages"}],"about":[{"href":"https:\/\/www.bienaldelchaco.org\/2022\/wp-json\/wp\/v2\/types\/page"}],"author":[{"embeddable":true,"href":"https:\/\/www.bienaldelchaco.org\/2022\/wp-json\/wp\/v2\/users\/3"}],"replies":[{"embeddable":true,"href":"https:\/\/www.bienaldelchaco.org\/2022\/wp-json\/wp\/v2\/comments?post=9029"}],"version-history":[{"count":32,"href":"https:\/\/www.bienaldelchaco.org\/2022\/wp-json\/wp\/v2\/pages\/9029\/revisions"}],"predecessor-version":[{"id":9965,"href":"https:\/\/www.bienaldelchaco.org\/2022\/wp-json\/wp\/v2\/pages\/9029\/revisions\/9965"}],"wp:attachment":[{"href":"https:\/\/www.bienaldelchaco.org\/2022\/wp-json\/wp\/v2\/media?parent=9029"}],"curies":[{"name":"wp","href":"https:\/\/api.w.org\/{rel}","templated":true}]}}