{"id":9723,"date":"2022-06-29T17:09:37","date_gmt":"2022-06-29T20:09:37","guid":{"rendered":"https:\/\/www.bienaldelchaco.org\/2024\/?post_type=mec-events&#038;p=9723"},"modified":"2024-06-06T12:35:22","modified_gmt":"2024-06-06T15:35:22","slug":"ballet-de-saenz-pena-argentina-del-grito-sagrado-al-pais-de-los-desvelos-representacion-artistica-y-coreografica-de-la-historia-argentina","status":"publish","type":"mec-events","link":"https:\/\/www.bienaldelchaco.org\/2024\/events\/ballet-de-saenz-pena-argentina-del-grito-sagrado-al-pais-de-los-desvelos-representacion-artistica-y-coreografica-de-la-historia-argentina\/","title":{"rendered":"Ballet de Saenz Pe\u00f1a | &#8220;Argentina, del grito sagrado al pa\u00eds de los desvelos&#8221; (Representaci\u00f3n art\u00edstica y coreogr\u00e1fica de la historia argentina)"},"content":{"rendered":"<p>No te pierdas el Ballet de S\u00e1enz Pe\u00f1a con su representaci\u00f3n art\u00edstica \u201cArgentina, del grito sagrado al pa\u00eds de los desvelos\u201d. Disfrut\u00e1 de una fascinante coreograf\u00eda que recorre la historia argentina. \u00a1Te esperamos para vivir esta experiencia \u00fanica de danza y cultura!&#8221;<\/p>\n<p>Predio Bienal | Domo del Centenario<\/p>\n","protected":false},"excerpt":{"rendered":"<p>No te pierdas el Ballet de S\u00e1enz Pe\u00f1a con su representaci\u00f3n art\u00edstica \u201cArgentina, del grito sagrado al pa\u00eds de los desvelos\u201d. Disfrut\u00e1 de una fascinante coreograf\u00eda que recorre la historia argentina. \u00a1Te esperamos para vivir esta experiencia \u00fanica de danza y cultura!&#8221; Predio Bienal |&#8230;<\/p>\n","protected":false},"author":3,"featured_media":0,"comment_status":"closed","ping_status":"closed","template":"","tags":[],"mec_category":[27],"mec_speaker":[],"class_list":["post-9723","mec-events","type-mec-events","status-publish","hentry","mec_category-escenicas"],"_links":{"self":[{"href":"https:\/\/www.bienaldelchaco.org\/2024\/wp-json\/wp\/v2\/mec-events\/9723","targetHints":{"allow":["GET"]}}],"collection":[{"href":"https:\/\/www.bienaldelchaco.org\/2024\/wp-json\/wp\/v2\/mec-events"}],"about":[{"href":"https:\/\/www.bienaldelchaco.org\/2024\/wp-json\/wp\/v2\/types\/mec-events"}],"author":[{"embeddable":true,"href":"https:\/\/www.bienaldelchaco.org\/2024\/wp-json\/wp\/v2\/users\/3"}],"replies":[{"embeddable":true,"href":"https:\/\/www.bienaldelchaco.org\/2024\/wp-json\/wp\/v2\/comments?post=9723"}],"wp:attachment":[{"href":"https:\/\/www.bienaldelchaco.org\/2024\/wp-json\/wp\/v2\/media?parent=9723"}],"wp:term":[{"taxonomy":"post_tag","embeddable":true,"href":"https:\/\/www.bienaldelchaco.org\/2024\/wp-json\/wp\/v2\/tags?post=9723"},{"taxonomy":"mec_category","embeddable":true,"href":"https:\/\/www.bienaldelchaco.org\/2024\/wp-json\/wp\/v2\/mec_category?post=9723"},{"taxonomy":"mec_speaker","embeddable":true,"href":"https:\/\/www.bienaldelchaco.org\/2024\/wp-json\/wp\/v2\/mec_speaker?post=9723"}],"curies":[{"name":"wp","href":"https:\/\/api.w.org\/{rel}","templated":true}]}}