{"id":12261,"date":"2024-04-30T11:48:18","date_gmt":"2024-04-30T14:48:18","guid":{"rendered":"https:\/\/www.bienaldelchaco.org\/2024\/?page_id=12261"},"modified":"2024-07-25T02:42:26","modified_gmt":"2024-07-25T05:42:26","slug":"bienal-de-escultura-anna-korver","status":"publish","type":"page","link":"https:\/\/www.bienaldelchaco.org\/2024\/bienal-de-escultura-anna-korver\/","title":{"rendered":"Bienal de Escultura &#8211; Anna Korver"},"content":{"rendered":"[vc_row css_animation=&#8221;&#8221; row_type=&#8221;row&#8221; use_row_as_full_screen_section=&#8221;no&#8221; type=&#8221;full_width&#8221; angled_section=&#8221;no&#8221; text_align=&#8221;center&#8221; background_image_as_pattern=&#8221;without_pattern&#8221; z_index=&#8221;&#8221;][vc_column offset=&#8221;vc_hidden-xs&#8221;][layerslider_vc id=&#8221;11&#8243;][\/vc_column][\/vc_row][vc_row css_animation=&#8221;&#8221; row_type=&#8221;row&#8221; use_row_as_full_screen_section=&#8221;no&#8221; type=&#8221;full_width&#8221; angled_section=&#8221;no&#8221; text_align=&#8221;center&#8221; background_image_as_pattern=&#8221;without_pattern&#8221; z_index=&#8221;&#8221;][vc_column offset=&#8221;vc_hidden-lg vc_hidden-md vc_hidden-sm&#8221;][layerslider_vc id=&#8221;12&#8243;][\/vc_column][\/vc_row][vc_row css_animation=&#8221;&#8221; row_type=&#8221;row&#8221; use_row_as_full_screen_section=&#8221;no&#8221; type=&#8221;grid&#8221; angled_section=&#8221;no&#8221; text_align=&#8221;left&#8221; background_image_as_pattern=&#8221;without_pattern&#8221; z_index=&#8221;&#8221;][vc_column css_animation=&#8221;fadeInLeftBig&#8221;][vc_empty_space height=&#8221;50px&#8221;][vc_row_inner row_type=&#8221;row&#8221; type=&#8221;full_width&#8221; text_align=&#8221;left&#8221; css_animation=&#8221;&#8221;][vc_column_inner width=&#8221;2\/3&#8243;][vc_column_text]<span style=\"font-family: Muli; font-size: 28px; font-weight: bold; color: #000000;\">Concurso Internacional de Escultura<\/span>[\/vc_column_text][\/vc_column_inner][vc_column_inner width=&#8221;1\/3&#8243;][vc_column_text]\n<p style=\"text-align: right;\"><span style=\"color: #000000;\"><a style=\"color: #000000;\" href=\"https:\/\/www.bienaldelchaco.org\/2024\/bienal-de-escultura\/\"><span style=\"font-family: 'Muli'; font-size: 22px;\">&lt; Volver<\/span><\/a><\/span><\/p>\n[\/vc_column_text][\/vc_column_inner][\/vc_row_inner][vc_column_text]<span style=\"font-family: 'Muli'; font-size: 20px; color: #696969;\">13 al 20 de julio de 2024<\/span>[\/vc_column_text][vc_separator css_animation=&#8221;none&#8221; type=&#8221;small&#8221; position=&#8221;left&#8221; color=&#8221;#000000&#8243; width=&#8221;50&#8243;][vc_empty_space height=&#8221;25px&#8221;][\/vc_column][\/vc_row][vc_row css_animation=&#8221;&#8221; row_type=&#8221;row&#8221; use_row_as_full_screen_section=&#8221;no&#8221; type=&#8221;full_width&#8221; angled_section=&#8221;no&#8221; text_align=&#8221;left&#8221; background_image_as_pattern=&#8221;without_pattern&#8221; z_index=&#8221;&#8221;][vc_column parallax=&#8221;content-moving-fade&#8221; parallax_image=&#8221;12048&#8243; parallax_speed_bg=&#8221;3.5&#8243; css_animation=&#8221;none&#8221;][vc_row_inner row_type=&#8221;row&#8221; type=&#8221;grid&#8221; text_align=&#8221;left&#8221; css_animation=&#8221;&#8221;][vc_column_inner css=&#8221;.vc_custom_1713884337213{padding-left: 20px !important;}&#8221; offset=&#8221;vc_hidden-sm vc_hidden-xs&#8221;][vc_empty_space height=&#8221;50px&#8221;][vc_column_text]\n<h2 style=\"text-align: left; color: #ffffff;\"><strong>Escultores Seleccionados<\/strong><\/h2>\n[\/vc_column_text][vc_separator css_animation=&#8221;none&#8221; type=&#8221;small&#8221; position=&#8221;left&#8221; color=&#8221;#ffffff&#8221; width=&#8221;50&#8243;][vc_empty_space height=&#8221;10px&#8221;][vc_empty_space height=&#8221;60px&#8221;][\/vc_column_inner][\/vc_row_inner][vc_row_inner row_type=&#8221;row&#8221; type=&#8221;grid&#8221; text_align=&#8221;left&#8221; css_animation=&#8221;&#8221;][vc_column_inner css=&#8221;.vc_custom_1713884344908{padding-left: 20px !important;}&#8221; offset=&#8221;vc_hidden-lg vc_hidden-md&#8221;][vc_empty_space height=&#8221;20px&#8221;][vc_column_text]\n<h2 style=\"text-align: left; color: #ffffff;\"><strong>Escultores Seleccionados<\/strong><\/h2>\n[\/vc_column_text][vc_separator css_animation=&#8221;none&#8221; type=&#8221;small&#8221; position=&#8221;left&#8221; color=&#8221;#ffffff&#8221; width=&#8221;50&#8243;][vc_empty_space height=&#8221;40px&#8221;][\/vc_column_inner][\/vc_row_inner][\/vc_column][\/vc_row][vc_row css_animation=&#8221;element_from_bottom&#8221; row_type=&#8221;row&#8221; use_row_as_full_screen_section=&#8221;no&#8221; type=&#8221;full_width&#8221; angled_section=&#8221;no&#8221; text_align=&#8221;left&#8221; background_image_as_pattern=&#8221;without_pattern&#8221; transition_delay=&#8221;1600&#8243; z_index=&#8221;&#8221;][vc_column offset=&#8221;vc_hidden-sm vc_hidden-xs&#8221;][vc_row_inner row_type=&#8221;row&#8221; type=&#8221;grid&#8221; text_align=&#8221;left&#8221; css_animation=&#8221;&#8221;][vc_column_inner width=&#8221;1\/3&#8243;][vc_single_image image=&#8221;12262&#8243; img_size=&#8221;full&#8221; qode_css_animation=&#8221;&#8221;][vc_empty_space height=&#8221;160px&#8221;][vc_column_text]<span style=\"font-family: Arial; font-size: 36px; font-weight: bold; color: #000000;\">Anna<br \/>\nKorver<\/span>[\/vc_column_text][vc_empty_space height=&#8221;10px&#8221;][vc_column_text]\n<h6><em><span style=\"font-size: 28px; font-weight: bold; color: #000000;\">Nueva Zelanda<\/span><\/em><\/h6>\n[\/vc_column_text][vc_empty_space height=&#8221;50px&#8221;][\/vc_column_inner][vc_column_inner width=&#8221;2\/3&#8243; css=&#8221;.vc_custom_1713976524333{margin-top: -35% !important;}&#8221;][vc_single_image image=&#8221;12263&#8243; img_size=&#8221;full&#8221; onclick=&#8221;custom_link&#8221; img_link_target=&#8221;_blank&#8221; qode_css_animation=&#8221;&#8221; link=&#8221;https:\/\/www.instagram.com\/anna.korver&#8221;][\/vc_column_inner][\/vc_row_inner][\/vc_column][\/vc_row][vc_row css_animation=&#8221;element_from_bottom&#8221; row_type=&#8221;row&#8221; use_row_as_full_screen_section=&#8221;no&#8221; type=&#8221;full_width&#8221; angled_section=&#8221;no&#8221; text_align=&#8221;left&#8221; background_image_as_pattern=&#8221;without_pattern&#8221; transition_delay=&#8221;1000&#8243; z_index=&#8221;&#8221;][vc_column offset=&#8221;vc_hidden-lg vc_hidden-md&#8221;][vc_row_inner row_type=&#8221;row&#8221; type=&#8221;grid&#8221; text_align=&#8221;left&#8221; css_animation=&#8221;&#8221;][vc_column_inner width=&#8221;2\/3&#8243; css=&#8221;.vc_custom_1713977901517{margin-top: -12% !important;}&#8221;][vc_single_image image=&#8221;12263&#8243; img_size=&#8221;full&#8221; onclick=&#8221;custom_link&#8221; img_link_target=&#8221;_blank&#8221; qode_css_animation=&#8221;&#8221; link=&#8221;https:\/\/www.instagram.com\/anna.korver&#8221;][\/vc_column_inner][vc_column_inner width=&#8221;1\/3&#8243;][vc_empty_space height=&#8221;50px&#8221;][vc_single_image image=&#8221;12262&#8243; img_size=&#8221;full&#8221; qode_css_animation=&#8221;&#8221;][vc_empty_space height=&#8221;50px&#8221;][vc_column_text]<span style=\"font-family: Arial; font-size: 36px; font-weight: bold; color: #000000;\">Anna<br \/>\nKorver<\/span>[\/vc_column_text][vc_empty_space height=&#8221;10px&#8221;][vc_column_text]\n<h6><em><span style=\"font-size: 28px; font-weight: bold; color: #000000;\">Nueva Zelanda<\/span><\/em><\/h6>\n[\/vc_column_text][vc_empty_space height=&#8221;50px&#8221;][\/vc_column_inner][\/vc_row_inner][\/vc_column][\/vc_row][vc_row css_animation=&#8221;element_from_left&#8221; row_type=&#8221;row&#8221; use_row_as_full_screen_section=&#8221;no&#8221; type=&#8221;full_width&#8221; angled_section=&#8221;no&#8221; text_align=&#8221;left&#8221; background_image_as_pattern=&#8221;without_pattern&#8221; z_index=&#8221;&#8221;][vc_column offset=&#8221;vc_hidden-sm vc_hidden-xs&#8221;][vc_row_inner row_type=&#8221;row&#8221; type=&#8221;grid&#8221; text_align=&#8221;left&#8221; css_animation=&#8221;&#8221;][vc_column_inner width=&#8221;2\/3&#8243;][vc_empty_space][vc_column_text]Naci\u00f3 el 26 de julio de 1980 en la ciudad de New Plymouth,<br \/>\nen el estado de Taranaki.[\/vc_column_text][vc_empty_space][vc_column_text]<span style=\"font-family: Muli; font-size: 20px; font-weight: bold; color: #000000;\">Premios Obtenidos<\/span>[\/vc_column_text][vc_separator css_animation=&#8221;none&#8221; type=&#8221;small&#8221; position=&#8221;left&#8221; color=&#8221;#000000&#8243; width=&#8221;30&#8243; down=&#8221;35&#8243;][vc_column_text]\n<table border=\"0\">\n<tbody>\n<tr>\n<td><img decoding=\"async\" src=\"https:\/\/www.bienaldelchaco.org\/2024\/wp-content\/uploads\/2024\/07\/Mencion.png\" alt=\"\" \/><\/td>\n<td style=\"vertical-align: middle; text-align: left;\"><span style=\"font-family: Muli; font-size: 20px; font-weight: bold; color: #000000;\">Menci\u00f3n \u201cFEMECHACO\u201d<\/span><\/td>\n<\/tr>\n<\/tbody>\n<\/table>\n[\/vc_column_text][vc_empty_space][vc_single_image image=&#8221;12264&#8243; img_size=&#8221;full&#8221; alignment=&#8221;center&#8221; qode_css_animation=&#8221;&#8221;][vc_empty_space][\/vc_column_inner][vc_column_inner width=&#8221;1\/3&#8243;][vc_empty_space][vc_column_text]<strong>Distinciones:<\/strong>[\/vc_column_text][vc_empty_space height=&#8221;12px&#8221;][vc_column_text css=&#8221;.vc_custom_1714488375351{padding-right: 25% !important;}&#8221;]<strong>2021.<\/strong> Primer Premio en el Simposio Internacional de Escultura de Tuwaiq (Arabia Saudita). Finalista del Premio de Escultura \u201cRichard Nelson\u201d de Wellington (Nueva Zelanda). <strong>2018. <\/strong>Finalista en la Exposici\u00f3n Itinerante del Premio Wallace (Nueva Zelanda). <strong>2016.<\/strong> Finalista del Premio Wallace (Nueva Zelanda). <strong>2014. <\/strong>Ganadora del Simposio Internacional de Escultura de Rotorua (Nueva Zelanda). <strong>2012. <\/strong>Primer Premio en el Simposio de Escultura de Whangarei (Nueva Zelanda). <strong>2008. <\/strong>Primer Premio del Simposio de Piedra Dura de Coromandel (Nueva Zelanda). <strong>2007. <\/strong>Premio a la Excelencia de la Fundaci\u00f3n <em>Genevieve Becroft<\/em> y Premio del P\u00fablico en el Concurso de Escultura en Madera.<\/p>\n<p>Ha participado de simposios de escultura en Colombia (2023), Arabia Saudita, Espa\u00f1a y Serbia (2021), Jap\u00f3n (2020), Egipto (2019), Korea (2018), Australia (2016) y Turqu\u00eda (2015), entre otros. Tiene obras p\u00fablicas emplazadas en Colombia, Italia, Egipto, Serbia, Espa\u00f1a, Arabia Saudita, Jap\u00f3n, Om\u00e1n, Eslovenia, Ruman\u00eda, Albania, Montenegro, Chipre, Dinamarca, Turqu\u00eda, Ir\u00e1n, Costa Rica, Argentina y Australia.[\/vc_column_text][vc_empty_space][\/vc_column_inner][\/vc_row_inner][\/vc_column][\/vc_row][vc_row css_animation=&#8221;&#8221; row_type=&#8221;row&#8221; use_row_as_full_screen_section=&#8221;no&#8221; type=&#8221;full_width&#8221; angled_section=&#8221;no&#8221; text_align=&#8221;left&#8221; background_image_as_pattern=&#8221;without_pattern&#8221; transition_delay=&#8221;1000&#8243; z_index=&#8221;&#8221;][vc_column css_animation=&#8221;fadeInLeft&#8221; offset=&#8221;vc_hidden-lg vc_hidden-md&#8221;][vc_row_inner row_type=&#8221;row&#8221; type=&#8221;grid&#8221; text_align=&#8221;left&#8221; css_animation=&#8221;&#8221;][vc_column_inner][vc_empty_space][vc_column_text]Naci\u00f3 el 26 de julio de 1980 en la ciudad de New Plymouth,<br \/>\nen el estado de Taranaki.[\/vc_column_text][vc_empty_space][vc_column_text]<span style=\"font-family: Muli; font-size: 20px; font-weight: bold; color: #000000;\">Premios Obtenidos<\/span>[\/vc_column_text][vc_separator css_animation=&#8221;none&#8221; type=&#8221;small&#8221; position=&#8221;left&#8221; color=&#8221;#000000&#8243; width=&#8221;30&#8243; down=&#8221;35&#8243;][vc_column_text]\n<table border=\"0\">\n<tbody>\n<tr>\n<td><img decoding=\"async\" src=\"https:\/\/www.bienaldelchaco.org\/2024\/wp-content\/uploads\/2024\/07\/Mencion.png\" alt=\"\" \/><\/td>\n<td style=\"vertical-align: middle; text-align: left;\"><span style=\"font-family: Muli; font-size: 20px; font-weight: bold; color: #000000;\">Menci\u00f3n \u201cFEMECHACO\u201d<\/span><\/td>\n<\/tr>\n<\/tbody>\n<\/table>\n[\/vc_column_text][vc_empty_space][vc_column_text]<strong>Distinciones:<\/strong>[\/vc_column_text][vc_empty_space height=&#8221;12px&#8221;][vc_column_text css=&#8221;.vc_custom_1714488445384{padding-right: 25% !important;}&#8221;]<strong>2021.<\/strong> Primer Premio en el Simposio Internacional de Escultura de Tuwaiq (Arabia Saudita). Finalista del Premio de Escultura \u201cRichard Nelson\u201d de Wellington (Nueva Zelanda). <strong>2018. <\/strong>Finalista en la Exposici\u00f3n Itinerante del Premio Wallace (Nueva Zelanda). <strong>2016.<\/strong> Finalista del Premio Wallace (Nueva Zelanda). <strong>2014. <\/strong>Ganadora del Simposio Internacional de Escultura de Rotorua (Nueva Zelanda). <strong>2012. <\/strong>Primer Premio en el Simposio de Escultura de Whangarei (Nueva Zelanda). <strong>2008. <\/strong>Primer Premio del Simposio de Piedra Dura de Coromandel (Nueva Zelanda). <strong>2007. <\/strong>Premio a la Excelencia de la Fundaci\u00f3n <em>Genevieve Becroft<\/em> y Premio del P\u00fablico en el Concurso de Escultura en Madera.<\/p>\n<p>Ha participado de simposios de escultura en Colombia (2023), Arabia Saudita, Espa\u00f1a y Serbia (2021), Jap\u00f3n (2020), Egipto (2019), Korea (2018), Australia (2016) y Turqu\u00eda (2015), entre otros. Tiene obras p\u00fablicas emplazadas en Colombia, Italia, Egipto, Serbia, Espa\u00f1a, Arabia Saudita, Jap\u00f3n, Om\u00e1n, Eslovenia, Ruman\u00eda, Albania, Montenegro, Chipre, Dinamarca, Turqu\u00eda, Ir\u00e1n, Costa Rica, Argentina y Australia.[\/vc_column_text][vc_empty_space][vc_single_image image=&#8221;12264&#8243; img_size=&#8221;full&#8221; alignment=&#8221;center&#8221; qode_css_animation=&#8221;&#8221;][vc_empty_space][\/vc_column_inner][\/vc_row_inner][\/vc_column][\/vc_row][vc_row css_animation=&#8221;&#8221; row_type=&#8221;row&#8221; use_row_as_full_screen_section=&#8221;no&#8221; type=&#8221;grid&#8221; angled_section=&#8221;no&#8221; text_align=&#8221;left&#8221; background_image_as_pattern=&#8221;without_pattern&#8221; z_index=&#8221;&#8221;][vc_column css_animation=&#8221;fadeInLeftBig&#8221;][vc_empty_space height=&#8221;50px&#8221;][vc_column_text]<span style=\"font-family: Muli; font-size: 20px; font-weight: bold; color: #000000;\">Proyecto<\/span>[\/vc_column_text][vc_separator css_animation=&#8221;none&#8221; type=&#8221;small&#8221; position=&#8221;left&#8221; color=&#8221;#000000&#8243; width=&#8221;30&#8243; down=&#8221;35&#8243;][vc_column_text]\n<h6><em><span style=\"font-size: 45px; font-weight: 300; color: #000000;\">Mensaje<\/span><\/em><\/h6>\n[\/vc_column_text][vc_empty_space height=&#8221;30px&#8221;][vc_row_inner row_type=&#8221;row&#8221; type=&#8221;grid&#8221; text_align=&#8221;left&#8221; css_animation=&#8221;&#8221;][vc_column_inner width=&#8221;2\/3&#8243;][vc_column_text]\n<p style=\"text-align: left; padding-bottom: 10px;\">Una obra sobre el paisaje on\u00edrico. Toma la forma abstracta surrealista de un dardo de papel y recuerda al espectador un sentimiento de infancia. Recuerda la sensaci\u00f3n de so\u00f1ar y enviarla como un deseo. La obra utiliza el s\u00edmbolo del dardo de papel y que recuerda el juego infantil de intentar volar un avi\u00f3n de papel lo m\u00e1s lejos que puedas. Se trata de volar, de esperar y de enviar un deseo a tu yo futuro como la proyecci\u00f3n de un sue\u00f1o. Quiz\u00e1s sea un lugar al que desea viajar, una persona que desea ver&#8230; es algo que el espectador debe imaginar. La superficie est\u00e1 facetada, lo que para m\u00ed representa algo m\u00e1gico y alejado de la normalidad de la vida cotidiana.<\/p>\n[\/vc_column_text][\/vc_column_inner][vc_column_inner width=&#8221;1\/3&#8243;][\/vc_column_inner][\/vc_row_inner][vc_empty_space height=&#8221;95px&#8221;][\/vc_column][\/vc_row][vc_row css_animation=&#8221;&#8221; row_type=&#8221;row&#8221; use_row_as_full_screen_section=&#8221;no&#8221; type=&#8221;full_width&#8221; angled_section=&#8221;no&#8221; text_align=&#8221;left&#8221; background_image_as_pattern=&#8221;without_pattern&#8221;][vc_column][vc_row_inner row_type=&#8221;row&#8221; type=&#8221;grid&#8221; text_align=&#8221;left&#8221; css_animation=&#8221;&#8221;][vc_column_inner][vc_column_text]<span style=\"font-family: Muli; font-size: 20px; font-weight: bold; color: #000000;\">Galer\u00eda de Im\u00e1genes<\/span>[\/vc_column_text][vc_separator css_animation=&#8221;none&#8221; type=&#8221;small&#8221; position=&#8221;left&#8221; color=&#8221;#000000&#8243; width=&#8221;30&#8243; down=&#8221;35&#8243;][vc_empty_space height=&#8221;20px&#8221;][vc_column_text]<div class=\"uig-img-viewer uig-img-viewer-13694\" gallery_id=\"13694\">\r\n\t<style>\r\n\t\t.uig-img-viewer.uig-img-viewer-13694 .uig_gallery_images .uig-gallery-item {\r\n\t\t\tborder-radius: 0px;\r\n\t\t}\r\n\t<\/style>\r\n\t\t<div class=\"uig-image-gallery-wrapper\">\r\n\t\t\t\t<div id=\"uig_gallery_images_13694\" class=\"uig_gallery_images uig_zoom_gallery uig_masonry_layout three-column five-px\">\r\n\t\t\t\t\t\t\t\t\t<div class=\"uig-gallery-item uig-masonry-gallery-item \">\r\n\t<img decoding=\"async\" src=\"https:\/\/www.bienaldelchaco.org\/2024\/wp-content\/uploads\/2024\/07\/bienal-2024-nueva-zelanda-8.jpg\" alt=\"\">\r\n\t\t<\/div><div class=\"uig-gallery-item uig-masonry-gallery-item \">\r\n\t<img decoding=\"async\" src=\"https:\/\/www.bienaldelchaco.org\/2024\/wp-content\/uploads\/2024\/07\/bienal-2024-nueva-zelanda-9.jpg\" alt=\"\">\r\n\t\t<\/div><div class=\"uig-gallery-item uig-masonry-gallery-item \">\r\n\t<img decoding=\"async\" src=\"https:\/\/www.bienaldelchaco.org\/2024\/wp-content\/uploads\/2024\/07\/bienal-2024-nueva-zelanda-6.jpg\" alt=\"\">\r\n\t\t<\/div><div class=\"uig-gallery-item uig-masonry-gallery-item \">\r\n\t<img decoding=\"async\" src=\"https:\/\/www.bienaldelchaco.org\/2024\/wp-content\/uploads\/2024\/07\/bienal-2024-nueva-zelanda-7.jpg\" alt=\"\">\r\n\t\t<\/div><div class=\"uig-gallery-item uig-masonry-gallery-item \">\r\n\t<img decoding=\"async\" src=\"https:\/\/www.bienaldelchaco.org\/2024\/wp-content\/uploads\/2024\/07\/bienal-2024-nueva-zelanda-4.jpg\" alt=\"\">\r\n\t\t<\/div><div class=\"uig-gallery-item uig-masonry-gallery-item \">\r\n\t<img decoding=\"async\" src=\"https:\/\/www.bienaldelchaco.org\/2024\/wp-content\/uploads\/2024\/07\/bienal-2024-nueva-zelanda-5.jpg\" alt=\"\">\r\n\t\t<\/div><div class=\"uig-gallery-item uig-masonry-gallery-item \">\r\n\t<img decoding=\"async\" src=\"https:\/\/www.bienaldelchaco.org\/2024\/wp-content\/uploads\/2024\/07\/bienal-2024-nueva-zelanda-3.jpg\" alt=\"\">\r\n\t\t<\/div><div class=\"uig-gallery-item uig-masonry-gallery-item \">\r\n\t<img decoding=\"async\" src=\"https:\/\/www.bienaldelchaco.org\/2024\/wp-content\/uploads\/2024\/07\/bienal-2024-nueva-zelanda-25.jpg\" alt=\"\">\r\n\t\t<\/div><div class=\"uig-gallery-item uig-masonry-gallery-item \">\r\n\t<img decoding=\"async\" src=\"https:\/\/www.bienaldelchaco.org\/2024\/wp-content\/uploads\/2024\/07\/bienal-2024-nueva-zelanda-24.jpg\" alt=\"\">\r\n\t\t<\/div><div class=\"uig-gallery-item uig-masonry-gallery-item \">\r\n\t<img decoding=\"async\" src=\"https:\/\/www.bienaldelchaco.org\/2024\/wp-content\/uploads\/2024\/07\/bienal-2024-nueva-zelanda-22.jpg\" alt=\"\">\r\n\t\t<\/div><div class=\"uig-gallery-item uig-masonry-gallery-item \">\r\n\t<img decoding=\"async\" src=\"https:\/\/www.bienaldelchaco.org\/2024\/wp-content\/uploads\/2024\/07\/bienal-2024-nueva-zelanda-23.jpg\" alt=\"\">\r\n\t\t<\/div><div class=\"uig-gallery-item uig-masonry-gallery-item \">\r\n\t<img decoding=\"async\" src=\"https:\/\/www.bienaldelchaco.org\/2024\/wp-content\/uploads\/2024\/07\/bienal-2024-nueva-zelanda-20.jpg\" alt=\"\">\r\n\t\t<\/div><div class=\"uig-gallery-item uig-masonry-gallery-item \">\r\n\t<img decoding=\"async\" src=\"https:\/\/www.bienaldelchaco.org\/2024\/wp-content\/uploads\/2024\/07\/bienal-2024-nueva-zelanda-21.jpg\" alt=\"\">\r\n\t\t<\/div><div class=\"uig-gallery-item uig-masonry-gallery-item \">\r\n\t<img decoding=\"async\" src=\"https:\/\/www.bienaldelchaco.org\/2024\/wp-content\/uploads\/2024\/07\/bienal-2024-nueva-zelanda-21.jpg\" alt=\"\">\r\n\t\t<\/div><div class=\"uig-gallery-item uig-masonry-gallery-item \">\r\n\t<img decoding=\"async\" src=\"https:\/\/www.bienaldelchaco.org\/2024\/wp-content\/uploads\/2024\/07\/bienal-2024-nueva-zelanda-2.jpg\" alt=\"\">\r\n\t\t<\/div><div class=\"uig-gallery-item uig-masonry-gallery-item \">\r\n\t<img decoding=\"async\" src=\"https:\/\/www.bienaldelchaco.org\/2024\/wp-content\/uploads\/2024\/07\/bienal-2024-nueva-zelanda-19.jpg\" alt=\"\">\r\n\t\t<\/div><div class=\"uig-gallery-item uig-masonry-gallery-item \">\r\n\t<img decoding=\"async\" src=\"https:\/\/www.bienaldelchaco.org\/2024\/wp-content\/uploads\/2024\/07\/bienal-2024-nueva-zelanda-17.jpg\" alt=\"\">\r\n\t\t<\/div><div class=\"uig-gallery-item uig-masonry-gallery-item \">\r\n\t<img decoding=\"async\" src=\"https:\/\/www.bienaldelchaco.org\/2024\/wp-content\/uploads\/2024\/07\/bienal-2024-nueva-zelanda-18.jpg\" alt=\"\">\r\n\t\t<\/div><div class=\"uig-gallery-item uig-masonry-gallery-item \">\r\n\t<img decoding=\"async\" src=\"https:\/\/www.bienaldelchaco.org\/2024\/wp-content\/uploads\/2024\/07\/bienal-2024-nueva-zelanda-14.jpg\" alt=\"\">\r\n\t\t<\/div><div class=\"uig-gallery-item uig-masonry-gallery-item \">\r\n\t<img decoding=\"async\" src=\"https:\/\/www.bienaldelchaco.org\/2024\/wp-content\/uploads\/2024\/07\/bienal-2024-nueva-zelanda-15.jpg\" alt=\"\">\r\n\t\t<\/div><div class=\"uig-gallery-item uig-masonry-gallery-item \">\r\n\t<img decoding=\"async\" src=\"https:\/\/www.bienaldelchaco.org\/2024\/wp-content\/uploads\/2024\/07\/bienal-2024-nueva-zelanda-16.jpg\" alt=\"\">\r\n\t\t<\/div><div class=\"uig-gallery-item uig-masonry-gallery-item \">\r\n\t<img decoding=\"async\" src=\"https:\/\/www.bienaldelchaco.org\/2024\/wp-content\/uploads\/2024\/07\/bienal-2024-nueva-zelanda-13.jpg\" alt=\"\">\r\n\t\t<\/div><div class=\"uig-gallery-item uig-masonry-gallery-item \">\r\n\t<img decoding=\"async\" src=\"https:\/\/www.bienaldelchaco.org\/2024\/wp-content\/uploads\/2024\/07\/bienal-2024-nueva-zelanda-10.jpg\" alt=\"\">\r\n\t\t<\/div><div class=\"uig-gallery-item uig-masonry-gallery-item \">\r\n\t<img decoding=\"async\" src=\"https:\/\/www.bienaldelchaco.org\/2024\/wp-content\/uploads\/2024\/07\/bienal-2024-nueva-zelanda-11.jpg\" alt=\"\">\r\n\t\t<\/div><div class=\"uig-gallery-item uig-masonry-gallery-item \">\r\n\t<img decoding=\"async\" src=\"https:\/\/www.bienaldelchaco.org\/2024\/wp-content\/uploads\/2024\/07\/bienal-2024-nueva-zelanda-12.jpg\" alt=\"\">\r\n\t\t<\/div><div class=\"uig-gallery-item uig-masonry-gallery-item \">\r\n\t<img decoding=\"async\" src=\"https:\/\/www.bienaldelchaco.org\/2024\/wp-content\/uploads\/2024\/07\/bienal-2024-nueva-zelanda-1.jpg\" alt=\"\">\r\n\t\t<\/div>\t\t<\/div>\r\n\t<\/div>\r\n<\/div>[\/vc_column_text][\/vc_column_inner][\/vc_row_inner][vc_empty_space height=&#8221;150px&#8221;][\/vc_column][\/vc_row]\n","protected":false},"excerpt":{"rendered":"<p>[vc_row css_animation=&#8221;&#8221; row_type=&#8221;row&#8221; use_row_as_full_screen_section=&#8221;no&#8221; type=&#8221;full_width&#8221; angled_section=&#8221;no&#8221; text_align=&#8221;center&#8221; background_image_as_pattern=&#8221;without_pattern&#8221; z_index=&#8221;&#8221;][vc_column offset=&#8221;vc_hidden-xs&#8221;][layerslider_vc id=&#8221;11&#8243;][\/vc_column][\/vc_row][vc_row css_animation=&#8221;&#8221; row_type=&#8221;row&#8221; use_row_as_full_screen_section=&#8221;no&#8221; type=&#8221;full_width&#8221; angled_section=&#8221;no&#8221; text_align=&#8221;center&#8221; background_image_as_pattern=&#8221;without_pattern&#8221; z_index=&#8221;&#8221;][vc_column offset=&#8221;vc_hidden-lg vc_hidden-md vc_hidden-sm&#8221;][layerslider_vc id=&#8221;12&#8243;][\/vc_column][\/vc_row][vc_row css_animation=&#8221;&#8221; row_type=&#8221;row&#8221; use_row_as_full_screen_section=&#8221;no&#8221; type=&#8221;grid&#8221; angled_section=&#8221;no&#8221; text_align=&#8221;left&#8221; background_image_as_pattern=&#8221;without_pattern&#8221; z_index=&#8221;&#8221;][vc_column css_animation=&#8221;fadeInLeftBig&#8221;][vc_empty_space height=&#8221;50px&#8221;][vc_row_inner row_type=&#8221;row&#8221; type=&#8221;full_width&#8221; text_align=&#8221;left&#8221; css_animation=&#8221;&#8221;][vc_column_inner width=&#8221;2\/3&#8243;][vc_column_text]Concurso Internacional de Escultura[\/vc_column_text][\/vc_column_inner][vc_column_inner width=&#8221;1\/3&#8243;][vc_column_text] &lt; Volver [\/vc_column_text][\/vc_column_inner][\/vc_row_inner][vc_column_text]13&#8230;<\/p>\n","protected":false},"author":3,"featured_media":0,"parent":0,"menu_order":0,"comment_status":"closed","ping_status":"closed","template":"full_width.php","meta":{"footnotes":""},"class_list":["post-12261","page","type-page","status-publish","hentry"],"_links":{"self":[{"href":"https:\/\/www.bienaldelchaco.org\/2024\/wp-json\/wp\/v2\/pages\/12261","targetHints":{"allow":["GET"]}}],"collection":[{"href":"https:\/\/www.bienaldelchaco.org\/2024\/wp-json\/wp\/v2\/pages"}],"about":[{"href":"https:\/\/www.bienaldelchaco.org\/2024\/wp-json\/wp\/v2\/types\/page"}],"author":[{"embeddable":true,"href":"https:\/\/www.bienaldelchaco.org\/2024\/wp-json\/wp\/v2\/users\/3"}],"replies":[{"embeddable":true,"href":"https:\/\/www.bienaldelchaco.org\/2024\/wp-json\/wp\/v2\/comments?post=12261"}],"version-history":[{"count":5,"href":"https:\/\/www.bienaldelchaco.org\/2024\/wp-json\/wp\/v2\/pages\/12261\/revisions"}],"predecessor-version":[{"id":13813,"href":"https:\/\/www.bienaldelchaco.org\/2024\/wp-json\/wp\/v2\/pages\/12261\/revisions\/13813"}],"wp:attachment":[{"href":"https:\/\/www.bienaldelchaco.org\/2024\/wp-json\/wp\/v2\/media?parent=12261"}],"curies":[{"name":"wp","href":"https:\/\/api.w.org\/{rel}","templated":true}]}}