{"id":9600,"date":"2022-06-22T18:51:46","date_gmt":"2022-06-22T21:51:46","guid":{"rendered":"https:\/\/www.bienaldelchaco.org\/2024\/?page_id=9600"},"modified":"2024-07-14T20:11:31","modified_gmt":"2024-07-14T23:11:31","slug":"agenda","status":"publish","type":"page","link":"https:\/\/www.bienaldelchaco.org\/2024\/agenda\/","title":{"rendered":"Agenda"},"content":{"rendered":"[vc_row css_animation=&#8221;&#8221; row_type=&#8221;row&#8221; use_row_as_full_screen_section=&#8221;no&#8221; type=&#8221;full_width&#8221; angled_section=&#8221;no&#8221; text_align=&#8221;left&#8221; background_image_as_pattern=&#8221;without_pattern&#8221;][vc_column][vc_row_inner row_type=&#8221;row&#8221; type=&#8221;full_width&#8221; text_align=&#8221;left&#8221; css_animation=&#8221;&#8221;][vc_column_inner offset=&#8221;vc_hidden-sm vc_hidden-xs&#8221;][layerslider_vc id=&#8221;33&#8243;][\/vc_column_inner][\/vc_row_inner][vc_row_inner row_type=&#8221;row&#8221; type=&#8221;full_width&#8221; text_align=&#8221;left&#8221; css_animation=&#8221;&#8221;][vc_column_inner offset=&#8221;vc_hidden-lg vc_hidden-md&#8221;][layerslider_vc id=&#8221;34&#8243;][\/vc_column_inner][\/vc_row_inner][\/vc_column][\/vc_row][vc_row css_animation=&#8221;&#8221; row_type=&#8221;row&#8221; use_row_as_full_screen_section=&#8221;no&#8221; type=&#8221;full_width&#8221; angled_section=&#8221;no&#8221; text_align=&#8221;left&#8221; background_image_as_pattern=&#8221;without_pattern&#8221;][vc_column][vc_empty_space height=&#8221;80px&#8221;][vc_row_inner row_type=&#8221;row&#8221; type=&#8221;grid&#8221; text_align=&#8221;left&#8221; css_animation=&#8221;&#8221;][vc_column_inner width=&#8221;1\/5&#8243;]<a  itemprop=\"url\" href=\"https:\/\/www.bienaldelchaco.org\/2024\/wp-content\/uploads\/2024\/07\/Bienal-Del-Chaco-2024-Agenda.pdf\" target=\"_blank\" data-hover-background-color=#000000 data-hover-border-color=#000000 data-hover-color=#ffffff class=\"qbutton  default\" style=\"color: #000000; border-color: #000000; border-radius: 30px;-moz-border-radius: 30px;-webkit-border-radius: 30px; background-color: #ffffff;\">Descargar Agenda<\/a>[vc_empty_space][\/vc_column_inner][vc_column_inner width=&#8221;1\/5&#8243;]<a  itemprop=\"url\" href=\"#predio\" target=\"_self\" data-hover-background-color=#000000 data-hover-border-color=#000000 data-hover-color=#ffffff class=\"qbutton  default\" style=\"color: #000000; border-color: #000000; border-radius: 30px;-moz-border-radius: 30px;-webkit-border-radius: 30px; background-color: #ffffff;\">Ver Mapa del Predio<\/a>[\/vc_column_inner][vc_column_inner width=&#8221;1\/5&#8243;][\/vc_column_inner][vc_column_inner width=&#8221;1\/5&#8243;][\/vc_column_inner][vc_column_inner width=&#8221;1\/5&#8243;][\/vc_column_inner][\/vc_row_inner][\/vc_column][\/vc_row][vc_row css_animation=&#8221;&#8221; row_type=&#8221;row&#8221; use_row_as_full_screen_section=&#8221;no&#8221; type=&#8221;full_width&#8221; angled_section=&#8221;no&#8221; text_align=&#8221;left&#8221; background_image_as_pattern=&#8221;without_pattern&#8221;][vc_column][vc_empty_space][vc_row_inner row_type=&#8221;row&#8221; type=&#8221;grid&#8221; text_align=&#8221;left&#8221; css_animation=&#8221;&#8221;][vc_column_inner][vc_column_text]<div id=\"mec_skin_9617\" class=\"mec-wrap colorskin-custom  \">\r\n\r\n    <form id=\"mec_search_form_9617\" class=\"mec-search-form mec-totalcal-box mec-dropdown-classic\" autocomplete=\"off\"><div class=\"mec-dropdown-wrap\" style=\"display: none;\"><\/div><div class=\"mec-text-input-search\"><i class=\"mec-sl-magnifier\"><\/i>\r\n                    <input type=\"search\" value=\"\" id=\"mec_sf_s_9617\" placeholder=\"Buscar evento...\" title=\"Buscar evento...\" \/>\r\n                <\/div><\/form>\r\n    <div class=\"mec-calendar mec-box-calendar\" id=\"mec_skin_events_9617_full\">\r\n        <div class=\"mec-calendar-topsec\">        <div class=\"mec-calendar-side mec-clear\">\r\n                        <div class=\"mec-skin-monthly-view-month-navigator-container\">\r\n                <div class=\"mec-month-navigator\" id=\"mec_month_navigator_9617_202407\"><div class=\"mec-previous-month mec-load-month mec-previous-month\" data-mec-year=\"2024\" data-mec-month=\"06\"><a href=\"#\" class=\"mec-load-month-link\"><i class=\"mec-sl-angle-left\"><\/i> junio<\/a><\/div><div class=\"mec-calendar-header\"><h2>julio 2024<\/h2><\/div><div class=\"mec-next-month mec-load-month mec-next-month\" data-mec-year=\"2024\" data-mec-month=\"08\"><a href=\"#\" class=\"mec-load-month-link\">agosto <i class=\"mec-sl-angle-right\"><\/i><\/a><\/div><\/div>\r\n            <\/div>\r\n            \r\n            <div class=\"mec-calendar-table\" id=\"mec_skin_events_9617\">\r\n                <div class=\"mec-month-container mec-month-container-selected\" id=\"mec_monthly_view_month_9617_202407\" data-month-id=\"202407\"><dl class=\"mec-calendar-table-head\"><dt class=\"mec-calendar-day-head\">LU<\/dt><dt class=\"mec-calendar-day-head\">MA<\/dt><dt class=\"mec-calendar-day-head\">MI<\/dt><dt class=\"mec-calendar-day-head\">JU<\/dt><dt class=\"mec-calendar-day-head\">VI<\/dt><dt class=\"mec-calendar-day-head\">SA<\/dt><dt class=\"mec-calendar-day-head\">DO<\/dt><\/dl><dl class=\"mec-calendar-row\">\r\n    <dt class=\"mec-calendar-day  mec-selected-day\" data-mec-cell=\"20240701\" data-day=\"1\" data-month=\"202407\">1<\/dt><\/dt><dt class=\"mec-calendar-day \" data-mec-cell=\"20240702\" data-day=\"2\" data-month=\"202407\">2<\/dt><\/dt><dt class=\"mec-calendar-day \" data-mec-cell=\"20240703\" data-day=\"3\" data-month=\"202407\">3<\/dt><\/dt><dt class=\"mec-calendar-day \" data-mec-cell=\"20240704\" data-day=\"4\" data-month=\"202407\">4<\/dt><\/dt><dt class=\"mec-calendar-day \" data-mec-cell=\"20240705\" data-day=\"5\" data-month=\"202407\">5<\/dt><\/dt><dt class=\"mec-calendar-day \" data-mec-cell=\"20240706\" data-day=\"6\" data-month=\"202407\">6<\/dt><\/dt><dt class=\"mec-calendar-day \" data-mec-cell=\"20240707\" data-day=\"7\" data-month=\"202407\">7<\/dt><\/dt><\/dl><dl class=\"mec-calendar-row\"><dt class=\"mec-calendar-day \" data-mec-cell=\"20240708\" data-day=\"8\" data-month=\"202407\">8<\/dt><\/dt><dt class=\"mec-calendar-day \" data-mec-cell=\"20240709\" data-day=\"9\" data-month=\"202407\">9<\/dt><\/dt><dt class=\"mec-calendar-day \" data-mec-cell=\"20240710\" data-day=\"10\" data-month=\"202407\">10<\/dt><\/dt><dt class=\"mec-calendar-day \" data-mec-cell=\"20240711\" data-day=\"11\" data-month=\"202407\">11<\/dt><\/dt><dt class=\"mec-calendar-day mec-has-event \" data-mec-cell=\"20240712\" data-day=\"12\" data-month=\"202407\"><a href=\"#\" class=\"mec-has-event-a\">12<\/a><\/dt><\/dt><dt class=\"mec-calendar-day mec-has-event \" data-mec-cell=\"20240713\" data-day=\"13\" data-month=\"202407\"><a href=\"#\" class=\"mec-has-event-a\">13<\/a><\/dt><\/dt><dt class=\"mec-calendar-day mec-has-event \" data-mec-cell=\"20240714\" data-day=\"14\" data-month=\"202407\"><a href=\"#\" class=\"mec-has-event-a\">14<\/a><\/dt><\/dt><\/dl><dl class=\"mec-calendar-row\"><dt class=\"mec-calendar-day mec-has-event \" data-mec-cell=\"20240715\" data-day=\"15\" data-month=\"202407\"><a href=\"#\" class=\"mec-has-event-a\">15<\/a><\/dt><\/dt><dt class=\"mec-calendar-day mec-has-event \" data-mec-cell=\"20240716\" data-day=\"16\" data-month=\"202407\"><a href=\"#\" class=\"mec-has-event-a\">16<\/a><\/dt><\/dt><dt class=\"mec-calendar-day mec-has-event \" data-mec-cell=\"20240717\" data-day=\"17\" data-month=\"202407\"><a href=\"#\" class=\"mec-has-event-a\">17<\/a><\/dt><\/dt><dt class=\"mec-calendar-day mec-has-event \" data-mec-cell=\"20240718\" data-day=\"18\" data-month=\"202407\"><a href=\"#\" class=\"mec-has-event-a\">18<\/a><\/dt><\/dt><dt class=\"mec-calendar-day mec-has-event \" data-mec-cell=\"20240719\" data-day=\"19\" data-month=\"202407\"><a href=\"#\" class=\"mec-has-event-a\">19<\/a><\/dt><\/dt><dt class=\"mec-calendar-day mec-has-event \" data-mec-cell=\"20240720\" data-day=\"20\" data-month=\"202407\"><a href=\"#\" class=\"mec-has-event-a\">20<\/a><\/dt><\/dt><dt class=\"mec-calendar-day mec-has-event \" data-mec-cell=\"20240721\" data-day=\"21\" data-month=\"202407\"><a href=\"#\" class=\"mec-has-event-a\">21<\/a><\/dt><\/dt><\/dl><dl class=\"mec-calendar-row\"><dt class=\"mec-calendar-day \" data-mec-cell=\"20240722\" data-day=\"22\" data-month=\"202407\">22<\/dt><\/dt><dt class=\"mec-calendar-day \" data-mec-cell=\"20240723\" data-day=\"23\" data-month=\"202407\">23<\/dt><\/dt><dt class=\"mec-calendar-day \" data-mec-cell=\"20240724\" data-day=\"24\" data-month=\"202407\">24<\/dt><\/dt><dt class=\"mec-calendar-day \" data-mec-cell=\"20240725\" data-day=\"25\" data-month=\"202407\">25<\/dt><\/dt><dt class=\"mec-calendar-day \" data-mec-cell=\"20240726\" data-day=\"26\" data-month=\"202407\">26<\/dt><\/dt><dt class=\"mec-calendar-day \" data-mec-cell=\"20240727\" data-day=\"27\" data-month=\"202407\">27<\/dt><\/dt><dt class=\"mec-calendar-day \" data-mec-cell=\"20240728\" data-day=\"28\" data-month=\"202407\">28<\/dt><\/dt><\/dl><dl class=\"mec-calendar-row\"><dt class=\"mec-calendar-day \" data-mec-cell=\"20240729\" data-day=\"29\" data-month=\"202407\">29<\/dt><\/dt><dt class=\"mec-calendar-day \" data-mec-cell=\"20240730\" data-day=\"30\" data-month=\"202407\">30<\/dt><\/dt><dt class=\"mec-calendar-day \" data-mec-cell=\"20240731\" data-day=\"31\" data-month=\"202407\">31<\/dt><\/dt><dt class=\"mec-table-nullday\">1<\/dt><dt class=\"mec-table-nullday\">2<\/dt><dt class=\"mec-table-nullday\">3<\/dt><dt class=\"mec-table-nullday\">4<\/dt><\/dl>\r\n<\/div>\r\n            <\/div>\r\n\r\n                    <\/div>\r\n        <div class=\"mec-calendar-events-side mec-clear\"><div class=\"mec-month-side\" id=\"mec_month_side_9617_202407\"><div class=\"mec-calendar-events-sec\" id=\"mec-calendar-events-sec-9617-20240701\" data-mec-cell=\"20240701\"  style=\"display: block;\"><h6 class=\"mec-table-side-title\">Events for <span class=\"mec-color mec-table-side-day\"> 1<\/span> julio<\/h6><article class=\"mec-event-article\"><div class=\"mec-event-detail\">No Events<\/div><\/article><\/div><div class=\"mec-calendar-events-sec\" id=\"mec-calendar-events-sec-9617-20240702\" data-mec-cell=\"20240702\" ><h6 class=\"mec-table-side-title\">Events for <span class=\"mec-color mec-table-side-day\"> 2<\/span> julio<\/h6><article class=\"mec-event-article\"><div class=\"mec-event-detail\">No Events<\/div><\/article><\/div><div class=\"mec-calendar-events-sec\" id=\"mec-calendar-events-sec-9617-20240703\" data-mec-cell=\"20240703\" ><h6 class=\"mec-table-side-title\">Events for <span class=\"mec-color mec-table-side-day\"> 3<\/span> julio<\/h6><article class=\"mec-event-article\"><div class=\"mec-event-detail\">No Events<\/div><\/article><\/div><div class=\"mec-calendar-events-sec\" id=\"mec-calendar-events-sec-9617-20240704\" data-mec-cell=\"20240704\" ><h6 class=\"mec-table-side-title\">Events for <span class=\"mec-color mec-table-side-day\"> 4<\/span> julio<\/h6><article class=\"mec-event-article\"><div class=\"mec-event-detail\">No Events<\/div><\/article><\/div><div class=\"mec-calendar-events-sec\" id=\"mec-calendar-events-sec-9617-20240705\" data-mec-cell=\"20240705\" ><h6 class=\"mec-table-side-title\">Events for <span class=\"mec-color mec-table-side-day\"> 5<\/span> julio<\/h6><article class=\"mec-event-article\"><div class=\"mec-event-detail\">No Events<\/div><\/article><\/div><div class=\"mec-calendar-events-sec\" id=\"mec-calendar-events-sec-9617-20240706\" data-mec-cell=\"20240706\" ><h6 class=\"mec-table-side-title\">Events for <span class=\"mec-color mec-table-side-day\"> 6<\/span> julio<\/h6><article class=\"mec-event-article\"><div class=\"mec-event-detail\">No Events<\/div><\/article><\/div><div class=\"mec-calendar-events-sec\" id=\"mec-calendar-events-sec-9617-20240707\" data-mec-cell=\"20240707\" ><h6 class=\"mec-table-side-title\">Events for <span class=\"mec-color mec-table-side-day\"> 7<\/span> julio<\/h6><article class=\"mec-event-article\"><div class=\"mec-event-detail\">No Events<\/div><\/article><\/div><div class=\"mec-calendar-events-sec\" id=\"mec-calendar-events-sec-9617-20240708\" data-mec-cell=\"20240708\" ><h6 class=\"mec-table-side-title\">Events for <span class=\"mec-color mec-table-side-day\"> 8<\/span> julio<\/h6><article class=\"mec-event-article\"><div class=\"mec-event-detail\">No Events<\/div><\/article><\/div><div class=\"mec-calendar-events-sec\" id=\"mec-calendar-events-sec-9617-20240709\" data-mec-cell=\"20240709\" ><h6 class=\"mec-table-side-title\">Events for <span class=\"mec-color mec-table-side-day\"> 9<\/span> julio<\/h6><article class=\"mec-event-article\"><div class=\"mec-event-detail\">No Events<\/div><\/article><\/div><div class=\"mec-calendar-events-sec\" id=\"mec-calendar-events-sec-9617-20240710\" data-mec-cell=\"20240710\" ><h6 class=\"mec-table-side-title\">Events for <span class=\"mec-color mec-table-side-day\"> 10<\/span> julio<\/h6><article class=\"mec-event-article\"><div class=\"mec-event-detail\">No Events<\/div><\/article><\/div><div class=\"mec-calendar-events-sec\" id=\"mec-calendar-events-sec-9617-20240711\" data-mec-cell=\"20240711\" ><h6 class=\"mec-table-side-title\">Events for <span class=\"mec-color mec-table-side-day\"> 11<\/span> julio<\/h6><article class=\"mec-event-article\"><div class=\"mec-event-detail\">No Events<\/div><\/article><\/div><div class=\"mec-calendar-events-sec\" id=\"mec-calendar-events-sec-9617-20240712\" data-mec-cell=\"20240712\" ><h6 class=\"mec-table-side-title\">Events for <span class=\"mec-color mec-table-side-day\"> 12<\/span> julio<\/h6><article class=\"mec-past-event mec-event-article \"><div class=\"mec-event-image\"><\/div><div class=\"mec-monthly-contents\" style=\"width: 100%\"><div class=\"mec-event-time mec-color\"><i class=\"mec-sl-clock-o\"><\/i> 19:00 - 20:15<\/div><h4 class=\"mec-event-title\"><a class=\"mec-color-hover\" data-event-id=\"9665\" href=\"https:\/\/www.bienaldelchaco.org\/2024\/events\/acto-de-bienvenida-a-escultores-de-la-bienal-369\/\" target=\"m1\" rel=\"noopener\">Acto de Bienvenida a Escultores de la Bienal<\/a><\/h4><div class=\"mec-event-detail\">\r\n                        <div class=\"mec-event-loc-place\">Auditorio de La Casa de las Culturas<\/div>\r\n                        \r\n                    <\/div><\/div><div style=\"clear:both\"><\/div><\/article><article class=\"mec-past-event mec-event-article \"><div class=\"mec-event-image\"><\/div><div class=\"mec-monthly-contents\" style=\"width: 100%\"><div class=\"mec-event-time mec-color\"><i class=\"mec-sl-clock-o\"><\/i> 20:30<\/div><h4 class=\"mec-event-title\"><a class=\"mec-color-hover\" data-event-id=\"9666\" href=\"https:\/\/www.bienaldelchaco.org\/2024\/events\/inauguracion-exposicion-origen-escultura-argentina-contemporanea-y-33-salon-internacional-de-ceramica\/\" target=\"m1\" rel=\"noopener\">Inauguraci\u00f3n: Exposici\u00f3n &#8220;Origen&#8221; Escultura Argentina Contemporanea y 33\u00b0 Sal\u00f3n Internacional de Cer\u00e1mica<\/a><\/h4><div class=\"mec-event-detail\">\r\n                        <div class=\"mec-event-loc-place\">MUBA<\/div>\r\n                        \r\n                    <\/div><\/div><div style=\"clear:both\"><\/div><\/article><\/div><div class=\"mec-calendar-events-sec\" id=\"mec-calendar-events-sec-9617-20240713\" data-mec-cell=\"20240713\" ><h6 class=\"mec-table-side-title\">Events for <span class=\"mec-color mec-table-side-day\"> 13<\/span> julio<\/h6><article class=\"mec-past-event mec-event-article \"><div class=\"mec-event-image\"><\/div><div class=\"mec-monthly-contents\" style=\"width: 100%\"><div class=\"mec-event-time mec-color\"><i class=\"mec-sl-clock-o\"><\/i> 8:30 - 12:30<\/div><h4 class=\"mec-event-title\"><a class=\"mec-color-hover\" data-event-id=\"9681\" href=\"https:\/\/www.bienaldelchaco.org\/2024\/events\/exposicion-del-museo-de-calcos-y-escultura-ernesto-de-la-carcova-900\/\" target=\"m1\" rel=\"noopener\">Exposici\u00f3n &#8220;Origen&#8221; Escultura Argentina Contempor\u00e1nea<\/a><\/h4><div class=\"mec-event-detail\">\r\n                        <div class=\"mec-event-loc-place\">MUBA<\/div>\r\n                        \r\n                    <\/div><\/div><div style=\"clear:both\"><\/div><\/article><article class=\"mec-past-event mec-event-article \"><div class=\"mec-event-image\"><\/div><div class=\"mec-monthly-contents\" style=\"width: 100%\"><div class=\"mec-event-time mec-color\"><i class=\"mec-sl-clock-o\"><\/i> 8:30 - 12:30<\/div><h4 class=\"mec-event-title\"><a class=\"mec-color-hover\" data-event-id=\"12804\" href=\"https:\/\/www.bienaldelchaco.org\/2024\/events\/inauguracion-33-salon-internacional-de-ceramica-102\/\" target=\"m1\" rel=\"noopener\">Exposici\u00f3n 33\u00b0 Sal\u00f3n Internacional de Cer\u00e1mica<\/a><\/h4><div class=\"mec-event-detail\">\r\n                        <div class=\"mec-event-loc-place\">MUBA<\/div>\r\n                        \r\n                    <\/div><\/div><div style=\"clear:both\"><\/div><\/article><article class=\"mec-past-event mec-event-article \"><div class=\"mec-event-image\"><\/div><div class=\"mec-monthly-contents\" style=\"width: 100%\"><div class=\"mec-event-time mec-color\"><i class=\"mec-sl-clock-o\"><\/i> 9:00 - 18:00<\/div><h4 class=\"mec-event-title\"><a class=\"mec-color-hover\" data-event-id=\"13042\" href=\"https:\/\/www.bienaldelchaco.org\/2024\/events\/taller-de-ceramica-escultorica-precolombina-37-fiesta-del-barro\/\" target=\"m1\" rel=\"noopener\">Taller de Cer\u00e1mica Escult\u00f3rica Precolombina | 37\u00b0 Fiesta del Barro<\/a><\/h4><div class=\"mec-event-detail\">\r\n                        <div class=\"mec-event-loc-place\">Predio de las Bienales<\/div>\r\n                        \r\n                    <\/div><\/div><div style=\"clear:both\"><\/div><\/article><article class=\"mec-past-event mec-event-article \"><div class=\"mec-event-image\"><\/div><div class=\"mec-monthly-contents\" style=\"width: 100%\"><div class=\"mec-event-time mec-color\"><i class=\"mec-sl-clock-o\"><\/i> 9:30<\/div><h4 class=\"mec-event-title\"><a class=\"mec-color-hover\" data-event-id=\"9667\" href=\"https:\/\/www.bienaldelchaco.org\/2024\/events\/acto-de-bienvenida-a-escultores-de-la-bienal-369-287\/\" target=\"m1\" rel=\"noopener\">Acto de Apertura: Izamiento de banderas<\/a><\/h4><div class=\"mec-event-detail\">\r\n                        <div class=\"mec-event-loc-place\">Predio de las Bienales<\/div>\r\n                        \r\n                    <\/div><\/div><div style=\"clear:both\"><\/div><\/article><article class=\"mec-past-event mec-event-article \"><div class=\"mec-event-image\"><\/div><div class=\"mec-monthly-contents\" style=\"width: 100%\"><div class=\"mec-event-time mec-color\"><i class=\"mec-sl-clock-o\"><\/i> 10:00 - 22:00<\/div><h4 class=\"mec-event-title\"><a class=\"mec-color-hover\" data-event-id=\"9673\" href=\"https:\/\/www.bienaldelchaco.org\/2024\/events\/expo-industria-y-comercio\/\" target=\"m1\" rel=\"noopener\">Expo Industria y Comercio<\/a><\/h4><div class=\"mec-event-detail\">\r\n                        <div class=\"mec-event-loc-place\">Predio de las Bienales<\/div>\r\n                        \r\n                    <\/div><\/div><div style=\"clear:both\"><\/div><\/article><article class=\"mec-past-event mec-event-article \"><div class=\"mec-event-image\"><\/div><div class=\"mec-monthly-contents\" style=\"width: 100%\"><div class=\"mec-event-time mec-color\"><i class=\"mec-sl-clock-o\"><\/i> 10:00 - 22:00<\/div><h4 class=\"mec-event-title\"><a class=\"mec-color-hover\" data-event-id=\"9672\" href=\"https:\/\/www.bienaldelchaco.org\/2024\/events\/feria-de-arte-artesania-y-diseno\/\" target=\"m1\" rel=\"noopener\">Feria de Arte, Artesan\u00eda y Dise\u00f1o<\/a><\/h4><div class=\"mec-event-detail\">\r\n                        <div class=\"mec-event-loc-place\">Predio de las Bienales<\/div>\r\n                        \r\n                    <\/div><\/div><div style=\"clear:both\"><\/div><\/article><article class=\"mec-past-event mec-event-article \"><div class=\"mec-event-image\"><\/div><div class=\"mec-monthly-contents\" style=\"width: 100%\"><div class=\"mec-event-time mec-color\"><i class=\"mec-sl-clock-o\"><\/i> 10:30 - 22:00<\/div><h4 class=\"mec-event-title\"><a class=\"mec-color-hover\" data-event-id=\"9676\" href=\"https:\/\/www.bienaldelchaco.org\/2024\/events\/encuentro-de-maestros-artesanos-argentinos\/\" target=\"m1\" rel=\"noopener\">Encuentro de Maestros Artesanos Argentinos<\/a><\/h4><div class=\"mec-event-detail\">\r\n                        <div class=\"mec-event-loc-place\">Predio de las Bienales<\/div>\r\n                        \r\n                    <\/div><\/div><div style=\"clear:both\"><\/div><\/article><article class=\"mec-past-event mec-event-article \"><div class=\"mec-event-image\"><\/div><div class=\"mec-monthly-contents\" style=\"width: 100%\"><div class=\"mec-event-time mec-color\"><i class=\"mec-sl-clock-o\"><\/i> 10:30 - 22:00<\/div><h4 class=\"mec-event-title\"><a class=\"mec-color-hover\" data-event-id=\"9677\" href=\"https:\/\/www.bienaldelchaco.org\/2024\/events\/encuentro-de-artesanos-de-pueblos-originarios\/\" target=\"m1\" rel=\"noopener\">Encuentro de Artesanos de Pueblos Originarios<\/a><\/h4><div class=\"mec-event-detail\">\r\n                        <div class=\"mec-event-loc-place\">Predio de las Bienales<\/div>\r\n                        \r\n                    <\/div><\/div><div style=\"clear:both\"><\/div><\/article><article class=\"mec-past-event mec-event-article \"><div class=\"mec-event-image\"><\/div><div class=\"mec-monthly-contents\" style=\"width: 100%\"><div class=\"mec-event-time mec-color\"><i class=\"mec-sl-clock-o\"><\/i> 11:00 - 18:45<\/div><h4 class=\"mec-event-title\"><a class=\"mec-color-hover\" data-event-id=\"9679\" href=\"https:\/\/www.bienaldelchaco.org\/2024\/events\/bienal-internacional-de-escultura\/\" target=\"m1\" rel=\"noopener\">Bienal Internacional de Escultura<\/a><\/h4><div class=\"mec-event-detail\">\r\n                        <div class=\"mec-event-loc-place\">Predio de las Bienales<\/div>\r\n                        \r\n                    <\/div><\/div><div style=\"clear:both\"><\/div><\/article><article class=\"mec-past-event mec-event-article \"><div class=\"mec-event-image\"><\/div><div class=\"mec-monthly-contents\" style=\"width: 100%\"><div class=\"mec-event-time mec-color\"><i class=\"mec-sl-clock-o\"><\/i> 11:00 - 18:45<\/div><h4 class=\"mec-event-title\"><a class=\"mec-color-hover\" data-event-id=\"9680\" href=\"https:\/\/www.bienaldelchaco.org\/2024\/events\/encuentro-de-escultores-invitados\/\" target=\"m1\" rel=\"noopener\">Encuentro de Escultores Invitados<\/a><\/h4><div class=\"mec-event-detail\">\r\n                        <div class=\"mec-event-loc-place\">Predio de las Bienales<\/div>\r\n                        \r\n                    <\/div><\/div><div style=\"clear:both\"><\/div><\/article><article class=\"mec-past-event mec-event-article \"><div class=\"mec-event-image\"><\/div><div class=\"mec-monthly-contents\" style=\"width: 100%\"><div class=\"mec-event-time mec-color\"><i class=\"mec-sl-clock-o\"><\/i> 11:30 - 22:00<\/div><h4 class=\"mec-event-title\"><a class=\"mec-color-hover\" data-event-id=\"9674\" href=\"https:\/\/www.bienaldelchaco.org\/2024\/events\/escenario-a-cielo-abierto-funciones-de-teatro-danza-circo-titeres-y-magia-clases-abiertas-y-talleres\/\" target=\"m1\" rel=\"noopener\">Escenario a Cielo Abierto: Funciones de teatro, danza, circo, t\u00edteres y magia. Clases abiertas y talleres<\/a><\/h4><div class=\"mec-event-detail\">\r\n                        <div class=\"mec-event-loc-place\">Predio de las Bienales<\/div>\r\n                        \r\n                    <\/div><\/div><div style=\"clear:both\"><\/div><\/article><article class=\"mec-past-event mec-event-article \"><div class=\"mec-event-image\"><\/div><div class=\"mec-monthly-contents\" style=\"width: 100%\"><div class=\"mec-event-time mec-color\"><i class=\"mec-sl-clock-o\"><\/i> 14:00 - 21:40<\/div><h4 class=\"mec-event-title\"><a class=\"mec-color-hover\" data-event-id=\"9678\" href=\"https:\/\/www.bienaldelchaco.org\/2024\/events\/agita-la-bienal-expresiones-artisticas-urbanas-y-emergentes\/\" target=\"m1\" rel=\"noopener\">Agit\u00e1 la Bienal | Expresiones art\u00edsticas urbanas y emergentes<\/a><\/h4><div class=\"mec-event-detail\">\r\n                        <div class=\"mec-event-loc-place\">Predio de las Bienales<\/div>\r\n                        \r\n                    <\/div><\/div><div style=\"clear:both\"><\/div><\/article><article class=\"mec-past-event mec-event-article \"><div class=\"mec-event-image\"><\/div><div class=\"mec-monthly-contents\" style=\"width: 100%\"><div class=\"mec-event-time mec-color\"><i class=\"mec-sl-clock-o\"><\/i> 16:30 - 20:30<\/div><h4 class=\"mec-event-title\"><a class=\"mec-color-hover\" data-event-id=\"12804\" href=\"https:\/\/www.bienaldelchaco.org\/2024\/events\/inauguracion-33-salon-internacional-de-ceramica-102\/\" target=\"m1\" rel=\"noopener\">Exposici\u00f3n 33\u00b0 Sal\u00f3n Internacional de Cer\u00e1mica<\/a><\/h4><div class=\"mec-event-detail\">\r\n                        <div class=\"mec-event-loc-place\">MUBA<\/div>\r\n                        \r\n                    <\/div><\/div><div style=\"clear:both\"><\/div><\/article><article class=\"mec-past-event mec-event-article \"><div class=\"mec-event-image\"><\/div><div class=\"mec-monthly-contents\" style=\"width: 100%\"><div class=\"mec-event-time mec-color\"><i class=\"mec-sl-clock-o\"><\/i> 16:30 - 20:30<\/div><h4 class=\"mec-event-title\"><a class=\"mec-color-hover\" data-event-id=\"9681\" href=\"https:\/\/www.bienaldelchaco.org\/2024\/events\/exposicion-del-museo-de-calcos-y-escultura-ernesto-de-la-carcova-900\/\" target=\"m1\" rel=\"noopener\">Exposici\u00f3n &#8220;Origen&#8221; Escultura Argentina Contempor\u00e1nea<\/a><\/h4><div class=\"mec-event-detail\">\r\n                        <div class=\"mec-event-loc-place\">MUBA<\/div>\r\n                        \r\n                    <\/div><\/div><div style=\"clear:both\"><\/div><\/article><article class=\"mec-past-event mec-event-article \"><div class=\"mec-event-image\"><\/div><div class=\"mec-monthly-contents\" style=\"width: 100%\"><div class=\"mec-event-time mec-color\"><i class=\"mec-sl-clock-o\"><\/i> 17:00<\/div><h4 class=\"mec-event-title\"><a class=\"mec-color-hover\" data-event-id=\"9682\" href=\"https:\/\/www.bienaldelchaco.org\/2024\/events\/charla-gestion-artistica-en-politicas-publicas-javier-vazquez\/\" target=\"m1\" rel=\"noopener\">Charla: &#8220;Gesti\u00f3n Art\u00edstica en Pol\u00edticas P\u00fablicas&#8221; | Javier V\u00e1zquez<\/a><\/h4><div class=\"mec-event-detail\">\r\n                        <div class=\"mec-event-loc-place\">Predio de las Bienales<\/div>\r\n                        \r\n                    <\/div><\/div><div style=\"clear:both\"><\/div><\/article><article class=\"mec-past-event mec-event-article \"><div class=\"mec-event-image\"><\/div><div class=\"mec-monthly-contents\" style=\"width: 100%\"><div class=\"mec-event-time mec-color\"><i class=\"mec-sl-clock-o\"><\/i> 19:00<\/div><h4 class=\"mec-event-title\"><a class=\"mec-color-hover\" data-event-id=\"9683\" href=\"https:\/\/www.bienaldelchaco.org\/2024\/events\/inauguracion-exposicion-asociacion-escultores-chaquenos\/\" target=\"m1\" rel=\"noopener\">Inauguraci\u00f3n: Exposici\u00f3n Asociaci\u00f3n Escultores Chaque\u00f1os<\/a><\/h4><div class=\"mec-event-detail\">\r\n                        <div class=\"mec-event-loc-place\">Predio de las Bienales<\/div>\r\n                        \r\n                    <\/div><\/div><div style=\"clear:both\"><\/div><\/article><article class=\"mec-past-event mec-event-article \"><div class=\"mec-event-image\"><\/div><div class=\"mec-monthly-contents\" style=\"width: 100%\"><div class=\"mec-event-time mec-color\"><i class=\"mec-sl-clock-o\"><\/i> 20:00<\/div><h4 class=\"mec-event-title\"><a class=\"mec-color-hover\" data-event-id=\"9688\" href=\"https:\/\/www.bienaldelchaco.org\/2024\/events\/coral-sinfonico-orquesta-sinfonica-del-chaco-y-coro-polifonico-de-resistencia\/\" target=\"m1\" rel=\"noopener\">Coral Sinf\u00f3nico | Orquesta Sinf\u00f3nica del Chaco y Coro Polif\u00f3nico de Resistencia<\/a><\/h4><div class=\"mec-event-detail\">\r\n                        <div class=\"mec-event-loc-place\">Predio de las Bienales<\/div>\r\n                        \r\n                    <\/div><\/div><div style=\"clear:both\"><\/div><\/article><article class=\"mec-past-event mec-event-article \"><div class=\"mec-event-image\"><\/div><div class=\"mec-monthly-contents\" style=\"width: 100%\"><div class=\"mec-event-time mec-color\"><i class=\"mec-sl-clock-o\"><\/i> 22:00<\/div><h4 class=\"mec-event-title\"><a class=\"mec-color-hover\" data-event-id=\"9709\" href=\"https:\/\/www.bienaldelchaco.org\/2024\/events\/shows-mauro-siri-la-callejera\/\" target=\"m1\" rel=\"noopener\">Shows: Mauro Siri &#8211; La Callejera<\/a><\/h4><div class=\"mec-event-detail\">\r\n                        <div class=\"mec-event-loc-place\">Predio de las Bienales<\/div>\r\n                        \r\n                    <\/div><\/div><div style=\"clear:both\"><\/div><\/article><\/div><div class=\"mec-calendar-events-sec\" id=\"mec-calendar-events-sec-9617-20240714\" data-mec-cell=\"20240714\" ><h6 class=\"mec-table-side-title\">Events for <span class=\"mec-color mec-table-side-day\"> 14<\/span> julio<\/h6><article class=\"mec-past-event mec-event-article \"><div class=\"mec-event-image\"><\/div><div class=\"mec-monthly-contents\" style=\"width: 100%\"><div class=\"mec-event-time mec-color\"><i class=\"mec-sl-clock-o\"><\/i> 8:30 - 12:30<\/div><h4 class=\"mec-event-title\"><a class=\"mec-color-hover\" data-event-id=\"9681\" href=\"https:\/\/www.bienaldelchaco.org\/2024\/events\/exposicion-del-museo-de-calcos-y-escultura-ernesto-de-la-carcova-900\/\" target=\"m1\" rel=\"noopener\">Exposici\u00f3n &#8220;Origen&#8221; Escultura Argentina Contempor\u00e1nea<\/a><\/h4><div class=\"mec-event-detail\">\r\n                        <div class=\"mec-event-loc-place\">MUBA<\/div>\r\n                        \r\n                    <\/div><\/div><div style=\"clear:both\"><\/div><\/article><article class=\"mec-past-event mec-event-article \"><div class=\"mec-event-image\"><\/div><div class=\"mec-monthly-contents\" style=\"width: 100%\"><div class=\"mec-event-time mec-color\"><i class=\"mec-sl-clock-o\"><\/i> 8:30 - 12:30<\/div><h4 class=\"mec-event-title\"><a class=\"mec-color-hover\" data-event-id=\"12804\" href=\"https:\/\/www.bienaldelchaco.org\/2024\/events\/inauguracion-33-salon-internacional-de-ceramica-102\/\" target=\"m1\" rel=\"noopener\">Exposici\u00f3n 33\u00b0 Sal\u00f3n Internacional de Cer\u00e1mica<\/a><\/h4><div class=\"mec-event-detail\">\r\n                        <div class=\"mec-event-loc-place\">MUBA<\/div>\r\n                        \r\n                    <\/div><\/div><div style=\"clear:both\"><\/div><\/article><article class=\"mec-past-event mec-event-article \"><div class=\"mec-event-image\"><\/div><div class=\"mec-monthly-contents\" style=\"width: 100%\"><div class=\"mec-event-time mec-color\"><i class=\"mec-sl-clock-o\"><\/i> 8:30 - 19:00<\/div><h4 class=\"mec-event-title\"><a class=\"mec-color-hover\" data-event-id=\"9680\" href=\"https:\/\/www.bienaldelchaco.org\/2024\/events\/encuentro-de-escultores-invitados\/\" target=\"m1\" rel=\"noopener\">Encuentro de Escultores Invitados<\/a><\/h4><div class=\"mec-event-detail\">\r\n                        <div class=\"mec-event-loc-place\">Predio de las Bienales<\/div>\r\n                        \r\n                    <\/div><\/div><div style=\"clear:both\"><\/div><\/article><article class=\"mec-past-event mec-event-article \"><div class=\"mec-event-image\"><\/div><div class=\"mec-monthly-contents\" style=\"width: 100%\"><div class=\"mec-event-time mec-color\"><i class=\"mec-sl-clock-o\"><\/i> 8:30 - 19:00<\/div><h4 class=\"mec-event-title\"><a class=\"mec-color-hover\" data-event-id=\"9679\" href=\"https:\/\/www.bienaldelchaco.org\/2024\/events\/bienal-internacional-de-escultura\/\" target=\"m1\" rel=\"noopener\">Bienal Internacional de Escultura<\/a><\/h4><div class=\"mec-event-detail\">\r\n                        <div class=\"mec-event-loc-place\">Predio de las Bienales<\/div>\r\n                        \r\n                    <\/div><\/div><div style=\"clear:both\"><\/div><\/article><article class=\"mec-past-event mec-event-article \"><div class=\"mec-event-image\"><\/div><div class=\"mec-monthly-contents\" style=\"width: 100%\"><div class=\"mec-event-time mec-color\"><i class=\"mec-sl-clock-o\"><\/i> 9:00 - 18:00<\/div><h4 class=\"mec-event-title\"><a class=\"mec-color-hover\" data-event-id=\"13042\" href=\"https:\/\/www.bienaldelchaco.org\/2024\/events\/taller-de-ceramica-escultorica-precolombina-37-fiesta-del-barro\/\" target=\"m1\" rel=\"noopener\">Taller de Cer\u00e1mica Escult\u00f3rica Precolombina | 37\u00b0 Fiesta del Barro<\/a><\/h4><div class=\"mec-event-detail\">\r\n                        <div class=\"mec-event-loc-place\">Predio de las Bienales<\/div>\r\n                        \r\n                    <\/div><\/div><div style=\"clear:both\"><\/div><\/article><article class=\"mec-past-event mec-event-article \"><div class=\"mec-event-image\"><\/div><div class=\"mec-monthly-contents\" style=\"width: 100%\"><div class=\"mec-event-time mec-color\"><i class=\"mec-sl-clock-o\"><\/i> 10:00 - 22:00<\/div><h4 class=\"mec-event-title\"><a class=\"mec-color-hover\" data-event-id=\"9676\" href=\"https:\/\/www.bienaldelchaco.org\/2024\/events\/encuentro-de-maestros-artesanos-argentinos\/\" target=\"m1\" rel=\"noopener\">Encuentro de Maestros Artesanos Argentinos<\/a><\/h4><div class=\"mec-event-detail\">\r\n                        <div class=\"mec-event-loc-place\">Predio de las Bienales<\/div>\r\n                        \r\n                    <\/div><\/div><div style=\"clear:both\"><\/div><\/article><article class=\"mec-past-event mec-event-article \"><div class=\"mec-event-image\"><\/div><div class=\"mec-monthly-contents\" style=\"width: 100%\"><div class=\"mec-event-time mec-color\"><i class=\"mec-sl-clock-o\"><\/i> 10:00 - 22:00<\/div><h4 class=\"mec-event-title\"><a class=\"mec-color-hover\" data-event-id=\"9677\" href=\"https:\/\/www.bienaldelchaco.org\/2024\/events\/encuentro-de-artesanos-de-pueblos-originarios\/\" target=\"m1\" rel=\"noopener\">Encuentro de Artesanos de Pueblos Originarios<\/a><\/h4><div class=\"mec-event-detail\">\r\n                        <div class=\"mec-event-loc-place\">Predio de las Bienales<\/div>\r\n                        \r\n                    <\/div><\/div><div style=\"clear:both\"><\/div><\/article><article class=\"mec-past-event mec-event-article \"><div class=\"mec-event-image\"><\/div><div class=\"mec-monthly-contents\" style=\"width: 100%\"><div class=\"mec-event-time mec-color\"><i class=\"mec-sl-clock-o\"><\/i> 10:00 - 12:00<\/div><h4 class=\"mec-event-title\"><a class=\"mec-color-hover\" data-event-id=\"9684\" href=\"https:\/\/www.bienaldelchaco.org\/2024\/events\/exposicion-asociacion-escultores-chaquenos\/\" target=\"m1\" rel=\"noopener\">Exposici\u00f3n Asociaci\u00f3n Escultores Chaque\u00f1os<\/a><\/h4><div class=\"mec-event-detail\">\r\n                        <div class=\"mec-event-loc-place\">Predio de las Bienales<\/div>\r\n                        \r\n                    <\/div><\/div><div style=\"clear:both\"><\/div><\/article><article class=\"mec-past-event mec-event-article \"><div class=\"mec-event-image\"><\/div><div class=\"mec-monthly-contents\" style=\"width: 100%\"><div class=\"mec-event-time mec-color\"><i class=\"mec-sl-clock-o\"><\/i> 10:00 - 22:00<\/div><h4 class=\"mec-event-title\"><a class=\"mec-color-hover\" data-event-id=\"9673\" href=\"https:\/\/www.bienaldelchaco.org\/2024\/events\/expo-industria-y-comercio\/\" target=\"m1\" rel=\"noopener\">Expo Industria y Comercio<\/a><\/h4><div class=\"mec-event-detail\">\r\n                        <div class=\"mec-event-loc-place\">Predio de las Bienales<\/div>\r\n                        \r\n                    <\/div><\/div><div style=\"clear:both\"><\/div><\/article><article class=\"mec-past-event mec-event-article \"><div class=\"mec-event-image\"><\/div><div class=\"mec-monthly-contents\" style=\"width: 100%\"><div class=\"mec-event-time mec-color\"><i class=\"mec-sl-clock-o\"><\/i> 10:00 - 22:00<\/div><h4 class=\"mec-event-title\"><a class=\"mec-color-hover\" data-event-id=\"9672\" href=\"https:\/\/www.bienaldelchaco.org\/2024\/events\/feria-de-arte-artesania-y-diseno\/\" target=\"m1\" rel=\"noopener\">Feria de Arte, Artesan\u00eda y Dise\u00f1o<\/a><\/h4><div class=\"mec-event-detail\">\r\n                        <div class=\"mec-event-loc-place\">Predio de las Bienales<\/div>\r\n                        \r\n                    <\/div><\/div><div style=\"clear:both\"><\/div><\/article><article class=\"mec-past-event mec-event-article \"><div class=\"mec-event-image\"><\/div><div class=\"mec-monthly-contents\" style=\"width: 100%\"><div class=\"mec-event-time mec-color\"><i class=\"mec-sl-clock-o\"><\/i> 11:30 - 22:00<\/div><h4 class=\"mec-event-title\"><a class=\"mec-color-hover\" data-event-id=\"9674\" href=\"https:\/\/www.bienaldelchaco.org\/2024\/events\/escenario-a-cielo-abierto-funciones-de-teatro-danza-circo-titeres-y-magia-clases-abiertas-y-talleres\/\" target=\"m1\" rel=\"noopener\">Escenario a Cielo Abierto: Funciones de teatro, danza, circo, t\u00edteres y magia. Clases abiertas y talleres<\/a><\/h4><div class=\"mec-event-detail\">\r\n                        <div class=\"mec-event-loc-place\">Predio de las Bienales<\/div>\r\n                        \r\n                    <\/div><\/div><div style=\"clear:both\"><\/div><\/article><article class=\"mec-past-event mec-event-article \"><div class=\"mec-event-image\"><\/div><div class=\"mec-monthly-contents\" style=\"width: 100%\"><div class=\"mec-event-time mec-color\"><i class=\"mec-sl-clock-o\"><\/i> 14:00 - 21:40<\/div><h4 class=\"mec-event-title\"><a class=\"mec-color-hover\" data-event-id=\"9678\" href=\"https:\/\/www.bienaldelchaco.org\/2024\/events\/agita-la-bienal-expresiones-artisticas-urbanas-y-emergentes\/\" target=\"m1\" rel=\"noopener\">Agit\u00e1 la Bienal | Expresiones art\u00edsticas urbanas y emergentes<\/a><\/h4><div class=\"mec-event-detail\">\r\n                        <div class=\"mec-event-loc-place\">Predio de las Bienales<\/div>\r\n                        \r\n                    <\/div><\/div><div style=\"clear:both\"><\/div><\/article><article class=\"mec-past-event mec-event-article \"><div class=\"mec-event-image\"><\/div><div class=\"mec-monthly-contents\" style=\"width: 100%\"><div class=\"mec-event-time mec-color\"><i class=\"mec-sl-clock-o\"><\/i> 16:30 - 20:30<\/div><h4 class=\"mec-event-title\"><a class=\"mec-color-hover\" data-event-id=\"9681\" href=\"https:\/\/www.bienaldelchaco.org\/2024\/events\/exposicion-del-museo-de-calcos-y-escultura-ernesto-de-la-carcova-900\/\" target=\"m1\" rel=\"noopener\">Exposici\u00f3n &#8220;Origen&#8221; Escultura Argentina Contempor\u00e1nea<\/a><\/h4><div class=\"mec-event-detail\">\r\n                        <div class=\"mec-event-loc-place\">MUBA<\/div>\r\n                        \r\n                    <\/div><\/div><div style=\"clear:both\"><\/div><\/article><article class=\"mec-past-event mec-event-article \"><div class=\"mec-event-image\"><\/div><div class=\"mec-monthly-contents\" style=\"width: 100%\"><div class=\"mec-event-time mec-color\"><i class=\"mec-sl-clock-o\"><\/i> 16:30 - 20:30<\/div><h4 class=\"mec-event-title\"><a class=\"mec-color-hover\" data-event-id=\"12804\" href=\"https:\/\/www.bienaldelchaco.org\/2024\/events\/inauguracion-33-salon-internacional-de-ceramica-102\/\" target=\"m1\" rel=\"noopener\">Exposici\u00f3n 33\u00b0 Sal\u00f3n Internacional de Cer\u00e1mica<\/a><\/h4><div class=\"mec-event-detail\">\r\n                        <div class=\"mec-event-loc-place\">MUBA<\/div>\r\n                        \r\n                    <\/div><\/div><div style=\"clear:both\"><\/div><\/article><article class=\"mec-past-event mec-event-article \"><div class=\"mec-event-image\"><\/div><div class=\"mec-monthly-contents\" style=\"width: 100%\"><div class=\"mec-event-time mec-color\"><i class=\"mec-sl-clock-o\"><\/i> 17:00 - 21:00<\/div><h4 class=\"mec-event-title\"><a class=\"mec-color-hover\" data-event-id=\"9684\" href=\"https:\/\/www.bienaldelchaco.org\/2024\/events\/exposicion-asociacion-escultores-chaquenos\/\" target=\"m1\" rel=\"noopener\">Exposici\u00f3n Asociaci\u00f3n Escultores Chaque\u00f1os<\/a><\/h4><div class=\"mec-event-detail\">\r\n                        <div class=\"mec-event-loc-place\">Predio de las Bienales<\/div>\r\n                        \r\n                    <\/div><\/div><div style=\"clear:both\"><\/div><\/article><article class=\"mec-past-event mec-event-article \"><div class=\"mec-event-image\"><\/div><div class=\"mec-monthly-contents\" style=\"width: 100%\"><div class=\"mec-event-time mec-color\"><i class=\"mec-sl-clock-o\"><\/i> 17:00<\/div><h4 class=\"mec-event-title\"><a class=\"mec-color-hover\" data-event-id=\"9712\" href=\"https:\/\/www.bienaldelchaco.org\/2024\/events\/capitan-teuco-obra-musical-infantil\/\" target=\"m1\" rel=\"noopener\">Capitan Teuco | Obra Musical Infantil<\/a><\/h4><div class=\"mec-event-detail\">\r\n                        <div class=\"mec-event-loc-place\">Predio de las Bienales<\/div>\r\n                        \r\n                    <\/div><\/div><div style=\"clear:both\"><\/div><\/article><article class=\"mec-past-event mec-event-article \"><div class=\"mec-event-image\"><\/div><div class=\"mec-monthly-contents\" style=\"width: 100%\"><div class=\"mec-event-time mec-color\"><i class=\"mec-sl-clock-o\"><\/i> 17:00<\/div><h4 class=\"mec-event-title\"><a class=\"mec-color-hover\" data-event-id=\"9715\" href=\"https:\/\/www.bienaldelchaco.org\/2024\/events\/charla-escultura-argentina-siglos-xx-y-xxi-oscar-de-bueno\/\" target=\"m1\" rel=\"noopener\">Charla: \u201cEscultura Argentina &#8211; Siglos XX y XXI\u201d | Oscar de Bueno<\/a><\/h4><div class=\"mec-event-detail\">\r\n                        <div class=\"mec-event-loc-place\">Predio de las Bienales<\/div>\r\n                        \r\n                    <\/div><\/div><div style=\"clear:both\"><\/div><\/article><article class=\"mec-past-event mec-event-article \"><div class=\"mec-event-image\"><\/div><div class=\"mec-monthly-contents\" style=\"width: 100%\"><div class=\"mec-event-time mec-color\"><i class=\"mec-sl-clock-o\"><\/i> 19:00<\/div><h4 class=\"mec-event-title\"><a class=\"mec-color-hover\" data-event-id=\"9713\" href=\"https:\/\/www.bienaldelchaco.org\/2024\/events\/noche-de-premiados-ganadores-juegos-evita-teatro-danza-y-musica\/\" target=\"m1\" rel=\"noopener\">Noche de Premiados: Ganadores Juegos Evita | Teatro, Danza y M\u00fasica<\/a><\/h4><div class=\"mec-event-detail\">\r\n                        <div class=\"mec-event-loc-place\">Predio de las Bienales<\/div>\r\n                        \r\n                    <\/div><\/div><div style=\"clear:both\"><\/div><\/article><article class=\"mec-past-event mec-event-article \"><div class=\"mec-event-image\"><\/div><div class=\"mec-monthly-contents\" style=\"width: 100%\"><div class=\"mec-event-time mec-color\"><i class=\"mec-sl-clock-o\"><\/i> 19:30<\/div><h4 class=\"mec-event-title\"><a class=\"mec-color-hover\" data-event-id=\"9711\" href=\"https:\/\/www.bienaldelchaco.org\/2024\/events\/inauguracion-exposicion-escultores-del-mundo\/\" target=\"m1\" rel=\"noopener\">Inauguraci\u00f3n: Exposici\u00f3n Escultores del Mundo<\/a><\/h4><div class=\"mec-event-detail\">\r\n                        <div class=\"mec-event-loc-place\">Predio de las Bienales<\/div>\r\n                        \r\n                    <\/div><\/div><div style=\"clear:both\"><\/div><\/article><article class=\"mec-past-event mec-event-article \"><div class=\"mec-event-image\"><\/div><div class=\"mec-monthly-contents\" style=\"width: 100%\"><div class=\"mec-event-time mec-color\"><i class=\"mec-sl-clock-o\"><\/i> 22:00<\/div><h4 class=\"mec-event-title\"><a class=\"mec-color-hover\" data-event-id=\"9718\" href=\"https:\/\/www.bienaldelchaco.org\/2024\/events\/shows-orquesta-folklorica-de-corrientes-noche-paraguay\/\" target=\"m1\" rel=\"noopener\">Shows: Orquesta folkl\u00f3rica de corrientes &#8211; Noche paraguay<\/a><\/h4><div class=\"mec-event-detail\">\r\n                        <div class=\"mec-event-loc-place\">Predio de las Bienales<\/div>\r\n                        \r\n                    <\/div><\/div><div style=\"clear:both\"><\/div><\/article><\/div><div class=\"mec-calendar-events-sec\" id=\"mec-calendar-events-sec-9617-20240715\" data-mec-cell=\"20240715\" ><h6 class=\"mec-table-side-title\">Events for <span class=\"mec-color mec-table-side-day\"> 15<\/span> julio<\/h6><article class=\"mec-past-event mec-event-article \"><div class=\"mec-event-image\"><\/div><div class=\"mec-monthly-contents\" style=\"width: 100%\"><div class=\"mec-event-time mec-color\"><i class=\"mec-sl-clock-o\"><\/i> 8:30 - 12:30<\/div><h4 class=\"mec-event-title\"><a class=\"mec-color-hover\" data-event-id=\"9681\" href=\"https:\/\/www.bienaldelchaco.org\/2024\/events\/exposicion-del-museo-de-calcos-y-escultura-ernesto-de-la-carcova-900\/\" target=\"m1\" rel=\"noopener\">Exposici\u00f3n &#8220;Origen&#8221; Escultura Argentina Contempor\u00e1nea<\/a><\/h4><div class=\"mec-event-detail\">\r\n                        <div class=\"mec-event-loc-place\">MUBA<\/div>\r\n                        \r\n                    <\/div><\/div><div style=\"clear:both\"><\/div><\/article><article class=\"mec-past-event mec-event-article \"><div class=\"mec-event-image\"><\/div><div class=\"mec-monthly-contents\" style=\"width: 100%\"><div class=\"mec-event-time mec-color\"><i class=\"mec-sl-clock-o\"><\/i> 8:30 - 12:30<\/div><h4 class=\"mec-event-title\"><a class=\"mec-color-hover\" data-event-id=\"12804\" href=\"https:\/\/www.bienaldelchaco.org\/2024\/events\/inauguracion-33-salon-internacional-de-ceramica-102\/\" target=\"m1\" rel=\"noopener\">Exposici\u00f3n 33\u00b0 Sal\u00f3n Internacional de Cer\u00e1mica<\/a><\/h4><div class=\"mec-event-detail\">\r\n                        <div class=\"mec-event-loc-place\">MUBA<\/div>\r\n                        \r\n                    <\/div><\/div><div style=\"clear:both\"><\/div><\/article><article class=\"mec-past-event mec-event-article \"><div class=\"mec-event-image\"><\/div><div class=\"mec-monthly-contents\" style=\"width: 100%\"><div class=\"mec-event-time mec-color\"><i class=\"mec-sl-clock-o\"><\/i> 8:30 - 19:00<\/div><h4 class=\"mec-event-title\"><a class=\"mec-color-hover\" data-event-id=\"9680\" href=\"https:\/\/www.bienaldelchaco.org\/2024\/events\/encuentro-de-escultores-invitados\/\" target=\"m1\" rel=\"noopener\">Encuentro de Escultores Invitados<\/a><\/h4><div class=\"mec-event-detail\">\r\n                        <div class=\"mec-event-loc-place\">Predio de las Bienales<\/div>\r\n                        \r\n                    <\/div><\/div><div style=\"clear:both\"><\/div><\/article><article class=\"mec-past-event mec-event-article \"><div class=\"mec-event-image\"><\/div><div class=\"mec-monthly-contents\" style=\"width: 100%\"><div class=\"mec-event-time mec-color\"><i class=\"mec-sl-clock-o\"><\/i> 8:30 - 19:00<\/div><h4 class=\"mec-event-title\"><a class=\"mec-color-hover\" data-event-id=\"9679\" href=\"https:\/\/www.bienaldelchaco.org\/2024\/events\/bienal-internacional-de-escultura\/\" target=\"m1\" rel=\"noopener\">Bienal Internacional de Escultura<\/a><\/h4><div class=\"mec-event-detail\">\r\n                        <div class=\"mec-event-loc-place\">Predio de las Bienales<\/div>\r\n                        \r\n                    <\/div><\/div><div style=\"clear:both\"><\/div><\/article><article class=\"mec-past-event mec-event-article \"><div class=\"mec-event-image\"><\/div><div class=\"mec-monthly-contents\" style=\"width: 100%\"><div class=\"mec-event-time mec-color\"><i class=\"mec-sl-clock-o\"><\/i> 10:00 - 20:00<\/div><h4 class=\"mec-event-title\"><a class=\"mec-color-hover\" data-event-id=\"9716\" href=\"https:\/\/www.bienaldelchaco.org\/2024\/events\/exposicion-escultores-del-mundo\/\" target=\"m1\" rel=\"noopener\">Exposici\u00f3n Escultores del Mundo<\/a><\/h4><div class=\"mec-event-detail\">\r\n                        <div class=\"mec-event-loc-place\">Predio de las Bienales<\/div>\r\n                        \r\n                    <\/div><\/div><div style=\"clear:both\"><\/div><\/article><article class=\"mec-past-event mec-event-article \"><div class=\"mec-event-image\"><\/div><div class=\"mec-monthly-contents\" style=\"width: 100%\"><div class=\"mec-event-time mec-color\"><i class=\"mec-sl-clock-o\"><\/i> 10:00 - 21:00<\/div><h4 class=\"mec-event-title\"><a class=\"mec-color-hover\" data-event-id=\"9677\" href=\"https:\/\/www.bienaldelchaco.org\/2024\/events\/encuentro-de-artesanos-de-pueblos-originarios\/\" target=\"m1\" rel=\"noopener\">Encuentro de Artesanos de Pueblos Originarios<\/a><\/h4><div class=\"mec-event-detail\">\r\n                        <div class=\"mec-event-loc-place\">Predio de las Bienales<\/div>\r\n                        \r\n                    <\/div><\/div><div style=\"clear:both\"><\/div><\/article><article class=\"mec-past-event mec-event-article \"><div class=\"mec-event-image\"><\/div><div class=\"mec-monthly-contents\" style=\"width: 100%\"><div class=\"mec-event-time mec-color\"><i class=\"mec-sl-clock-o\"><\/i> 10:00 - 21:00<\/div><h4 class=\"mec-event-title\"><a class=\"mec-color-hover\" data-event-id=\"9676\" href=\"https:\/\/www.bienaldelchaco.org\/2024\/events\/encuentro-de-maestros-artesanos-argentinos\/\" target=\"m1\" rel=\"noopener\">Encuentro de Maestros Artesanos Argentinos<\/a><\/h4><div class=\"mec-event-detail\">\r\n                        <div class=\"mec-event-loc-place\">Predio de las Bienales<\/div>\r\n                        \r\n                    <\/div><\/div><div style=\"clear:both\"><\/div><\/article><article class=\"mec-past-event mec-event-article \"><div class=\"mec-event-image\"><\/div><div class=\"mec-monthly-contents\" style=\"width: 100%\"><div class=\"mec-event-time mec-color\"><i class=\"mec-sl-clock-o\"><\/i> 10:00 - 13:00<\/div><h4 class=\"mec-event-title\"><a class=\"mec-color-hover\" data-event-id=\"9728\" href=\"https:\/\/www.bienaldelchaco.org\/2024\/events\/congreso-internacional-de-derecho-del-arte-fder-unr-y-fdcsp-unne-1er-jornada\/\" target=\"m1\" rel=\"noopener\">Congreso Internacional de Derecho del Arte | FDER (UNR) y FDCSP (UNNE) &#8211; 1er Jornada<\/a><\/h4><div class=\"mec-event-detail\">\r\n                        <div class=\"mec-event-loc-place\">Virtual<\/div>\r\n                        \r\n                    <\/div><\/div><div style=\"clear:both\"><\/div><\/article><article class=\"mec-past-event mec-event-article \"><div class=\"mec-event-image\"><\/div><div class=\"mec-monthly-contents\" style=\"width: 100%\"><div class=\"mec-event-time mec-color\"><i class=\"mec-sl-clock-o\"><\/i> 10:00 - 12:00<\/div><h4 class=\"mec-event-title\"><a class=\"mec-color-hover\" data-event-id=\"9684\" href=\"https:\/\/www.bienaldelchaco.org\/2024\/events\/exposicion-asociacion-escultores-chaquenos\/\" target=\"m1\" rel=\"noopener\">Exposici\u00f3n Asociaci\u00f3n Escultores Chaque\u00f1os<\/a><\/h4><div class=\"mec-event-detail\">\r\n                        <div class=\"mec-event-loc-place\">Predio de las Bienales<\/div>\r\n                        \r\n                    <\/div><\/div><div style=\"clear:both\"><\/div><\/article><article class=\"mec-past-event mec-event-article \"><div class=\"mec-event-image\"><\/div><div class=\"mec-monthly-contents\" style=\"width: 100%\"><div class=\"mec-event-time mec-color\"><i class=\"mec-sl-clock-o\"><\/i> 10:00 - 22:00<\/div><h4 class=\"mec-event-title\"><a class=\"mec-color-hover\" data-event-id=\"9673\" href=\"https:\/\/www.bienaldelchaco.org\/2024\/events\/expo-industria-y-comercio\/\" target=\"m1\" rel=\"noopener\">Expo Industria y Comercio<\/a><\/h4><div class=\"mec-event-detail\">\r\n                        <div class=\"mec-event-loc-place\">Predio de las Bienales<\/div>\r\n                        \r\n                    <\/div><\/div><div style=\"clear:both\"><\/div><\/article><article class=\"mec-past-event mec-event-article \"><div class=\"mec-event-image\"><\/div><div class=\"mec-monthly-contents\" style=\"width: 100%\"><div class=\"mec-event-time mec-color\"><i class=\"mec-sl-clock-o\"><\/i> 10:00 - 21:00<\/div><h4 class=\"mec-event-title\"><a class=\"mec-color-hover\" data-event-id=\"9672\" href=\"https:\/\/www.bienaldelchaco.org\/2024\/events\/feria-de-arte-artesania-y-diseno\/\" target=\"m1\" rel=\"noopener\">Feria de Arte, Artesan\u00eda y Dise\u00f1o<\/a><\/h4><div class=\"mec-event-detail\">\r\n                        <div class=\"mec-event-loc-place\">Predio de las Bienales<\/div>\r\n                        \r\n                    <\/div><\/div><div style=\"clear:both\"><\/div><\/article><article class=\"mec-past-event mec-event-article \"><div class=\"mec-event-image\"><\/div><div class=\"mec-monthly-contents\" style=\"width: 100%\"><div class=\"mec-event-time mec-color\"><i class=\"mec-sl-clock-o\"><\/i> 11:30 - 22:00<\/div><h4 class=\"mec-event-title\"><a class=\"mec-color-hover\" data-event-id=\"9674\" href=\"https:\/\/www.bienaldelchaco.org\/2024\/events\/escenario-a-cielo-abierto-funciones-de-teatro-danza-circo-titeres-y-magia-clases-abiertas-y-talleres\/\" target=\"m1\" rel=\"noopener\">Escenario a Cielo Abierto: Funciones de teatro, danza, circo, t\u00edteres y magia. Clases abiertas y talleres<\/a><\/h4><div class=\"mec-event-detail\">\r\n                        <div class=\"mec-event-loc-place\">Predio de las Bienales<\/div>\r\n                        \r\n                    <\/div><\/div><div style=\"clear:both\"><\/div><\/article><article class=\"mec-past-event mec-event-article \"><div class=\"mec-event-image\"><\/div><div class=\"mec-monthly-contents\" style=\"width: 100%\"><div class=\"mec-event-time mec-color\"><i class=\"mec-sl-clock-o\"><\/i> 14:00 - 21:40<\/div><h4 class=\"mec-event-title\"><a class=\"mec-color-hover\" data-event-id=\"9678\" href=\"https:\/\/www.bienaldelchaco.org\/2024\/events\/agita-la-bienal-expresiones-artisticas-urbanas-y-emergentes\/\" target=\"m1\" rel=\"noopener\">Agit\u00e1 la Bienal | Expresiones art\u00edsticas urbanas y emergentes<\/a><\/h4><div class=\"mec-event-detail\">\r\n                        <div class=\"mec-event-loc-place\">Predio de las Bienales<\/div>\r\n                        \r\n                    <\/div><\/div><div style=\"clear:both\"><\/div><\/article><article class=\"mec-past-event mec-event-article \"><div class=\"mec-event-image\"><\/div><div class=\"mec-monthly-contents\" style=\"width: 100%\"><div class=\"mec-event-time mec-color\"><i class=\"mec-sl-clock-o\"><\/i> 16:00 - 19:00<\/div><h4 class=\"mec-event-title\"><a class=\"mec-color-hover\" data-event-id=\"9734\" href=\"https:\/\/www.bienaldelchaco.org\/2024\/events\/seminario-de-arte-derecho-patrimonio-y-urbanismo-coord-dr-diego-tolosa\/\" target=\"m1\" rel=\"noopener\">Seminario de Arte, Derecho, Patrimonio y Urbanismo &#8211; Coord. Dr. Diego Tolosa<\/a><\/h4><div class=\"mec-event-detail\">\r\n                        <div class=\"mec-event-loc-place\">Predio de las Bienales<\/div>\r\n                        \r\n                    <\/div><\/div><div style=\"clear:both\"><\/div><\/article><article class=\"mec-past-event mec-event-article \"><div class=\"mec-event-image\"><\/div><div class=\"mec-monthly-contents\" style=\"width: 100%\"><div class=\"mec-event-time mec-color\"><i class=\"mec-sl-clock-o\"><\/i> 16:30 - 20:30<\/div><h4 class=\"mec-event-title\"><a class=\"mec-color-hover\" data-event-id=\"9681\" href=\"https:\/\/www.bienaldelchaco.org\/2024\/events\/exposicion-del-museo-de-calcos-y-escultura-ernesto-de-la-carcova-900\/\" target=\"m1\" rel=\"noopener\">Exposici\u00f3n &#8220;Origen&#8221; Escultura Argentina Contempor\u00e1nea<\/a><\/h4><div class=\"mec-event-detail\">\r\n                        <div class=\"mec-event-loc-place\">MUBA<\/div>\r\n                        \r\n                    <\/div><\/div><div style=\"clear:both\"><\/div><\/article><article class=\"mec-past-event mec-event-article \"><div class=\"mec-event-image\"><\/div><div class=\"mec-monthly-contents\" style=\"width: 100%\"><div class=\"mec-event-time mec-color\"><i class=\"mec-sl-clock-o\"><\/i> 16:30 - 20:30<\/div><h4 class=\"mec-event-title\"><a class=\"mec-color-hover\" data-event-id=\"12804\" href=\"https:\/\/www.bienaldelchaco.org\/2024\/events\/inauguracion-33-salon-internacional-de-ceramica-102\/\" target=\"m1\" rel=\"noopener\">Exposici\u00f3n 33\u00b0 Sal\u00f3n Internacional de Cer\u00e1mica<\/a><\/h4><div class=\"mec-event-detail\">\r\n                        <div class=\"mec-event-loc-place\">MUBA<\/div>\r\n                        \r\n                    <\/div><\/div><div style=\"clear:both\"><\/div><\/article><article class=\"mec-past-event mec-event-article \"><div class=\"mec-event-image\"><\/div><div class=\"mec-monthly-contents\" style=\"width: 100%\"><div class=\"mec-event-time mec-color\"><i class=\"mec-sl-clock-o\"><\/i> 17:00 - 21:00<\/div><h4 class=\"mec-event-title\"><a class=\"mec-color-hover\" data-event-id=\"9684\" href=\"https:\/\/www.bienaldelchaco.org\/2024\/events\/exposicion-asociacion-escultores-chaquenos\/\" target=\"m1\" rel=\"noopener\">Exposici\u00f3n Asociaci\u00f3n Escultores Chaque\u00f1os<\/a><\/h4><div class=\"mec-event-detail\">\r\n                        <div class=\"mec-event-loc-place\">Predio de las Bienales<\/div>\r\n                        \r\n                    <\/div><\/div><div style=\"clear:both\"><\/div><\/article><article class=\"mec-past-event mec-event-article \"><div class=\"mec-event-image\"><\/div><div class=\"mec-monthly-contents\" style=\"width: 100%\"><div class=\"mec-event-time mec-color\"><i class=\"mec-sl-clock-o\"><\/i> 20:00<\/div><h4 class=\"mec-event-title\"><a class=\"mec-color-hover\" data-event-id=\"9737\" href=\"https:\/\/www.bienaldelchaco.org\/2024\/events\/ballet-ferrazzano-entre-clasico-y-contemporaneo-2024\/\" target=\"m1\" rel=\"noopener\">Ballet Ferrazzano  | \u201cEntre Cl\u00e1sico y Contempor\u00e1neo 2024\u201d<\/a><\/h4><div class=\"mec-event-detail\">\r\n                        <div class=\"mec-event-loc-place\">Predio de las Bienales<\/div>\r\n                        \r\n                    <\/div><\/div><div style=\"clear:both\"><\/div><\/article><article class=\"mec-past-event mec-event-article \"><div class=\"mec-event-image\"><\/div><div class=\"mec-monthly-contents\" style=\"width: 100%\"><div class=\"mec-event-time mec-color\"><i class=\"mec-sl-clock-o\"><\/i> 22:00<\/div><h4 class=\"mec-event-title\"><a class=\"mec-color-hover\" data-event-id=\"9719\" href=\"https:\/\/www.bienaldelchaco.org\/2024\/events\/shows-maxi-pachecoy-guau-trio-rally-barrionuevo\/\" target=\"m1\" rel=\"noopener\">Shows: Maxi Pachecoy &#8211; Guau Tr\u00edo &#8211; Rally Barrionuevo<\/a><\/h4><div class=\"mec-event-detail\">\r\n                        <div class=\"mec-event-loc-place\">Predio de las Bienales<\/div>\r\n                        \r\n                    <\/div><\/div><div style=\"clear:both\"><\/div><\/article><\/div><div class=\"mec-calendar-events-sec\" id=\"mec-calendar-events-sec-9617-20240716\" data-mec-cell=\"20240716\" ><h6 class=\"mec-table-side-title\">Events for <span class=\"mec-color mec-table-side-day\"> 16<\/span> julio<\/h6><article class=\"mec-past-event mec-event-article \"><div class=\"mec-event-image\"><\/div><div class=\"mec-monthly-contents\" style=\"width: 100%\"><div class=\"mec-event-time mec-color\"><i class=\"mec-sl-clock-o\"><\/i> 8:30 - 12:30<\/div><h4 class=\"mec-event-title\"><a class=\"mec-color-hover\" data-event-id=\"9681\" href=\"https:\/\/www.bienaldelchaco.org\/2024\/events\/exposicion-del-museo-de-calcos-y-escultura-ernesto-de-la-carcova-900\/\" target=\"m1\" rel=\"noopener\">Exposici\u00f3n &#8220;Origen&#8221; Escultura Argentina Contempor\u00e1nea<\/a><\/h4><div class=\"mec-event-detail\">\r\n                        <div class=\"mec-event-loc-place\">MUBA<\/div>\r\n                        \r\n                    <\/div><\/div><div style=\"clear:both\"><\/div><\/article><article class=\"mec-past-event mec-event-article \"><div class=\"mec-event-image\"><\/div><div class=\"mec-monthly-contents\" style=\"width: 100%\"><div class=\"mec-event-time mec-color\"><i class=\"mec-sl-clock-o\"><\/i> 8:30 - 12:30<\/div><h4 class=\"mec-event-title\"><a class=\"mec-color-hover\" data-event-id=\"12804\" href=\"https:\/\/www.bienaldelchaco.org\/2024\/events\/inauguracion-33-salon-internacional-de-ceramica-102\/\" target=\"m1\" rel=\"noopener\">Exposici\u00f3n 33\u00b0 Sal\u00f3n Internacional de Cer\u00e1mica<\/a><\/h4><div class=\"mec-event-detail\">\r\n                        <div class=\"mec-event-loc-place\">MUBA<\/div>\r\n                        \r\n                    <\/div><\/div><div style=\"clear:both\"><\/div><\/article><article class=\"mec-past-event mec-event-article \"><div class=\"mec-event-image\"><\/div><div class=\"mec-monthly-contents\" style=\"width: 100%\"><div class=\"mec-event-time mec-color\"><i class=\"mec-sl-clock-o\"><\/i> 8:30 - 19:00<\/div><h4 class=\"mec-event-title\"><a class=\"mec-color-hover\" data-event-id=\"9680\" href=\"https:\/\/www.bienaldelchaco.org\/2024\/events\/encuentro-de-escultores-invitados\/\" target=\"m1\" rel=\"noopener\">Encuentro de Escultores Invitados<\/a><\/h4><div class=\"mec-event-detail\">\r\n                        <div class=\"mec-event-loc-place\">Predio de las Bienales<\/div>\r\n                        \r\n                    <\/div><\/div><div style=\"clear:both\"><\/div><\/article><article class=\"mec-past-event mec-event-article \"><div class=\"mec-event-image\"><\/div><div class=\"mec-monthly-contents\" style=\"width: 100%\"><div class=\"mec-event-time mec-color\"><i class=\"mec-sl-clock-o\"><\/i> 8:30 - 19:00<\/div><h4 class=\"mec-event-title\"><a class=\"mec-color-hover\" data-event-id=\"9679\" href=\"https:\/\/www.bienaldelchaco.org\/2024\/events\/bienal-internacional-de-escultura\/\" target=\"m1\" rel=\"noopener\">Bienal Internacional de Escultura<\/a><\/h4><div class=\"mec-event-detail\">\r\n                        <div class=\"mec-event-loc-place\">Predio de las Bienales<\/div>\r\n                        \r\n                    <\/div><\/div><div style=\"clear:both\"><\/div><\/article><article class=\"mec-past-event mec-event-article \"><div class=\"mec-event-image\"><\/div><div class=\"mec-monthly-contents\" style=\"width: 100%\"><div class=\"mec-event-time mec-color\"><i class=\"mec-sl-clock-o\"><\/i> 9:00<\/div><h4 class=\"mec-event-title\"><a class=\"mec-color-hover\" data-event-id=\"9720\" href=\"https:\/\/www.bienaldelchaco.org\/2024\/events\/acto-de-apertura-premio-desafio-hierros-lider\/\" target=\"m1\" rel=\"noopener\">Acto de apertura Premio Desaf\u00edo &#8220;Hierros L\u00edder&#8221;<\/a><\/h4><div class=\"mec-event-detail\">\r\n                        <div class=\"mec-event-loc-place\">Predio de las Bienales<\/div>\r\n                        \r\n                    <\/div><\/div><div style=\"clear:both\"><\/div><\/article><article class=\"mec-past-event mec-event-article \"><div class=\"mec-event-image\"><\/div><div class=\"mec-monthly-contents\" style=\"width: 100%\"><div class=\"mec-event-time mec-color\"><i class=\"mec-sl-clock-o\"><\/i> 10:00 - 20:00<\/div><h4 class=\"mec-event-title\"><a class=\"mec-color-hover\" data-event-id=\"9716\" href=\"https:\/\/www.bienaldelchaco.org\/2024\/events\/exposicion-escultores-del-mundo\/\" target=\"m1\" rel=\"noopener\">Exposici\u00f3n Escultores del Mundo<\/a><\/h4><div class=\"mec-event-detail\">\r\n                        <div class=\"mec-event-loc-place\">Predio de las Bienales<\/div>\r\n                        \r\n                    <\/div><\/div><div style=\"clear:both\"><\/div><\/article><article class=\"mec-past-event mec-event-article \"><div class=\"mec-event-image\"><\/div><div class=\"mec-monthly-contents\" style=\"width: 100%\"><div class=\"mec-event-time mec-color\"><i class=\"mec-sl-clock-o\"><\/i> 10:00 - 21:00<\/div><h4 class=\"mec-event-title\"><a class=\"mec-color-hover\" data-event-id=\"9677\" href=\"https:\/\/www.bienaldelchaco.org\/2024\/events\/encuentro-de-artesanos-de-pueblos-originarios\/\" target=\"m1\" rel=\"noopener\">Encuentro de Artesanos de Pueblos Originarios<\/a><\/h4><div class=\"mec-event-detail\">\r\n                        <div class=\"mec-event-loc-place\">Predio de las Bienales<\/div>\r\n                        \r\n                    <\/div><\/div><div style=\"clear:both\"><\/div><\/article><article class=\"mec-past-event mec-event-article \"><div class=\"mec-event-image\"><\/div><div class=\"mec-monthly-contents\" style=\"width: 100%\"><div class=\"mec-event-time mec-color\"><i class=\"mec-sl-clock-o\"><\/i> 10:00 - 13:00<\/div><h4 class=\"mec-event-title\"><a class=\"mec-color-hover\" data-event-id=\"12795\" href=\"https:\/\/www.bienaldelchaco.org\/2024\/events\/congreso-internacional-de-derecho-del-arte-fder-unr-y-fdcsp-unne-1er-jornada-936\/\" target=\"m1\" rel=\"noopener\">Congreso Internacional de Derecho del Arte | FDER (UNR) y FDCSP (UNNE) &#8211; 2da Jornada<\/a><\/h4><div class=\"mec-event-detail\">\r\n                        <div class=\"mec-event-loc-place\">Virtual<\/div>\r\n                        \r\n                    <\/div><\/div><div style=\"clear:both\"><\/div><\/article><article class=\"mec-past-event mec-event-article \"><div class=\"mec-event-image\"><\/div><div class=\"mec-monthly-contents\" style=\"width: 100%\"><div class=\"mec-event-time mec-color\"><i class=\"mec-sl-clock-o\"><\/i> 10:00 - 21:00<\/div><h4 class=\"mec-event-title\"><a class=\"mec-color-hover\" data-event-id=\"9676\" href=\"https:\/\/www.bienaldelchaco.org\/2024\/events\/encuentro-de-maestros-artesanos-argentinos\/\" target=\"m1\" rel=\"noopener\">Encuentro de Maestros Artesanos Argentinos<\/a><\/h4><div class=\"mec-event-detail\">\r\n                        <div class=\"mec-event-loc-place\">Predio de las Bienales<\/div>\r\n                        \r\n                    <\/div><\/div><div style=\"clear:both\"><\/div><\/article><article class=\"mec-past-event mec-event-article \"><div class=\"mec-event-image\"><\/div><div class=\"mec-monthly-contents\" style=\"width: 100%\"><div class=\"mec-event-time mec-color\"><i class=\"mec-sl-clock-o\"><\/i> 10:00 - 12:00<\/div><h4 class=\"mec-event-title\"><a class=\"mec-color-hover\" data-event-id=\"9684\" href=\"https:\/\/www.bienaldelchaco.org\/2024\/events\/exposicion-asociacion-escultores-chaquenos\/\" target=\"m1\" rel=\"noopener\">Exposici\u00f3n Asociaci\u00f3n Escultores Chaque\u00f1os<\/a><\/h4><div class=\"mec-event-detail\">\r\n                        <div class=\"mec-event-loc-place\">Predio de las Bienales<\/div>\r\n                        \r\n                    <\/div><\/div><div style=\"clear:both\"><\/div><\/article><article class=\"mec-past-event mec-event-article \"><div class=\"mec-event-image\"><\/div><div class=\"mec-monthly-contents\" style=\"width: 100%\"><div class=\"mec-event-time mec-color\"><i class=\"mec-sl-clock-o\"><\/i> 10:00 - 22:00<\/div><h4 class=\"mec-event-title\"><a class=\"mec-color-hover\" data-event-id=\"9673\" href=\"https:\/\/www.bienaldelchaco.org\/2024\/events\/expo-industria-y-comercio\/\" target=\"m1\" rel=\"noopener\">Expo Industria y Comercio<\/a><\/h4><div class=\"mec-event-detail\">\r\n                        <div class=\"mec-event-loc-place\">Predio de las Bienales<\/div>\r\n                        \r\n                    <\/div><\/div><div style=\"clear:both\"><\/div><\/article><article class=\"mec-past-event mec-event-article \"><div class=\"mec-event-image\"><\/div><div class=\"mec-monthly-contents\" style=\"width: 100%\"><div class=\"mec-event-time mec-color\"><i class=\"mec-sl-clock-o\"><\/i> 10:00 - 21:00<\/div><h4 class=\"mec-event-title\"><a class=\"mec-color-hover\" data-event-id=\"9672\" href=\"https:\/\/www.bienaldelchaco.org\/2024\/events\/feria-de-arte-artesania-y-diseno\/\" target=\"m1\" rel=\"noopener\">Feria de Arte, Artesan\u00eda y Dise\u00f1o<\/a><\/h4><div class=\"mec-event-detail\">\r\n                        <div class=\"mec-event-loc-place\">Predio de las Bienales<\/div>\r\n                        \r\n                    <\/div><\/div><div style=\"clear:both\"><\/div><\/article><article class=\"mec-past-event mec-event-article \"><div class=\"mec-event-image\"><\/div><div class=\"mec-monthly-contents\" style=\"width: 100%\"><div class=\"mec-event-time mec-color\"><i class=\"mec-sl-clock-o\"><\/i> 11:30 - 22:00<\/div><h4 class=\"mec-event-title\"><a class=\"mec-color-hover\" data-event-id=\"9674\" href=\"https:\/\/www.bienaldelchaco.org\/2024\/events\/escenario-a-cielo-abierto-funciones-de-teatro-danza-circo-titeres-y-magia-clases-abiertas-y-talleres\/\" target=\"m1\" rel=\"noopener\">Escenario a Cielo Abierto: Funciones de teatro, danza, circo, t\u00edteres y magia. Clases abiertas y talleres<\/a><\/h4><div class=\"mec-event-detail\">\r\n                        <div class=\"mec-event-loc-place\">Predio de las Bienales<\/div>\r\n                        \r\n                    <\/div><\/div><div style=\"clear:both\"><\/div><\/article><article class=\"mec-past-event mec-event-article \"><div class=\"mec-event-image\"><\/div><div class=\"mec-monthly-contents\" style=\"width: 100%\"><div class=\"mec-event-time mec-color\"><i class=\"mec-sl-clock-o\"><\/i> 12:00 - 0:00<\/div><h4 class=\"mec-event-title\"><a class=\"mec-color-hover\" data-event-id=\"9721\" href=\"https:\/\/www.bienaldelchaco.org\/2024\/events\/premio-desafio-hierros-lider-concurso-de-escultura-para-estudiantes-de-artes\/\" target=\"m1\" rel=\"noopener\">Premio Desaf\u00edo &#8220;Hierros L\u00edder&#8221;: Concurso de escultura para estudiantes de artes<\/a><\/h4><div class=\"mec-event-detail\">\r\n                        <div class=\"mec-event-loc-place\">Predio de las Bienales<\/div>\r\n                        \r\n                    <\/div><\/div><div style=\"clear:both\"><\/div><\/article><article class=\"mec-past-event mec-event-article \"><div class=\"mec-event-image\"><\/div><div class=\"mec-monthly-contents\" style=\"width: 100%\"><div class=\"mec-event-time mec-color\"><i class=\"mec-sl-clock-o\"><\/i> 14:00 - 21:40<\/div><h4 class=\"mec-event-title\"><a class=\"mec-color-hover\" data-event-id=\"9678\" href=\"https:\/\/www.bienaldelchaco.org\/2024\/events\/agita-la-bienal-expresiones-artisticas-urbanas-y-emergentes\/\" target=\"m1\" rel=\"noopener\">Agit\u00e1 la Bienal | Expresiones art\u00edsticas urbanas y emergentes<\/a><\/h4><div class=\"mec-event-detail\">\r\n                        <div class=\"mec-event-loc-place\">Predio de las Bienales<\/div>\r\n                        \r\n                    <\/div><\/div><div style=\"clear:both\"><\/div><\/article><article class=\"mec-past-event mec-event-article \"><div class=\"mec-event-image\"><\/div><div class=\"mec-monthly-contents\" style=\"width: 100%\"><div class=\"mec-event-time mec-color\"><i class=\"mec-sl-clock-o\"><\/i> 16:30 - 20:30<\/div><h4 class=\"mec-event-title\"><a class=\"mec-color-hover\" data-event-id=\"9681\" href=\"https:\/\/www.bienaldelchaco.org\/2024\/events\/exposicion-del-museo-de-calcos-y-escultura-ernesto-de-la-carcova-900\/\" target=\"m1\" rel=\"noopener\">Exposici\u00f3n &#8220;Origen&#8221; Escultura Argentina Contempor\u00e1nea<\/a><\/h4><div class=\"mec-event-detail\">\r\n                        <div class=\"mec-event-loc-place\">MUBA<\/div>\r\n                        \r\n                    <\/div><\/div><div style=\"clear:both\"><\/div><\/article><article class=\"mec-past-event mec-event-article \"><div class=\"mec-event-image\"><\/div><div class=\"mec-monthly-contents\" style=\"width: 100%\"><div class=\"mec-event-time mec-color\"><i class=\"mec-sl-clock-o\"><\/i> 16:30 - 20:30<\/div><h4 class=\"mec-event-title\"><a class=\"mec-color-hover\" data-event-id=\"12804\" href=\"https:\/\/www.bienaldelchaco.org\/2024\/events\/inauguracion-33-salon-internacional-de-ceramica-102\/\" target=\"m1\" rel=\"noopener\">Exposici\u00f3n 33\u00b0 Sal\u00f3n Internacional de Cer\u00e1mica<\/a><\/h4><div class=\"mec-event-detail\">\r\n                        <div class=\"mec-event-loc-place\">MUBA<\/div>\r\n                        \r\n                    <\/div><\/div><div style=\"clear:both\"><\/div><\/article><article class=\"mec-past-event mec-event-article \"><div class=\"mec-event-image\"><\/div><div class=\"mec-monthly-contents\" style=\"width: 100%\"><div class=\"mec-event-time mec-color\"><i class=\"mec-sl-clock-o\"><\/i> 17:00 - 21:00<\/div><h4 class=\"mec-event-title\"><a class=\"mec-color-hover\" data-event-id=\"9684\" href=\"https:\/\/www.bienaldelchaco.org\/2024\/events\/exposicion-asociacion-escultores-chaquenos\/\" target=\"m1\" rel=\"noopener\">Exposici\u00f3n Asociaci\u00f3n Escultores Chaque\u00f1os<\/a><\/h4><div class=\"mec-event-detail\">\r\n                        <div class=\"mec-event-loc-place\">Predio de las Bienales<\/div>\r\n                        \r\n                    <\/div><\/div><div style=\"clear:both\"><\/div><\/article><article class=\"mec-past-event mec-event-article \"><div class=\"mec-event-image\"><\/div><div class=\"mec-monthly-contents\" style=\"width: 100%\"><div class=\"mec-event-time mec-color\"><i class=\"mec-sl-clock-o\"><\/i> 17:00<\/div><h4 class=\"mec-event-title\"><a class=\"mec-color-hover\" data-event-id=\"12810\" href=\"https:\/\/www.bienaldelchaco.org\/2024\/events\/charla-escultura-en-el-espacio-publico-maria-del-carmen-magaz\/\" target=\"m1\" rel=\"noopener\">Charla: \u201cEscultura en el espacio p\u00fablico\u201d | Mar\u00eda del Carmen Magaz<\/a><\/h4><div class=\"mec-event-detail\">\r\n                        <div class=\"mec-event-loc-place\">Predio de las Bienales<\/div>\r\n                        \r\n                    <\/div><\/div><div style=\"clear:both\"><\/div><\/article><article class=\"mec-past-event mec-event-article \"><div class=\"mec-event-image\"><\/div><div class=\"mec-monthly-contents\" style=\"width: 100%\"><div class=\"mec-event-time mec-color\"><i class=\"mec-sl-clock-o\"><\/i> 18:00<\/div><h4 class=\"mec-event-title\"><a class=\"mec-color-hover\" data-event-id=\"12811\" href=\"https:\/\/www.bienaldelchaco.org\/2024\/events\/charla-el-david-de-miguel-angel-desde-florencia-a-resistencia-juan-carlos-visconti\/\" target=\"m1\" rel=\"noopener\">Charla: \u201cEl David de Miguel \u00c1ngel, desde Florencia a Resistencia\u201d | Juan Carlos Visconti<\/a><\/h4><div class=\"mec-event-detail\">\r\n                        <div class=\"mec-event-loc-place\">Predio de las Bienales<\/div>\r\n                        \r\n                    <\/div><\/div><div style=\"clear:both\"><\/div><\/article><article class=\"mec-past-event mec-event-article \"><div class=\"mec-event-image\"><\/div><div class=\"mec-monthly-contents\" style=\"width: 100%\"><div class=\"mec-event-time mec-color\"><i class=\"mec-sl-clock-o\"><\/i> 20:00<\/div><h4 class=\"mec-event-title\"><a class=\"mec-color-hover\" data-event-id=\"9723\" href=\"https:\/\/www.bienaldelchaco.org\/2024\/events\/ballet-de-saenz-pena-argentina-del-grito-sagrado-al-pais-de-los-desvelos-representacion-artistica-y-coreografica-de-la-historia-argentina\/\" target=\"m1\" rel=\"noopener\">Ballet de Saenz Pe\u00f1a | &#8220;Argentina, del grito sagrado al pa\u00eds de los desvelos&#8221; (Representaci\u00f3n art\u00edstica y coreogr\u00e1fica de la historia argentina)<\/a><\/h4><div class=\"mec-event-detail\">\r\n                        <div class=\"mec-event-loc-place\">Predio de las Bienales<\/div>\r\n                        \r\n                    <\/div><\/div><div style=\"clear:both\"><\/div><\/article><article class=\"mec-past-event mec-event-article \"><div class=\"mec-event-image\"><\/div><div class=\"mec-monthly-contents\" style=\"width: 100%\"><div class=\"mec-event-time mec-color\"><i class=\"mec-sl-clock-o\"><\/i> 22:00<\/div><h4 class=\"mec-event-title\"><a class=\"mec-color-hover\" data-event-id=\"9724\" href=\"https:\/\/www.bienaldelchaco.org\/2024\/events\/shows-llamada-de-candombe-bloco-de-girasoles-roda-roots-los-tulipanes\/\" target=\"m1\" rel=\"noopener\">Shows: Llamada de Candombe &#8211; Bloco de Girasoles &#8211; Roda Roots &#8211; Los Tulipanes<\/a><\/h4><div class=\"mec-event-detail\">\r\n                        <div class=\"mec-event-loc-place\">Predio de las Bienales<\/div>\r\n                        \r\n                    <\/div><\/div><div style=\"clear:both\"><\/div><\/article><\/div><div class=\"mec-calendar-events-sec\" id=\"mec-calendar-events-sec-9617-20240717\" data-mec-cell=\"20240717\" ><h6 class=\"mec-table-side-title\">Events for <span class=\"mec-color mec-table-side-day\"> 17<\/span> julio<\/h6><article class=\"mec-past-event mec-event-article \"><div class=\"mec-event-image\"><\/div><div class=\"mec-monthly-contents\" style=\"width: 100%\"><div class=\"mec-event-time mec-color\"><i class=\"mec-sl-clock-o\"><\/i> 8:30 - 12:30<\/div><h4 class=\"mec-event-title\"><a class=\"mec-color-hover\" data-event-id=\"9681\" href=\"https:\/\/www.bienaldelchaco.org\/2024\/events\/exposicion-del-museo-de-calcos-y-escultura-ernesto-de-la-carcova-900\/\" target=\"m1\" rel=\"noopener\">Exposici\u00f3n &#8220;Origen&#8221; Escultura Argentina Contempor\u00e1nea<\/a><\/h4><div class=\"mec-event-detail\">\r\n                        <div class=\"mec-event-loc-place\">MUBA<\/div>\r\n                        \r\n                    <\/div><\/div><div style=\"clear:both\"><\/div><\/article><article class=\"mec-past-event mec-event-article \"><div class=\"mec-event-image\"><\/div><div class=\"mec-monthly-contents\" style=\"width: 100%\"><div class=\"mec-event-time mec-color\"><i class=\"mec-sl-clock-o\"><\/i> 8:30 - 12:30<\/div><h4 class=\"mec-event-title\"><a class=\"mec-color-hover\" data-event-id=\"12804\" href=\"https:\/\/www.bienaldelchaco.org\/2024\/events\/inauguracion-33-salon-internacional-de-ceramica-102\/\" target=\"m1\" rel=\"noopener\">Exposici\u00f3n 33\u00b0 Sal\u00f3n Internacional de Cer\u00e1mica<\/a><\/h4><div class=\"mec-event-detail\">\r\n                        <div class=\"mec-event-loc-place\">MUBA<\/div>\r\n                        \r\n                    <\/div><\/div><div style=\"clear:both\"><\/div><\/article><article class=\"mec-past-event mec-event-article \"><div class=\"mec-event-image\"><\/div><div class=\"mec-monthly-contents\" style=\"width: 100%\"><div class=\"mec-event-time mec-color\"><i class=\"mec-sl-clock-o\"><\/i> 8:30 - 19:00<\/div><h4 class=\"mec-event-title\"><a class=\"mec-color-hover\" data-event-id=\"9680\" href=\"https:\/\/www.bienaldelchaco.org\/2024\/events\/encuentro-de-escultores-invitados\/\" target=\"m1\" rel=\"noopener\">Encuentro de Escultores Invitados<\/a><\/h4><div class=\"mec-event-detail\">\r\n                        <div class=\"mec-event-loc-place\">Predio de las Bienales<\/div>\r\n                        \r\n                    <\/div><\/div><div style=\"clear:both\"><\/div><\/article><article class=\"mec-past-event mec-event-article \"><div class=\"mec-event-image\"><\/div><div class=\"mec-monthly-contents\" style=\"width: 100%\"><div class=\"mec-event-time mec-color\"><i class=\"mec-sl-clock-o\"><\/i> 8:30 - 19:00<\/div><h4 class=\"mec-event-title\"><a class=\"mec-color-hover\" data-event-id=\"9679\" href=\"https:\/\/www.bienaldelchaco.org\/2024\/events\/bienal-internacional-de-escultura\/\" target=\"m1\" rel=\"noopener\">Bienal Internacional de Escultura<\/a><\/h4><div class=\"mec-event-detail\">\r\n                        <div class=\"mec-event-loc-place\">Predio de las Bienales<\/div>\r\n                        \r\n                    <\/div><\/div><div style=\"clear:both\"><\/div><\/article><article class=\"mec-past-event mec-event-article \"><div class=\"mec-event-image\"><\/div><div class=\"mec-monthly-contents\" style=\"width: 100%\"><div class=\"mec-event-time mec-color\"><i class=\"mec-sl-clock-o\"><\/i> 10:00 - 20:00<\/div><h4 class=\"mec-event-title\"><a class=\"mec-color-hover\" data-event-id=\"9716\" href=\"https:\/\/www.bienaldelchaco.org\/2024\/events\/exposicion-escultores-del-mundo\/\" target=\"m1\" rel=\"noopener\">Exposici\u00f3n Escultores del Mundo<\/a><\/h4><div class=\"mec-event-detail\">\r\n                        <div class=\"mec-event-loc-place\">Predio de las Bienales<\/div>\r\n                        \r\n                    <\/div><\/div><div style=\"clear:both\"><\/div><\/article><article class=\"mec-past-event mec-event-article \"><div class=\"mec-event-image\"><\/div><div class=\"mec-monthly-contents\" style=\"width: 100%\"><div class=\"mec-event-time mec-color\"><i class=\"mec-sl-clock-o\"><\/i> 10:00 - 21:00<\/div><h4 class=\"mec-event-title\"><a class=\"mec-color-hover\" data-event-id=\"9676\" href=\"https:\/\/www.bienaldelchaco.org\/2024\/events\/encuentro-de-maestros-artesanos-argentinos\/\" target=\"m1\" rel=\"noopener\">Encuentro de Maestros Artesanos Argentinos<\/a><\/h4><div class=\"mec-event-detail\">\r\n                        <div class=\"mec-event-loc-place\">Predio de las Bienales<\/div>\r\n                        \r\n                    <\/div><\/div><div style=\"clear:both\"><\/div><\/article><article class=\"mec-past-event mec-event-article \"><div class=\"mec-event-image\"><\/div><div class=\"mec-monthly-contents\" style=\"width: 100%\"><div class=\"mec-event-time mec-color\"><i class=\"mec-sl-clock-o\"><\/i> 10:00 - 21:00<\/div><h4 class=\"mec-event-title\"><a class=\"mec-color-hover\" data-event-id=\"9677\" href=\"https:\/\/www.bienaldelchaco.org\/2024\/events\/encuentro-de-artesanos-de-pueblos-originarios\/\" target=\"m1\" rel=\"noopener\">Encuentro de Artesanos de Pueblos Originarios<\/a><\/h4><div class=\"mec-event-detail\">\r\n                        <div class=\"mec-event-loc-place\">Predio de las Bienales<\/div>\r\n                        \r\n                    <\/div><\/div><div style=\"clear:both\"><\/div><\/article><article class=\"mec-past-event mec-event-article \"><div class=\"mec-event-image\"><\/div><div class=\"mec-monthly-contents\" style=\"width: 100%\"><div class=\"mec-event-time mec-color\"><i class=\"mec-sl-clock-o\"><\/i> 10:00 - 12:00<\/div><h4 class=\"mec-event-title\"><a class=\"mec-color-hover\" data-event-id=\"9684\" href=\"https:\/\/www.bienaldelchaco.org\/2024\/events\/exposicion-asociacion-escultores-chaquenos\/\" target=\"m1\" rel=\"noopener\">Exposici\u00f3n Asociaci\u00f3n Escultores Chaque\u00f1os<\/a><\/h4><div class=\"mec-event-detail\">\r\n                        <div class=\"mec-event-loc-place\">Predio de las Bienales<\/div>\r\n                        \r\n                    <\/div><\/div><div style=\"clear:both\"><\/div><\/article><article class=\"mec-past-event mec-event-article \"><div class=\"mec-event-image\"><\/div><div class=\"mec-monthly-contents\" style=\"width: 100%\"><div class=\"mec-event-time mec-color\"><i class=\"mec-sl-clock-o\"><\/i> 10:00 - 22:00<\/div><h4 class=\"mec-event-title\"><a class=\"mec-color-hover\" data-event-id=\"9673\" href=\"https:\/\/www.bienaldelchaco.org\/2024\/events\/expo-industria-y-comercio\/\" target=\"m1\" rel=\"noopener\">Expo Industria y Comercio<\/a><\/h4><div class=\"mec-event-detail\">\r\n                        <div class=\"mec-event-loc-place\">Predio de las Bienales<\/div>\r\n                        \r\n                    <\/div><\/div><div style=\"clear:both\"><\/div><\/article><article class=\"mec-past-event mec-event-article \"><div class=\"mec-event-image\"><\/div><div class=\"mec-monthly-contents\" style=\"width: 100%\"><div class=\"mec-event-time mec-color\"><i class=\"mec-sl-clock-o\"><\/i> 10:00 - 21:00<\/div><h4 class=\"mec-event-title\"><a class=\"mec-color-hover\" data-event-id=\"9672\" href=\"https:\/\/www.bienaldelchaco.org\/2024\/events\/feria-de-arte-artesania-y-diseno\/\" target=\"m1\" rel=\"noopener\">Feria de Arte, Artesan\u00eda y Dise\u00f1o<\/a><\/h4><div class=\"mec-event-detail\">\r\n                        <div class=\"mec-event-loc-place\">Predio de las Bienales<\/div>\r\n                        \r\n                    <\/div><\/div><div style=\"clear:both\"><\/div><\/article><article class=\"mec-past-event mec-event-article \"><div class=\"mec-event-image\"><\/div><div class=\"mec-monthly-contents\" style=\"width: 100%\"><div class=\"mec-event-time mec-color\"><i class=\"mec-sl-clock-o\"><\/i> 11:00 - 13:00<\/div><h4 class=\"mec-event-title\"><a class=\"mec-color-hover\" data-event-id=\"12817\" href=\"https:\/\/www.bienaldelchaco.org\/2024\/events\/charla-patrimonio-material-e-inmaterial-de-argentina\/\" target=\"m1\" rel=\"noopener\">Charla: Patrimonio Material e Inmaterial de Argentina<\/a><\/h4><div class=\"mec-event-detail\">\r\n                        <div class=\"mec-event-loc-place\">Predio de las Bienales<\/div>\r\n                        \r\n                    <\/div><\/div><div style=\"clear:both\"><\/div><\/article><article class=\"mec-past-event mec-event-article \"><div class=\"mec-event-image\"><\/div><div class=\"mec-monthly-contents\" style=\"width: 100%\"><div class=\"mec-event-time mec-color\"><i class=\"mec-sl-clock-o\"><\/i> 11:30 - 22:00<\/div><h4 class=\"mec-event-title\"><a class=\"mec-color-hover\" data-event-id=\"9674\" href=\"https:\/\/www.bienaldelchaco.org\/2024\/events\/escenario-a-cielo-abierto-funciones-de-teatro-danza-circo-titeres-y-magia-clases-abiertas-y-talleres\/\" target=\"m1\" rel=\"noopener\">Escenario a Cielo Abierto: Funciones de teatro, danza, circo, t\u00edteres y magia. Clases abiertas y talleres<\/a><\/h4><div class=\"mec-event-detail\">\r\n                        <div class=\"mec-event-loc-place\">Predio de las Bienales<\/div>\r\n                        \r\n                    <\/div><\/div><div style=\"clear:both\"><\/div><\/article><article class=\"mec-past-event mec-event-article \"><div class=\"mec-event-image\"><\/div><div class=\"mec-monthly-contents\" style=\"width: 100%\"><div class=\"mec-event-time mec-color\"><i class=\"mec-sl-clock-o\"><\/i> Todo el d\u00eda<\/div><h4 class=\"mec-event-title\"><a class=\"mec-color-hover\" data-event-id=\"9721\" href=\"https:\/\/www.bienaldelchaco.org\/2024\/events\/premio-desafio-hierros-lider-concurso-de-escultura-para-estudiantes-de-artes\/\" target=\"m1\" rel=\"noopener\">Premio Desaf\u00edo &#8220;Hierros L\u00edder&#8221;: Concurso de escultura para estudiantes de artes<\/a><\/h4><div class=\"mec-event-detail\">\r\n                        <div class=\"mec-event-loc-place\">Predio de las Bienales<\/div>\r\n                        \r\n                    <\/div><\/div><div style=\"clear:both\"><\/div><\/article><article class=\"mec-past-event mec-event-article \"><div class=\"mec-event-image\"><\/div><div class=\"mec-monthly-contents\" style=\"width: 100%\"><div class=\"mec-event-time mec-color\"><i class=\"mec-sl-clock-o\"><\/i> 14:00 - 21:40<\/div><h4 class=\"mec-event-title\"><a class=\"mec-color-hover\" data-event-id=\"9678\" href=\"https:\/\/www.bienaldelchaco.org\/2024\/events\/agita-la-bienal-expresiones-artisticas-urbanas-y-emergentes\/\" target=\"m1\" rel=\"noopener\">Agit\u00e1 la Bienal | Expresiones art\u00edsticas urbanas y emergentes<\/a><\/h4><div class=\"mec-event-detail\">\r\n                        <div class=\"mec-event-loc-place\">Predio de las Bienales<\/div>\r\n                        \r\n                    <\/div><\/div><div style=\"clear:both\"><\/div><\/article><article class=\"mec-past-event mec-event-article \"><div class=\"mec-event-image\"><\/div><div class=\"mec-monthly-contents\" style=\"width: 100%\"><div class=\"mec-event-time mec-color\"><i class=\"mec-sl-clock-o\"><\/i> 16:30 - 20:30<\/div><h4 class=\"mec-event-title\"><a class=\"mec-color-hover\" data-event-id=\"9681\" href=\"https:\/\/www.bienaldelchaco.org\/2024\/events\/exposicion-del-museo-de-calcos-y-escultura-ernesto-de-la-carcova-900\/\" target=\"m1\" rel=\"noopener\">Exposici\u00f3n &#8220;Origen&#8221; Escultura Argentina Contempor\u00e1nea<\/a><\/h4><div class=\"mec-event-detail\">\r\n                        <div class=\"mec-event-loc-place\">MUBA<\/div>\r\n                        \r\n                    <\/div><\/div><div style=\"clear:both\"><\/div><\/article><article class=\"mec-past-event mec-event-article \"><div class=\"mec-event-image\"><\/div><div class=\"mec-monthly-contents\" style=\"width: 100%\"><div class=\"mec-event-time mec-color\"><i class=\"mec-sl-clock-o\"><\/i> 16:30 - 20:30<\/div><h4 class=\"mec-event-title\"><a class=\"mec-color-hover\" data-event-id=\"12804\" href=\"https:\/\/www.bienaldelchaco.org\/2024\/events\/inauguracion-33-salon-internacional-de-ceramica-102\/\" target=\"m1\" rel=\"noopener\">Exposici\u00f3n 33\u00b0 Sal\u00f3n Internacional de Cer\u00e1mica<\/a><\/h4><div class=\"mec-event-detail\">\r\n                        <div class=\"mec-event-loc-place\">MUBA<\/div>\r\n                        \r\n                    <\/div><\/div><div style=\"clear:both\"><\/div><\/article><article class=\"mec-past-event mec-event-article \"><div class=\"mec-event-image\"><\/div><div class=\"mec-monthly-contents\" style=\"width: 100%\"><div class=\"mec-event-time mec-color\"><i class=\"mec-sl-clock-o\"><\/i> 17:00 - 21:00<\/div><h4 class=\"mec-event-title\"><a class=\"mec-color-hover\" data-event-id=\"9684\" href=\"https:\/\/www.bienaldelchaco.org\/2024\/events\/exposicion-asociacion-escultores-chaquenos\/\" target=\"m1\" rel=\"noopener\">Exposici\u00f3n Asociaci\u00f3n Escultores Chaque\u00f1os<\/a><\/h4><div class=\"mec-event-detail\">\r\n                        <div class=\"mec-event-loc-place\">Predio de las Bienales<\/div>\r\n                        \r\n                    <\/div><\/div><div style=\"clear:both\"><\/div><\/article><article class=\"mec-past-event mec-event-article \"><div class=\"mec-event-image\"><\/div><div class=\"mec-monthly-contents\" style=\"width: 100%\"><div class=\"mec-event-time mec-color\"><i class=\"mec-sl-clock-o\"><\/i> 19:00 - 20:30<\/div><h4 class=\"mec-event-title\"><a class=\"mec-color-hover\" data-event-id=\"9834\" href=\"https:\/\/www.bienaldelchaco.org\/2024\/events\/congreso-internacional-de-artes-conferencia-proteccion-de-los-bienes-culturales-por-federico-valdez-y-edita-del-palacio\/\" target=\"m1\" rel=\"noopener\">Congreso Internacional de Artes | Conferencia: &#8220;Protecci\u00f3n de los Bienes Culturales&#8221; por Federico Vald\u00e9z y Edita del Palacio<\/a><\/h4><div class=\"mec-event-detail\">\r\n                        <div class=\"mec-event-loc-place\">Predio de las Bienales<\/div>\r\n                        \r\n                    <\/div><\/div><div style=\"clear:both\"><\/div><\/article><article class=\"mec-past-event mec-event-article \"><div class=\"mec-event-image\"><\/div><div class=\"mec-monthly-contents\" style=\"width: 100%\"><div class=\"mec-event-time mec-color\"><i class=\"mec-sl-clock-o\"><\/i> 20:00<\/div><h4 class=\"mec-event-title\"><a class=\"mec-color-hover\" data-event-id=\"9731\" href=\"https:\/\/www.bienaldelchaco.org\/2024\/events\/fundacion-cultural-galatea-pericones-de-mauricio-kartun-obra-teatral-que-habla-de-argentina-de-su-politica-y-su-historia\/\" target=\"m1\" rel=\"noopener\">Fundaci\u00f3n Cultural Galatea | &#8220;Pericones&#8221;  de Mauricio Kartun (Obra teatral que habla de Argentina, de su pol\u00edtica y su historia)<\/a><\/h4><div class=\"mec-event-detail\">\r\n                        <div class=\"mec-event-loc-place\">Predio de las Bienales<\/div>\r\n                        \r\n                    <\/div><\/div><div style=\"clear:both\"><\/div><\/article><article class=\"mec-past-event mec-event-article \"><div class=\"mec-event-image\"><\/div><div class=\"mec-monthly-contents\" style=\"width: 100%\"><div class=\"mec-event-time mec-color\"><i class=\"mec-sl-clock-o\"><\/i> 22:00<\/div><h4 class=\"mec-event-title\"><a class=\"mec-color-hover\" data-event-id=\"9732\" href=\"https:\/\/www.bienaldelchaco.org\/2024\/events\/shows-algo-al-espiedo-ensamble-negroovs-coro-qom-chelaalapi-dante-spinetta\/\" target=\"m1\" rel=\"noopener\">Shows:   Algo al Espiedo &#8211; Ensamble Negroovs + Coro Qom Chelaalap\u00ed &#8211; Dante Spinetta<\/a><\/h4><div class=\"mec-event-detail\">\r\n                        <div class=\"mec-event-loc-place\">Predio de las Bienales<\/div>\r\n                        \r\n                    <\/div><\/div><div style=\"clear:both\"><\/div><\/article><\/div><div class=\"mec-calendar-events-sec\" id=\"mec-calendar-events-sec-9617-20240718\" data-mec-cell=\"20240718\" ><h6 class=\"mec-table-side-title\">Events for <span class=\"mec-color mec-table-side-day\"> 18<\/span> julio<\/h6><article class=\"mec-past-event mec-event-article \"><div class=\"mec-event-image\"><\/div><div class=\"mec-monthly-contents\" style=\"width: 100%\"><div class=\"mec-event-time mec-color\"><i class=\"mec-sl-clock-o\"><\/i> 8:30 - 12:30<\/div><h4 class=\"mec-event-title\"><a class=\"mec-color-hover\" data-event-id=\"9681\" href=\"https:\/\/www.bienaldelchaco.org\/2024\/events\/exposicion-del-museo-de-calcos-y-escultura-ernesto-de-la-carcova-900\/\" target=\"m1\" rel=\"noopener\">Exposici\u00f3n &#8220;Origen&#8221; Escultura Argentina Contempor\u00e1nea<\/a><\/h4><div class=\"mec-event-detail\">\r\n                        <div class=\"mec-event-loc-place\">MUBA<\/div>\r\n                        \r\n                    <\/div><\/div><div style=\"clear:both\"><\/div><\/article><article class=\"mec-past-event mec-event-article \"><div class=\"mec-event-image\"><\/div><div class=\"mec-monthly-contents\" style=\"width: 100%\"><div class=\"mec-event-time mec-color\"><i class=\"mec-sl-clock-o\"><\/i> 8:30 - 19:00<\/div><h4 class=\"mec-event-title\"><a class=\"mec-color-hover\" data-event-id=\"9733\" href=\"https:\/\/www.bienaldelchaco.org\/2024\/events\/voto-del-publico-y-los-ninos\/\" target=\"m1\" rel=\"noopener\">Voto del p\u00fablico y los ni\u00f1os<\/a><\/h4><div class=\"mec-event-detail\">\r\n                        <div class=\"mec-event-loc-place\">Predio de las Bienales<\/div>\r\n                        \r\n                    <\/div><\/div><div style=\"clear:both\"><\/div><\/article><article class=\"mec-past-event mec-event-article \"><div class=\"mec-event-image\"><\/div><div class=\"mec-monthly-contents\" style=\"width: 100%\"><div class=\"mec-event-time mec-color\"><i class=\"mec-sl-clock-o\"><\/i> 8:30 - 12:30<\/div><h4 class=\"mec-event-title\"><a class=\"mec-color-hover\" data-event-id=\"12804\" href=\"https:\/\/www.bienaldelchaco.org\/2024\/events\/inauguracion-33-salon-internacional-de-ceramica-102\/\" target=\"m1\" rel=\"noopener\">Exposici\u00f3n 33\u00b0 Sal\u00f3n Internacional de Cer\u00e1mica<\/a><\/h4><div class=\"mec-event-detail\">\r\n                        <div class=\"mec-event-loc-place\">MUBA<\/div>\r\n                        \r\n                    <\/div><\/div><div style=\"clear:both\"><\/div><\/article><article class=\"mec-past-event mec-event-article \"><div class=\"mec-event-image\"><\/div><div class=\"mec-monthly-contents\" style=\"width: 100%\"><div class=\"mec-event-time mec-color\"><i class=\"mec-sl-clock-o\"><\/i> 8:30 - 19:00<\/div><h4 class=\"mec-event-title\"><a class=\"mec-color-hover\" data-event-id=\"9680\" href=\"https:\/\/www.bienaldelchaco.org\/2024\/events\/encuentro-de-escultores-invitados\/\" target=\"m1\" rel=\"noopener\">Encuentro de Escultores Invitados<\/a><\/h4><div class=\"mec-event-detail\">\r\n                        <div class=\"mec-event-loc-place\">Predio de las Bienales<\/div>\r\n                        \r\n                    <\/div><\/div><div style=\"clear:both\"><\/div><\/article><article class=\"mec-past-event mec-event-article \"><div class=\"mec-event-image\"><\/div><div class=\"mec-monthly-contents\" style=\"width: 100%\"><div class=\"mec-event-time mec-color\"><i class=\"mec-sl-clock-o\"><\/i> 8:30 - 19:00<\/div><h4 class=\"mec-event-title\"><a class=\"mec-color-hover\" data-event-id=\"9679\" href=\"https:\/\/www.bienaldelchaco.org\/2024\/events\/bienal-internacional-de-escultura\/\" target=\"m1\" rel=\"noopener\">Bienal Internacional de Escultura<\/a><\/h4><div class=\"mec-event-detail\">\r\n                        <div class=\"mec-event-loc-place\">Predio de las Bienales<\/div>\r\n                        \r\n                    <\/div><\/div><div style=\"clear:both\"><\/div><\/article><article class=\"mec-past-event mec-event-article \"><div class=\"mec-event-image\"><\/div><div class=\"mec-monthly-contents\" style=\"width: 100%\"><div class=\"mec-event-time mec-color\"><i class=\"mec-sl-clock-o\"><\/i> 9:00 - 10:30<\/div><h4 class=\"mec-event-title\"><a class=\"mec-color-hover\" data-event-id=\"9729\" href=\"https:\/\/www.bienaldelchaco.org\/2024\/events\/taller-de-escultura-en-arena-dictado-por-alejandro-arce\/\" target=\"m1\" rel=\"noopener\">Taller de Escultura en Arena: | Dictado por Alejandro Arce<\/a><\/h4><div class=\"mec-event-detail\">\r\n                        <div class=\"mec-event-loc-place\">Predio de las Bienales<\/div>\r\n                        \r\n                    <\/div><\/div><div style=\"clear:both\"><\/div><\/article><article class=\"mec-past-event mec-event-article \"><div class=\"mec-event-image\"><\/div><div class=\"mec-monthly-contents\" style=\"width: 100%\"><div class=\"mec-event-time mec-color\"><i class=\"mec-sl-clock-o\"><\/i> 9:00 - 18:00<\/div><h4 class=\"mec-event-title\"><a class=\"mec-color-hover\" data-event-id=\"13042\" href=\"https:\/\/www.bienaldelchaco.org\/2024\/events\/taller-de-ceramica-escultorica-precolombina-37-fiesta-del-barro\/\" target=\"m1\" rel=\"noopener\">Taller de Cer\u00e1mica Escult\u00f3rica Precolombina | 37\u00b0 Fiesta del Barro<\/a><\/h4><div class=\"mec-event-detail\">\r\n                        <div class=\"mec-event-loc-place\">Predio de las Bienales<\/div>\r\n                        \r\n                    <\/div><\/div><div style=\"clear:both\"><\/div><\/article><article class=\"mec-past-event mec-event-article \"><div class=\"mec-event-image\"><\/div><div class=\"mec-monthly-contents\" style=\"width: 100%\"><div class=\"mec-event-time mec-color\"><i class=\"mec-sl-clock-o\"><\/i> 10:00 - 20:00<\/div><h4 class=\"mec-event-title\"><a class=\"mec-color-hover\" data-event-id=\"9716\" href=\"https:\/\/www.bienaldelchaco.org\/2024\/events\/exposicion-escultores-del-mundo\/\" target=\"m1\" rel=\"noopener\">Exposici\u00f3n Escultores del Mundo<\/a><\/h4><div class=\"mec-event-detail\">\r\n                        <div class=\"mec-event-loc-place\">Predio de las Bienales<\/div>\r\n                        \r\n                    <\/div><\/div><div style=\"clear:both\"><\/div><\/article><article class=\"mec-past-event mec-event-article \"><div class=\"mec-event-image\"><\/div><div class=\"mec-monthly-contents\" style=\"width: 100%\"><div class=\"mec-event-time mec-color\"><i class=\"mec-sl-clock-o\"><\/i> 10:00 - 21:00<\/div><h4 class=\"mec-event-title\"><a class=\"mec-color-hover\" data-event-id=\"9677\" href=\"https:\/\/www.bienaldelchaco.org\/2024\/events\/encuentro-de-artesanos-de-pueblos-originarios\/\" target=\"m1\" rel=\"noopener\">Encuentro de Artesanos de Pueblos Originarios<\/a><\/h4><div class=\"mec-event-detail\">\r\n                        <div class=\"mec-event-loc-place\">Predio de las Bienales<\/div>\r\n                        \r\n                    <\/div><\/div><div style=\"clear:both\"><\/div><\/article><article class=\"mec-past-event mec-event-article \"><div class=\"mec-event-image\"><\/div><div class=\"mec-monthly-contents\" style=\"width: 100%\"><div class=\"mec-event-time mec-color\"><i class=\"mec-sl-clock-o\"><\/i> 10:00 - 21:00<\/div><h4 class=\"mec-event-title\"><a class=\"mec-color-hover\" data-event-id=\"9676\" href=\"https:\/\/www.bienaldelchaco.org\/2024\/events\/encuentro-de-maestros-artesanos-argentinos\/\" target=\"m1\" rel=\"noopener\">Encuentro de Maestros Artesanos Argentinos<\/a><\/h4><div class=\"mec-event-detail\">\r\n                        <div class=\"mec-event-loc-place\">Predio de las Bienales<\/div>\r\n                        \r\n                    <\/div><\/div><div style=\"clear:both\"><\/div><\/article><article class=\"mec-past-event mec-event-article \"><div class=\"mec-event-image\"><\/div><div class=\"mec-monthly-contents\" style=\"width: 100%\"><div class=\"mec-event-time mec-color\"><i class=\"mec-sl-clock-o\"><\/i> 10:00 - 12:00<\/div><h4 class=\"mec-event-title\"><a class=\"mec-color-hover\" data-event-id=\"9684\" href=\"https:\/\/www.bienaldelchaco.org\/2024\/events\/exposicion-asociacion-escultores-chaquenos\/\" target=\"m1\" rel=\"noopener\">Exposici\u00f3n Asociaci\u00f3n Escultores Chaque\u00f1os<\/a><\/h4><div class=\"mec-event-detail\">\r\n                        <div class=\"mec-event-loc-place\">Predio de las Bienales<\/div>\r\n                        \r\n                    <\/div><\/div><div style=\"clear:both\"><\/div><\/article><article class=\"mec-past-event mec-event-article \"><div class=\"mec-event-image\"><\/div><div class=\"mec-monthly-contents\" style=\"width: 100%\"><div class=\"mec-event-time mec-color\"><i class=\"mec-sl-clock-o\"><\/i> 10:00 - 22:00<\/div><h4 class=\"mec-event-title\"><a class=\"mec-color-hover\" data-event-id=\"9673\" href=\"https:\/\/www.bienaldelchaco.org\/2024\/events\/expo-industria-y-comercio\/\" target=\"m1\" rel=\"noopener\">Expo Industria y Comercio<\/a><\/h4><div class=\"mec-event-detail\">\r\n                        <div class=\"mec-event-loc-place\">Predio de las Bienales<\/div>\r\n                        \r\n                    <\/div><\/div><div style=\"clear:both\"><\/div><\/article><article class=\"mec-past-event mec-event-article \"><div class=\"mec-event-image\"><\/div><div class=\"mec-monthly-contents\" style=\"width: 100%\"><div class=\"mec-event-time mec-color\"><i class=\"mec-sl-clock-o\"><\/i> 10:00 - 21:00<\/div><h4 class=\"mec-event-title\"><a class=\"mec-color-hover\" data-event-id=\"9672\" href=\"https:\/\/www.bienaldelchaco.org\/2024\/events\/feria-de-arte-artesania-y-diseno\/\" target=\"m1\" rel=\"noopener\">Feria de Arte, Artesan\u00eda y Dise\u00f1o<\/a><\/h4><div class=\"mec-event-detail\">\r\n                        <div class=\"mec-event-loc-place\">Predio de las Bienales<\/div>\r\n                        \r\n                    <\/div><\/div><div style=\"clear:both\"><\/div><\/article><article class=\"mec-past-event mec-event-article \"><div class=\"mec-event-image\"><\/div><div class=\"mec-monthly-contents\" style=\"width: 100%\"><div class=\"mec-event-time mec-color\"><i class=\"mec-sl-clock-o\"><\/i> 11:00 - 12:30<\/div><h4 class=\"mec-event-title\"><a class=\"mec-color-hover\" data-event-id=\"9729\" href=\"https:\/\/www.bienaldelchaco.org\/2024\/events\/taller-de-escultura-en-arena-dictado-por-alejandro-arce\/\" target=\"m1\" rel=\"noopener\">Taller de Escultura en Arena: | Dictado por Alejandro Arce<\/a><\/h4><div class=\"mec-event-detail\">\r\n                        <div class=\"mec-event-loc-place\">Predio de las Bienales<\/div>\r\n                        \r\n                    <\/div><\/div><div style=\"clear:both\"><\/div><\/article><article class=\"mec-past-event mec-event-article \"><div class=\"mec-event-image\"><\/div><div class=\"mec-monthly-contents\" style=\"width: 100%\"><div class=\"mec-event-time mec-color\"><i class=\"mec-sl-clock-o\"><\/i> 11:30 - 22:00<\/div><h4 class=\"mec-event-title\"><a class=\"mec-color-hover\" data-event-id=\"9674\" href=\"https:\/\/www.bienaldelchaco.org\/2024\/events\/escenario-a-cielo-abierto-funciones-de-teatro-danza-circo-titeres-y-magia-clases-abiertas-y-talleres\/\" target=\"m1\" rel=\"noopener\">Escenario a Cielo Abierto: Funciones de teatro, danza, circo, t\u00edteres y magia. Clases abiertas y talleres<\/a><\/h4><div class=\"mec-event-detail\">\r\n                        <div class=\"mec-event-loc-place\">Predio de las Bienales<\/div>\r\n                        \r\n                    <\/div><\/div><div style=\"clear:both\"><\/div><\/article><article class=\"mec-past-event mec-event-article \"><div class=\"mec-event-image\"><\/div><div class=\"mec-monthly-contents\" style=\"width: 100%\"><div class=\"mec-event-time mec-color\"><i class=\"mec-sl-clock-o\"><\/i> 0:00 - 12:00<\/div><h4 class=\"mec-event-title\"><a class=\"mec-color-hover\" data-event-id=\"9721\" href=\"https:\/\/www.bienaldelchaco.org\/2024\/events\/premio-desafio-hierros-lider-concurso-de-escultura-para-estudiantes-de-artes\/\" target=\"m1\" rel=\"noopener\">Premio Desaf\u00edo &#8220;Hierros L\u00edder&#8221;: Concurso de escultura para estudiantes de artes<\/a><\/h4><div class=\"mec-event-detail\">\r\n                        <div class=\"mec-event-loc-place\">Predio de las Bienales<\/div>\r\n                        \r\n                    <\/div><\/div><div style=\"clear:both\"><\/div><\/article><article class=\"mec-past-event mec-event-article \"><div class=\"mec-event-image\"><\/div><div class=\"mec-monthly-contents\" style=\"width: 100%\"><div class=\"mec-event-time mec-color\"><i class=\"mec-sl-clock-o\"><\/i> 14:00 - 21:40<\/div><h4 class=\"mec-event-title\"><a class=\"mec-color-hover\" data-event-id=\"9678\" href=\"https:\/\/www.bienaldelchaco.org\/2024\/events\/agita-la-bienal-expresiones-artisticas-urbanas-y-emergentes\/\" target=\"m1\" rel=\"noopener\">Agit\u00e1 la Bienal | Expresiones art\u00edsticas urbanas y emergentes<\/a><\/h4><div class=\"mec-event-detail\">\r\n                        <div class=\"mec-event-loc-place\">Predio de las Bienales<\/div>\r\n                        \r\n                    <\/div><\/div><div style=\"clear:both\"><\/div><\/article><article class=\"mec-past-event mec-event-article \"><div class=\"mec-event-image\"><\/div><div class=\"mec-monthly-contents\" style=\"width: 100%\"><div class=\"mec-event-time mec-color\"><i class=\"mec-sl-clock-o\"><\/i> 15:00 - 16:30<\/div><h4 class=\"mec-event-title\"><a class=\"mec-color-hover\" data-event-id=\"9729\" href=\"https:\/\/www.bienaldelchaco.org\/2024\/events\/taller-de-escultura-en-arena-dictado-por-alejandro-arce\/\" target=\"m1\" rel=\"noopener\">Taller de Escultura en Arena: | Dictado por Alejandro Arce<\/a><\/h4><div class=\"mec-event-detail\">\r\n                        <div class=\"mec-event-loc-place\">Predio de las Bienales<\/div>\r\n                        \r\n                    <\/div><\/div><div style=\"clear:both\"><\/div><\/article><article class=\"mec-past-event mec-event-article \"><div class=\"mec-event-image\"><\/div><div class=\"mec-monthly-contents\" style=\"width: 100%\"><div class=\"mec-event-time mec-color\"><i class=\"mec-sl-clock-o\"><\/i> 16:30 - 20:30<\/div><h4 class=\"mec-event-title\"><a class=\"mec-color-hover\" data-event-id=\"9681\" href=\"https:\/\/www.bienaldelchaco.org\/2024\/events\/exposicion-del-museo-de-calcos-y-escultura-ernesto-de-la-carcova-900\/\" target=\"m1\" rel=\"noopener\">Exposici\u00f3n &#8220;Origen&#8221; Escultura Argentina Contempor\u00e1nea<\/a><\/h4><div class=\"mec-event-detail\">\r\n                        <div class=\"mec-event-loc-place\">MUBA<\/div>\r\n                        \r\n                    <\/div><\/div><div style=\"clear:both\"><\/div><\/article><article class=\"mec-past-event mec-event-article \"><div class=\"mec-event-image\"><\/div><div class=\"mec-monthly-contents\" style=\"width: 100%\"><div class=\"mec-event-time mec-color\"><i class=\"mec-sl-clock-o\"><\/i> 16:30 - 20:30<\/div><h4 class=\"mec-event-title\"><a class=\"mec-color-hover\" data-event-id=\"12804\" href=\"https:\/\/www.bienaldelchaco.org\/2024\/events\/inauguracion-33-salon-internacional-de-ceramica-102\/\" target=\"m1\" rel=\"noopener\">Exposici\u00f3n 33\u00b0 Sal\u00f3n Internacional de Cer\u00e1mica<\/a><\/h4><div class=\"mec-event-detail\">\r\n                        <div class=\"mec-event-loc-place\">MUBA<\/div>\r\n                        \r\n                    <\/div><\/div><div style=\"clear:both\"><\/div><\/article><article class=\"mec-past-event mec-event-article \"><div class=\"mec-event-image\"><\/div><div class=\"mec-monthly-contents\" style=\"width: 100%\"><div class=\"mec-event-time mec-color\"><i class=\"mec-sl-clock-o\"><\/i> 17:00 - 21:00<\/div><h4 class=\"mec-event-title\"><a class=\"mec-color-hover\" data-event-id=\"9684\" href=\"https:\/\/www.bienaldelchaco.org\/2024\/events\/exposicion-asociacion-escultores-chaquenos\/\" target=\"m1\" rel=\"noopener\">Exposici\u00f3n Asociaci\u00f3n Escultores Chaque\u00f1os<\/a><\/h4><div class=\"mec-event-detail\">\r\n                        <div class=\"mec-event-loc-place\">Predio de las Bienales<\/div>\r\n                        \r\n                    <\/div><\/div><div style=\"clear:both\"><\/div><\/article><article class=\"mec-past-event mec-event-article \"><div class=\"mec-event-image\"><\/div><div class=\"mec-monthly-contents\" style=\"width: 100%\"><div class=\"mec-event-time mec-color\"><i class=\"mec-sl-clock-o\"><\/i> 17:00 - 18:30<\/div><h4 class=\"mec-event-title\"><a class=\"mec-color-hover\" data-event-id=\"9729\" href=\"https:\/\/www.bienaldelchaco.org\/2024\/events\/taller-de-escultura-en-arena-dictado-por-alejandro-arce\/\" target=\"m1\" rel=\"noopener\">Taller de Escultura en Arena: | Dictado por Alejandro Arce<\/a><\/h4><div class=\"mec-event-detail\">\r\n                        <div class=\"mec-event-loc-place\">Predio de las Bienales<\/div>\r\n                        \r\n                    <\/div><\/div><div style=\"clear:both\"><\/div><\/article><article class=\"mec-past-event mec-event-article \"><div class=\"mec-event-image\"><\/div><div class=\"mec-monthly-contents\" style=\"width: 100%\"><div class=\"mec-event-time mec-color\"><i class=\"mec-sl-clock-o\"><\/i> 18:00 - 19:30<\/div><h4 class=\"mec-event-title\"><a class=\"mec-color-hover\" data-event-id=\"9722\" href=\"https:\/\/www.bienaldelchaco.org\/2024\/events\/acto-de-cierre-y-proclamacion-de-los-ganadores-del-premio-desafio-hierros-lider\/\" target=\"m1\" rel=\"noopener\">Acto de cierre y proclamaci\u00f3n de los ganadores del Premio Desaf\u00edo &#8220;Hierros L\u00edder&#8221;<\/a><\/h4><div class=\"mec-event-detail\">\r\n                        <div class=\"mec-event-loc-place\">Predio de las Bienales<\/div>\r\n                        \r\n                    <\/div><\/div><div style=\"clear:both\"><\/div><\/article><article class=\"mec-past-event mec-event-article \"><div class=\"mec-event-image\"><\/div><div class=\"mec-monthly-contents\" style=\"width: 100%\"><div class=\"mec-event-time mec-color\"><i class=\"mec-sl-clock-o\"><\/i> 20:00<\/div><h4 class=\"mec-event-title\"><a class=\"mec-color-hover\" data-event-id=\"9738\" href=\"https:\/\/www.bienaldelchaco.org\/2024\/events\/ballet-duartango-sinergia-tango-danzas-folkloricas-malambo-y-contemporaneo\/\" target=\"m1\" rel=\"noopener\">Ballet Duartango | &#8220;Sin\u00e9rgia&#8221; (Tango, Danzas Folkl\u00f3ricas, Malambo y Contempor\u00e1neo)<\/a><\/h4><div class=\"mec-event-detail\">\r\n                        <div class=\"mec-event-loc-place\">Predio de las Bienales<\/div>\r\n                        \r\n                    <\/div><\/div><div style=\"clear:both\"><\/div><\/article><article class=\"mec-past-event mec-event-article \"><div class=\"mec-event-image\"><\/div><div class=\"mec-monthly-contents\" style=\"width: 100%\"><div class=\"mec-event-time mec-color\"><i class=\"mec-sl-clock-o\"><\/i> 22:00<\/div><h4 class=\"mec-event-title\"><a class=\"mec-color-hover\" data-event-id=\"12703\" href=\"https:\/\/www.bienaldelchaco.org\/2024\/events\/shows-ensamble-madre-cancion-thank-you-bulgaria-dos-mas-uno\/\" target=\"m1\" rel=\"noopener\">Shows: Ensamble Madre Canci\u00f3n &#8211; Thank You Bulgaria &#8211; Dos M\u00e1s Uno<\/a><\/h4><div class=\"mec-event-detail\">\r\n                        <div class=\"mec-event-loc-place\">Predio de las Bienales<\/div>\r\n                        \r\n                    <\/div><\/div><div style=\"clear:both\"><\/div><\/article><\/div><div class=\"mec-calendar-events-sec\" id=\"mec-calendar-events-sec-9617-20240719\" data-mec-cell=\"20240719\" ><h6 class=\"mec-table-side-title\">Events for <span class=\"mec-color mec-table-side-day\"> 19<\/span> julio<\/h6><article class=\"mec-past-event mec-event-article \"><div class=\"mec-event-image\"><\/div><div class=\"mec-monthly-contents\" style=\"width: 100%\"><div class=\"mec-event-time mec-color\"><i class=\"mec-sl-clock-o\"><\/i> 8:30 - 12:30<\/div><h4 class=\"mec-event-title\"><a class=\"mec-color-hover\" data-event-id=\"9681\" href=\"https:\/\/www.bienaldelchaco.org\/2024\/events\/exposicion-del-museo-de-calcos-y-escultura-ernesto-de-la-carcova-900\/\" target=\"m1\" rel=\"noopener\">Exposici\u00f3n &#8220;Origen&#8221; Escultura Argentina Contempor\u00e1nea<\/a><\/h4><div class=\"mec-event-detail\">\r\n                        <div class=\"mec-event-loc-place\">MUBA<\/div>\r\n                        \r\n                    <\/div><\/div><div style=\"clear:both\"><\/div><\/article><article class=\"mec-past-event mec-event-article \"><div class=\"mec-event-image\"><\/div><div class=\"mec-monthly-contents\" style=\"width: 100%\"><div class=\"mec-event-time mec-color\"><i class=\"mec-sl-clock-o\"><\/i> 8:30 - 19:00<\/div><h4 class=\"mec-event-title\"><a class=\"mec-color-hover\" data-event-id=\"9733\" href=\"https:\/\/www.bienaldelchaco.org\/2024\/events\/voto-del-publico-y-los-ninos\/\" target=\"m1\" rel=\"noopener\">Voto del p\u00fablico y los ni\u00f1os<\/a><\/h4><div class=\"mec-event-detail\">\r\n                        <div class=\"mec-event-loc-place\">Predio de las Bienales<\/div>\r\n                        \r\n                    <\/div><\/div><div style=\"clear:both\"><\/div><\/article><article class=\"mec-past-event mec-event-article \"><div class=\"mec-event-image\"><\/div><div class=\"mec-monthly-contents\" style=\"width: 100%\"><div class=\"mec-event-time mec-color\"><i class=\"mec-sl-clock-o\"><\/i> 8:30 - 12:30<\/div><h4 class=\"mec-event-title\"><a class=\"mec-color-hover\" data-event-id=\"12804\" href=\"https:\/\/www.bienaldelchaco.org\/2024\/events\/inauguracion-33-salon-internacional-de-ceramica-102\/\" target=\"m1\" rel=\"noopener\">Exposici\u00f3n 33\u00b0 Sal\u00f3n Internacional de Cer\u00e1mica<\/a><\/h4><div class=\"mec-event-detail\">\r\n                        <div class=\"mec-event-loc-place\">MUBA<\/div>\r\n                        \r\n                    <\/div><\/div><div style=\"clear:both\"><\/div><\/article><article class=\"mec-past-event mec-event-article \"><div class=\"mec-event-image\"><\/div><div class=\"mec-monthly-contents\" style=\"width: 100%\"><div class=\"mec-event-time mec-color\"><i class=\"mec-sl-clock-o\"><\/i> 8:30 - 19:00<\/div><h4 class=\"mec-event-title\"><a class=\"mec-color-hover\" data-event-id=\"9680\" href=\"https:\/\/www.bienaldelchaco.org\/2024\/events\/encuentro-de-escultores-invitados\/\" target=\"m1\" rel=\"noopener\">Encuentro de Escultores Invitados<\/a><\/h4><div class=\"mec-event-detail\">\r\n                        <div class=\"mec-event-loc-place\">Predio de las Bienales<\/div>\r\n                        \r\n                    <\/div><\/div><div style=\"clear:both\"><\/div><\/article><article class=\"mec-past-event mec-event-article \"><div class=\"mec-event-image\"><\/div><div class=\"mec-monthly-contents\" style=\"width: 100%\"><div class=\"mec-event-time mec-color\"><i class=\"mec-sl-clock-o\"><\/i> 8:30 - 23:00<\/div><h4 class=\"mec-event-title\"><a class=\"mec-color-hover\" data-event-id=\"9679\" href=\"https:\/\/www.bienaldelchaco.org\/2024\/events\/bienal-internacional-de-escultura\/\" target=\"m1\" rel=\"noopener\">Bienal Internacional de Escultura<\/a><\/h4><div class=\"mec-event-detail\">\r\n                        <div class=\"mec-event-loc-place\">Predio de las Bienales<\/div>\r\n                        \r\n                    <\/div><\/div><div style=\"clear:both\"><\/div><\/article><article class=\"mec-past-event mec-event-article \"><div class=\"mec-event-image\"><\/div><div class=\"mec-monthly-contents\" style=\"width: 100%\"><div class=\"mec-event-time mec-color\"><i class=\"mec-sl-clock-o\"><\/i> 9:00 - 10:30<\/div><h4 class=\"mec-event-title\"><a class=\"mec-color-hover\" data-event-id=\"9729\" href=\"https:\/\/www.bienaldelchaco.org\/2024\/events\/taller-de-escultura-en-arena-dictado-por-alejandro-arce\/\" target=\"m1\" rel=\"noopener\">Taller de Escultura en Arena: | Dictado por Alejandro Arce<\/a><\/h4><div class=\"mec-event-detail\">\r\n                        <div class=\"mec-event-loc-place\">Predio de las Bienales<\/div>\r\n                        \r\n                    <\/div><\/div><div style=\"clear:both\"><\/div><\/article><article class=\"mec-past-event mec-event-article \"><div class=\"mec-event-image\"><\/div><div class=\"mec-monthly-contents\" style=\"width: 100%\"><div class=\"mec-event-time mec-color\"><i class=\"mec-sl-clock-o\"><\/i> 10:00 - 12:00<\/div><h4 class=\"mec-event-title\"><a class=\"mec-color-hover\" data-event-id=\"9684\" href=\"https:\/\/www.bienaldelchaco.org\/2024\/events\/exposicion-asociacion-escultores-chaquenos\/\" target=\"m1\" rel=\"noopener\">Exposici\u00f3n Asociaci\u00f3n Escultores Chaque\u00f1os<\/a><\/h4><div class=\"mec-event-detail\">\r\n                        <div class=\"mec-event-loc-place\">Predio de las Bienales<\/div>\r\n                        \r\n                    <\/div><\/div><div style=\"clear:both\"><\/div><\/article><article class=\"mec-past-event mec-event-article \"><div class=\"mec-event-image\"><\/div><div class=\"mec-monthly-contents\" style=\"width: 100%\"><div class=\"mec-event-time mec-color\"><i class=\"mec-sl-clock-o\"><\/i> 10:00 - 22:00<\/div><h4 class=\"mec-event-title\"><a class=\"mec-color-hover\" data-event-id=\"9677\" href=\"https:\/\/www.bienaldelchaco.org\/2024\/events\/encuentro-de-artesanos-de-pueblos-originarios\/\" target=\"m1\" rel=\"noopener\">Encuentro de Artesanos de Pueblos Originarios<\/a><\/h4><div class=\"mec-event-detail\">\r\n                        <div class=\"mec-event-loc-place\">Predio de las Bienales<\/div>\r\n                        \r\n                    <\/div><\/div><div style=\"clear:both\"><\/div><\/article><article class=\"mec-past-event mec-event-article \"><div class=\"mec-event-image\"><\/div><div class=\"mec-monthly-contents\" style=\"width: 100%\"><div class=\"mec-event-time mec-color\"><i class=\"mec-sl-clock-o\"><\/i> 10:00 - 22:00<\/div><h4 class=\"mec-event-title\"><a class=\"mec-color-hover\" data-event-id=\"9676\" href=\"https:\/\/www.bienaldelchaco.org\/2024\/events\/encuentro-de-maestros-artesanos-argentinos\/\" target=\"m1\" rel=\"noopener\">Encuentro de Maestros Artesanos Argentinos<\/a><\/h4><div class=\"mec-event-detail\">\r\n                        <div class=\"mec-event-loc-place\">Predio de las Bienales<\/div>\r\n                        \r\n                    <\/div><\/div><div style=\"clear:both\"><\/div><\/article><article class=\"mec-past-event mec-event-article \"><div class=\"mec-event-image\"><\/div><div class=\"mec-monthly-contents\" style=\"width: 100%\"><div class=\"mec-event-time mec-color\"><i class=\"mec-sl-clock-o\"><\/i> 10:00 - 20:00<\/div><h4 class=\"mec-event-title\"><a class=\"mec-color-hover\" data-event-id=\"9716\" href=\"https:\/\/www.bienaldelchaco.org\/2024\/events\/exposicion-escultores-del-mundo\/\" target=\"m1\" rel=\"noopener\">Exposici\u00f3n Escultores del Mundo<\/a><\/h4><div class=\"mec-event-detail\">\r\n                        <div class=\"mec-event-loc-place\">Predio de las Bienales<\/div>\r\n                        \r\n                    <\/div><\/div><div style=\"clear:both\"><\/div><\/article><article class=\"mec-past-event mec-event-article \"><div class=\"mec-event-image\"><\/div><div class=\"mec-monthly-contents\" style=\"width: 100%\"><div class=\"mec-event-time mec-color\"><i class=\"mec-sl-clock-o\"><\/i> 10:00 - 22:00<\/div><h4 class=\"mec-event-title\"><a class=\"mec-color-hover\" data-event-id=\"9673\" href=\"https:\/\/www.bienaldelchaco.org\/2024\/events\/expo-industria-y-comercio\/\" target=\"m1\" rel=\"noopener\">Expo Industria y Comercio<\/a><\/h4><div class=\"mec-event-detail\">\r\n                        <div class=\"mec-event-loc-place\">Predio de las Bienales<\/div>\r\n                        \r\n                    <\/div><\/div><div style=\"clear:both\"><\/div><\/article><article class=\"mec-past-event mec-event-article \"><div class=\"mec-event-image\"><\/div><div class=\"mec-monthly-contents\" style=\"width: 100%\"><div class=\"mec-event-time mec-color\"><i class=\"mec-sl-clock-o\"><\/i> 10:00 - 22:00<\/div><h4 class=\"mec-event-title\"><a class=\"mec-color-hover\" data-event-id=\"9672\" href=\"https:\/\/www.bienaldelchaco.org\/2024\/events\/feria-de-arte-artesania-y-diseno\/\" target=\"m1\" rel=\"noopener\">Feria de Arte, Artesan\u00eda y Dise\u00f1o<\/a><\/h4><div class=\"mec-event-detail\">\r\n                        <div class=\"mec-event-loc-place\">Predio de las Bienales<\/div>\r\n                        \r\n                    <\/div><\/div><div style=\"clear:both\"><\/div><\/article><article class=\"mec-past-event mec-event-article \"><div class=\"mec-event-image\"><\/div><div class=\"mec-monthly-contents\" style=\"width: 100%\"><div class=\"mec-event-time mec-color\"><i class=\"mec-sl-clock-o\"><\/i> 11:00 - 12:30<\/div><h4 class=\"mec-event-title\"><a class=\"mec-color-hover\" data-event-id=\"9729\" href=\"https:\/\/www.bienaldelchaco.org\/2024\/events\/taller-de-escultura-en-arena-dictado-por-alejandro-arce\/\" target=\"m1\" rel=\"noopener\">Taller de Escultura en Arena: | Dictado por Alejandro Arce<\/a><\/h4><div class=\"mec-event-detail\">\r\n                        <div class=\"mec-event-loc-place\">Predio de las Bienales<\/div>\r\n                        \r\n                    <\/div><\/div><div style=\"clear:both\"><\/div><\/article><article class=\"mec-past-event mec-event-article \"><div class=\"mec-event-image\"><\/div><div class=\"mec-monthly-contents\" style=\"width: 100%\"><div class=\"mec-event-time mec-color\"><i class=\"mec-sl-clock-o\"><\/i> 11:30 - 22:00<\/div><h4 class=\"mec-event-title\"><a class=\"mec-color-hover\" data-event-id=\"9674\" href=\"https:\/\/www.bienaldelchaco.org\/2024\/events\/escenario-a-cielo-abierto-funciones-de-teatro-danza-circo-titeres-y-magia-clases-abiertas-y-talleres\/\" target=\"m1\" rel=\"noopener\">Escenario a Cielo Abierto: Funciones de teatro, danza, circo, t\u00edteres y magia. Clases abiertas y talleres<\/a><\/h4><div class=\"mec-event-detail\">\r\n                        <div class=\"mec-event-loc-place\">Predio de las Bienales<\/div>\r\n                        \r\n                    <\/div><\/div><div style=\"clear:both\"><\/div><\/article><article class=\"mec-past-event mec-event-article \"><div class=\"mec-event-image\"><\/div><div class=\"mec-monthly-contents\" style=\"width: 100%\"><div class=\"mec-event-time mec-color\"><i class=\"mec-sl-clock-o\"><\/i> 14:00 - 21:40<\/div><h4 class=\"mec-event-title\"><a class=\"mec-color-hover\" data-event-id=\"9678\" href=\"https:\/\/www.bienaldelchaco.org\/2024\/events\/agita-la-bienal-expresiones-artisticas-urbanas-y-emergentes\/\" target=\"m1\" rel=\"noopener\">Agit\u00e1 la Bienal | Expresiones art\u00edsticas urbanas y emergentes<\/a><\/h4><div class=\"mec-event-detail\">\r\n                        <div class=\"mec-event-loc-place\">Predio de las Bienales<\/div>\r\n                        \r\n                    <\/div><\/div><div style=\"clear:both\"><\/div><\/article><article class=\"mec-past-event mec-event-article \"><div class=\"mec-event-image\"><\/div><div class=\"mec-monthly-contents\" style=\"width: 100%\"><div class=\"mec-event-time mec-color\"><i class=\"mec-sl-clock-o\"><\/i> 15:00 - 16:30<\/div><h4 class=\"mec-event-title\"><a class=\"mec-color-hover\" data-event-id=\"9729\" href=\"https:\/\/www.bienaldelchaco.org\/2024\/events\/taller-de-escultura-en-arena-dictado-por-alejandro-arce\/\" target=\"m1\" rel=\"noopener\">Taller de Escultura en Arena: | Dictado por Alejandro Arce<\/a><\/h4><div class=\"mec-event-detail\">\r\n                        <div class=\"mec-event-loc-place\">Predio de las Bienales<\/div>\r\n                        \r\n                    <\/div><\/div><div style=\"clear:both\"><\/div><\/article><article class=\"mec-past-event mec-event-article \"><div class=\"mec-event-image\"><\/div><div class=\"mec-monthly-contents\" style=\"width: 100%\"><div class=\"mec-event-time mec-color\"><i class=\"mec-sl-clock-o\"><\/i> 16:00 - 17:00<\/div><h4 class=\"mec-event-title\"><a class=\"mec-color-hover\" data-event-id=\"13029\" href=\"https:\/\/www.bienaldelchaco.org\/2024\/events\/charla-secretaria-de-patrimonio-nacional-icomos-636\/\" target=\"m1\" rel=\"noopener\">Charla: 3D aplicado al Arte  | Denise Di Federico &#8211; Gisela Kraisman &#8211; Juan Carlos Cano<\/a><\/h4><div class=\"mec-event-detail\">\r\n                        <div class=\"mec-event-loc-place\">Predio de las Bienales<\/div>\r\n                        \r\n                    <\/div><\/div><div style=\"clear:both\"><\/div><\/article><article class=\"mec-past-event mec-event-article \"><div class=\"mec-event-image\"><\/div><div class=\"mec-monthly-contents\" style=\"width: 100%\"><div class=\"mec-event-time mec-color\"><i class=\"mec-sl-clock-o\"><\/i> 16:30 - 20:30<\/div><h4 class=\"mec-event-title\"><a class=\"mec-color-hover\" data-event-id=\"9681\" href=\"https:\/\/www.bienaldelchaco.org\/2024\/events\/exposicion-del-museo-de-calcos-y-escultura-ernesto-de-la-carcova-900\/\" target=\"m1\" rel=\"noopener\">Exposici\u00f3n &#8220;Origen&#8221; Escultura Argentina Contempor\u00e1nea<\/a><\/h4><div class=\"mec-event-detail\">\r\n                        <div class=\"mec-event-loc-place\">MUBA<\/div>\r\n                        \r\n                    <\/div><\/div><div style=\"clear:both\"><\/div><\/article><article class=\"mec-past-event mec-event-article \"><div class=\"mec-event-image\"><\/div><div class=\"mec-monthly-contents\" style=\"width: 100%\"><div class=\"mec-event-time mec-color\"><i class=\"mec-sl-clock-o\"><\/i> 16:30 - 20:30<\/div><h4 class=\"mec-event-title\"><a class=\"mec-color-hover\" data-event-id=\"12804\" href=\"https:\/\/www.bienaldelchaco.org\/2024\/events\/inauguracion-33-salon-internacional-de-ceramica-102\/\" target=\"m1\" rel=\"noopener\">Exposici\u00f3n 33\u00b0 Sal\u00f3n Internacional de Cer\u00e1mica<\/a><\/h4><div class=\"mec-event-detail\">\r\n                        <div class=\"mec-event-loc-place\">MUBA<\/div>\r\n                        \r\n                    <\/div><\/div><div style=\"clear:both\"><\/div><\/article><article class=\"mec-past-event mec-event-article \"><div class=\"mec-event-image\"><\/div><div class=\"mec-monthly-contents\" style=\"width: 100%\"><div class=\"mec-event-time mec-color\"><i class=\"mec-sl-clock-o\"><\/i> 17:00 - 19:00<\/div><h4 class=\"mec-event-title\"><a class=\"mec-color-hover\" data-event-id=\"12815\" href=\"https:\/\/www.bienaldelchaco.org\/2024\/events\/curso-arte-tokenizado-por-silvina-palmieri-y-cristina-armella-clase-1-y-2\/\" target=\"m1\" rel=\"noopener\">Curso: &#8220;Arte Tokenizado&#8221; por Silvina Palmieri y Cristina Armella &#8211; Clase 1 y 2<\/a><\/h4><div class=\"mec-event-detail\">\r\n                        <div class=\"mec-event-loc-place\">Predio de las Bienales<\/div>\r\n                        \r\n                    <\/div><\/div><div style=\"clear:both\"><\/div><\/article><article class=\"mec-past-event mec-event-article \"><div class=\"mec-event-image\"><\/div><div class=\"mec-monthly-contents\" style=\"width: 100%\"><div class=\"mec-event-time mec-color\"><i class=\"mec-sl-clock-o\"><\/i> 17:00 - 21:00<\/div><h4 class=\"mec-event-title\"><a class=\"mec-color-hover\" data-event-id=\"9684\" href=\"https:\/\/www.bienaldelchaco.org\/2024\/events\/exposicion-asociacion-escultores-chaquenos\/\" target=\"m1\" rel=\"noopener\">Exposici\u00f3n Asociaci\u00f3n Escultores Chaque\u00f1os<\/a><\/h4><div class=\"mec-event-detail\">\r\n                        <div class=\"mec-event-loc-place\">Predio de las Bienales<\/div>\r\n                        \r\n                    <\/div><\/div><div style=\"clear:both\"><\/div><\/article><article class=\"mec-past-event mec-event-article \"><div class=\"mec-event-image\"><\/div><div class=\"mec-monthly-contents\" style=\"width: 100%\"><div class=\"mec-event-time mec-color\"><i class=\"mec-sl-clock-o\"><\/i> 17:00 - 18:30<\/div><h4 class=\"mec-event-title\"><a class=\"mec-color-hover\" data-event-id=\"9729\" href=\"https:\/\/www.bienaldelchaco.org\/2024\/events\/taller-de-escultura-en-arena-dictado-por-alejandro-arce\/\" target=\"m1\" rel=\"noopener\">Taller de Escultura en Arena: | Dictado por Alejandro Arce<\/a><\/h4><div class=\"mec-event-detail\">\r\n                        <div class=\"mec-event-loc-place\">Predio de las Bienales<\/div>\r\n                        \r\n                    <\/div><\/div><div style=\"clear:both\"><\/div><\/article><article class=\"mec-past-event mec-event-article \"><div class=\"mec-event-image\"><\/div><div class=\"mec-monthly-contents\" style=\"width: 100%\"><div class=\"mec-event-time mec-color\"><i class=\"mec-sl-clock-o\"><\/i> 20:00<\/div><h4 class=\"mec-event-title\"><a class=\"mec-color-hover\" data-event-id=\"9739\" href=\"https:\/\/www.bienaldelchaco.org\/2024\/events\/concierto-ensamble-filarmonico-festival-filarmonico-juvenil-fundacion-pradier-redes-culturales\/\" target=\"m1\" rel=\"noopener\">Concierto: Ensamble Filarm\u00f3nico &#8211; Festival Filarm\u00f3nico Juvenil &#8211; Fundaci\u00f3n Pradier Redes Culturales<\/a><\/h4><div class=\"mec-event-detail\">\r\n                        <div class=\"mec-event-loc-place\">Predio de las Bienales<\/div>\r\n                        \r\n                    <\/div><\/div><div style=\"clear:both\"><\/div><\/article><article class=\"mec-past-event mec-event-article \"><div class=\"mec-event-image\"><\/div><div class=\"mec-monthly-contents\" style=\"width: 100%\"><div class=\"mec-event-time mec-color\"><i class=\"mec-sl-clock-o\"><\/i> 22:00<\/div><h4 class=\"mec-event-title\"><a class=\"mec-color-hover\" data-event-id=\"9740\" href=\"https:\/\/www.bienaldelchaco.org\/2024\/events\/shows-g-latina-caligaris\/\" target=\"m1\" rel=\"noopener\">Shows: G-latina &#8211; Caligaris<\/a><\/h4><div class=\"mec-event-detail\">\r\n                        <div class=\"mec-event-loc-place\">Predio de las Bienales<\/div>\r\n                        \r\n                    <\/div><\/div><div style=\"clear:both\"><\/div><\/article><\/div><div class=\"mec-calendar-events-sec\" id=\"mec-calendar-events-sec-9617-20240720\" data-mec-cell=\"20240720\" ><h6 class=\"mec-table-side-title\">Events for <span class=\"mec-color mec-table-side-day\"> 20<\/span> julio<\/h6><article class=\"mec-past-event mec-event-article \"><div class=\"mec-event-image\"><\/div><div class=\"mec-monthly-contents\" style=\"width: 100%\"><div class=\"mec-event-time mec-color\"><i class=\"mec-sl-clock-o\"><\/i> 8:30 - 12:30<\/div><h4 class=\"mec-event-title\"><a class=\"mec-color-hover\" data-event-id=\"9681\" href=\"https:\/\/www.bienaldelchaco.org\/2024\/events\/exposicion-del-museo-de-calcos-y-escultura-ernesto-de-la-carcova-900\/\" target=\"m1\" rel=\"noopener\">Exposici\u00f3n &#8220;Origen&#8221; Escultura Argentina Contempor\u00e1nea<\/a><\/h4><div class=\"mec-event-detail\">\r\n                        <div class=\"mec-event-loc-place\">MUBA<\/div>\r\n                        \r\n                    <\/div><\/div><div style=\"clear:both\"><\/div><\/article><article class=\"mec-past-event mec-event-article \"><div class=\"mec-event-image\"><\/div><div class=\"mec-monthly-contents\" style=\"width: 100%\"><div class=\"mec-event-time mec-color\"><i class=\"mec-sl-clock-o\"><\/i> 8:30 - 14:00<\/div><h4 class=\"mec-event-title\"><a class=\"mec-color-hover\" data-event-id=\"9733\" href=\"https:\/\/www.bienaldelchaco.org\/2024\/events\/voto-del-publico-y-los-ninos\/\" target=\"m1\" rel=\"noopener\">Voto del p\u00fablico y los ni\u00f1os<\/a><\/h4><div class=\"mec-event-detail\">\r\n                        <div class=\"mec-event-loc-place\">Predio de las Bienales<\/div>\r\n                        \r\n                    <\/div><\/div><div style=\"clear:both\"><\/div><\/article><article class=\"mec-past-event mec-event-article \"><div class=\"mec-event-image\"><\/div><div class=\"mec-monthly-contents\" style=\"width: 100%\"><div class=\"mec-event-time mec-color\"><i class=\"mec-sl-clock-o\"><\/i> 8:30 - 12:30<\/div><h4 class=\"mec-event-title\"><a class=\"mec-color-hover\" data-event-id=\"12804\" href=\"https:\/\/www.bienaldelchaco.org\/2024\/events\/inauguracion-33-salon-internacional-de-ceramica-102\/\" target=\"m1\" rel=\"noopener\">Exposici\u00f3n 33\u00b0 Sal\u00f3n Internacional de Cer\u00e1mica<\/a><\/h4><div class=\"mec-event-detail\">\r\n                        <div class=\"mec-event-loc-place\">MUBA<\/div>\r\n                        \r\n                    <\/div><\/div><div style=\"clear:both\"><\/div><\/article><article class=\"mec-past-event mec-event-article \"><div class=\"mec-event-image\"><\/div><div class=\"mec-monthly-contents\" style=\"width: 100%\"><div class=\"mec-event-time mec-color\"><i class=\"mec-sl-clock-o\"><\/i> 8:30 - 12:00<\/div><h4 class=\"mec-event-title\"><a class=\"mec-color-hover\" data-event-id=\"9680\" href=\"https:\/\/www.bienaldelchaco.org\/2024\/events\/encuentro-de-escultores-invitados\/\" target=\"m1\" rel=\"noopener\">Encuentro de Escultores Invitados<\/a><\/h4><div class=\"mec-event-detail\">\r\n                        <div class=\"mec-event-loc-place\">Predio de las Bienales<\/div>\r\n                        \r\n                    <\/div><\/div><div style=\"clear:both\"><\/div><\/article><article class=\"mec-past-event mec-event-article \"><div class=\"mec-event-image\"><\/div><div class=\"mec-monthly-contents\" style=\"width: 100%\"><div class=\"mec-event-time mec-color\"><i class=\"mec-sl-clock-o\"><\/i> 8:30 - 12:00<\/div><h4 class=\"mec-event-title\"><a class=\"mec-color-hover\" data-event-id=\"9679\" href=\"https:\/\/www.bienaldelchaco.org\/2024\/events\/bienal-internacional-de-escultura\/\" target=\"m1\" rel=\"noopener\">Bienal Internacional de Escultura<\/a><\/h4><div class=\"mec-event-detail\">\r\n                        <div class=\"mec-event-loc-place\">Predio de las Bienales<\/div>\r\n                        \r\n                    <\/div><\/div><div style=\"clear:both\"><\/div><\/article><article class=\"mec-past-event mec-event-article \"><div class=\"mec-event-image\"><\/div><div class=\"mec-monthly-contents\" style=\"width: 100%\"><div class=\"mec-event-time mec-color\"><i class=\"mec-sl-clock-o\"><\/i> 9:00 - 10:30<\/div><h4 class=\"mec-event-title\"><a class=\"mec-color-hover\" data-event-id=\"9729\" href=\"https:\/\/www.bienaldelchaco.org\/2024\/events\/taller-de-escultura-en-arena-dictado-por-alejandro-arce\/\" target=\"m1\" rel=\"noopener\">Taller de Escultura en Arena: | Dictado por Alejandro Arce<\/a><\/h4><div class=\"mec-event-detail\">\r\n                        <div class=\"mec-event-loc-place\">Predio de las Bienales<\/div>\r\n                        \r\n                    <\/div><\/div><div style=\"clear:both\"><\/div><\/article><article class=\"mec-past-event mec-event-article \"><div class=\"mec-event-image\"><\/div><div class=\"mec-monthly-contents\" style=\"width: 100%\"><div class=\"mec-event-time mec-color\"><i class=\"mec-sl-clock-o\"><\/i> 10:00 - 22:00<\/div><h4 class=\"mec-event-title\"><a class=\"mec-color-hover\" data-event-id=\"9676\" href=\"https:\/\/www.bienaldelchaco.org\/2024\/events\/encuentro-de-maestros-artesanos-argentinos\/\" target=\"m1\" rel=\"noopener\">Encuentro de Maestros Artesanos Argentinos<\/a><\/h4><div class=\"mec-event-detail\">\r\n                        <div class=\"mec-event-loc-place\">Predio de las Bienales<\/div>\r\n                        \r\n                    <\/div><\/div><div style=\"clear:both\"><\/div><\/article><article class=\"mec-past-event mec-event-article \"><div class=\"mec-event-image\"><\/div><div class=\"mec-monthly-contents\" style=\"width: 100%\"><div class=\"mec-event-time mec-color\"><i class=\"mec-sl-clock-o\"><\/i> 10:00 - 22:00<\/div><h4 class=\"mec-event-title\"><a class=\"mec-color-hover\" data-event-id=\"9677\" href=\"https:\/\/www.bienaldelchaco.org\/2024\/events\/encuentro-de-artesanos-de-pueblos-originarios\/\" target=\"m1\" rel=\"noopener\">Encuentro de Artesanos de Pueblos Originarios<\/a><\/h4><div class=\"mec-event-detail\">\r\n                        <div class=\"mec-event-loc-place\">Predio de las Bienales<\/div>\r\n                        \r\n                    <\/div><\/div><div style=\"clear:both\"><\/div><\/article><article class=\"mec-past-event mec-event-article \"><div class=\"mec-event-image\"><\/div><div class=\"mec-monthly-contents\" style=\"width: 100%\"><div class=\"mec-event-time mec-color\"><i class=\"mec-sl-clock-o\"><\/i> 10:00 - 18:00<\/div><h4 class=\"mec-event-title\"><a class=\"mec-color-hover\" data-event-id=\"9716\" href=\"https:\/\/www.bienaldelchaco.org\/2024\/events\/exposicion-escultores-del-mundo\/\" target=\"m1\" rel=\"noopener\">Exposici\u00f3n Escultores del Mundo<\/a><\/h4><div class=\"mec-event-detail\">\r\n                        <div class=\"mec-event-loc-place\">Predio de las Bienales<\/div>\r\n                        \r\n                    <\/div><\/div><div style=\"clear:both\"><\/div><\/article><article class=\"mec-past-event mec-event-article \"><div class=\"mec-event-image\"><\/div><div class=\"mec-monthly-contents\" style=\"width: 100%\"><div class=\"mec-event-time mec-color\"><i class=\"mec-sl-clock-o\"><\/i> 10:00 - 12:00<\/div><h4 class=\"mec-event-title\"><a class=\"mec-color-hover\" data-event-id=\"9684\" href=\"https:\/\/www.bienaldelchaco.org\/2024\/events\/exposicion-asociacion-escultores-chaquenos\/\" target=\"m1\" rel=\"noopener\">Exposici\u00f3n Asociaci\u00f3n Escultores Chaque\u00f1os<\/a><\/h4><div class=\"mec-event-detail\">\r\n                        <div class=\"mec-event-loc-place\">Predio de las Bienales<\/div>\r\n                        \r\n                    <\/div><\/div><div style=\"clear:both\"><\/div><\/article><article class=\"mec-past-event mec-event-article \"><div class=\"mec-event-image\"><\/div><div class=\"mec-monthly-contents\" style=\"width: 100%\"><div class=\"mec-event-time mec-color\"><i class=\"mec-sl-clock-o\"><\/i> 10:00 - 22:00<\/div><h4 class=\"mec-event-title\"><a class=\"mec-color-hover\" data-event-id=\"9673\" href=\"https:\/\/www.bienaldelchaco.org\/2024\/events\/expo-industria-y-comercio\/\" target=\"m1\" rel=\"noopener\">Expo Industria y Comercio<\/a><\/h4><div class=\"mec-event-detail\">\r\n                        <div class=\"mec-event-loc-place\">Predio de las Bienales<\/div>\r\n                        \r\n                    <\/div><\/div><div style=\"clear:both\"><\/div><\/article><article class=\"mec-past-event mec-event-article \"><div class=\"mec-event-image\"><\/div><div class=\"mec-monthly-contents\" style=\"width: 100%\"><div class=\"mec-event-time mec-color\"><i class=\"mec-sl-clock-o\"><\/i> 10:00 - 22:00<\/div><h4 class=\"mec-event-title\"><a class=\"mec-color-hover\" data-event-id=\"9672\" href=\"https:\/\/www.bienaldelchaco.org\/2024\/events\/feria-de-arte-artesania-y-diseno\/\" target=\"m1\" rel=\"noopener\">Feria de Arte, Artesan\u00eda y Dise\u00f1o<\/a><\/h4><div class=\"mec-event-detail\">\r\n                        <div class=\"mec-event-loc-place\">Predio de las Bienales<\/div>\r\n                        \r\n                    <\/div><\/div><div style=\"clear:both\"><\/div><\/article><article class=\"mec-past-event mec-event-article \"><div class=\"mec-event-image\"><\/div><div class=\"mec-monthly-contents\" style=\"width: 100%\"><div class=\"mec-event-time mec-color\"><i class=\"mec-sl-clock-o\"><\/i> 11:00 - 12:30<\/div><h4 class=\"mec-event-title\"><a class=\"mec-color-hover\" data-event-id=\"9729\" href=\"https:\/\/www.bienaldelchaco.org\/2024\/events\/taller-de-escultura-en-arena-dictado-por-alejandro-arce\/\" target=\"m1\" rel=\"noopener\">Taller de Escultura en Arena: | Dictado por Alejandro Arce<\/a><\/h4><div class=\"mec-event-detail\">\r\n                        <div class=\"mec-event-loc-place\">Predio de las Bienales<\/div>\r\n                        \r\n                    <\/div><\/div><div style=\"clear:both\"><\/div><\/article><article class=\"mec-past-event mec-event-article \"><div class=\"mec-event-image\"><\/div><div class=\"mec-monthly-contents\" style=\"width: 100%\"><div class=\"mec-event-time mec-color\"><i class=\"mec-sl-clock-o\"><\/i> 11:30 - 18:00<\/div><h4 class=\"mec-event-title\"><a class=\"mec-color-hover\" data-event-id=\"9674\" href=\"https:\/\/www.bienaldelchaco.org\/2024\/events\/escenario-a-cielo-abierto-funciones-de-teatro-danza-circo-titeres-y-magia-clases-abiertas-y-talleres\/\" target=\"m1\" rel=\"noopener\">Escenario a Cielo Abierto: Funciones de teatro, danza, circo, t\u00edteres y magia. Clases abiertas y talleres<\/a><\/h4><div class=\"mec-event-detail\">\r\n                        <div class=\"mec-event-loc-place\">Predio de las Bienales<\/div>\r\n                        \r\n                    <\/div><\/div><div style=\"clear:both\"><\/div><\/article><article class=\"mec-past-event mec-event-article \"><div class=\"mec-event-image\"><\/div><div class=\"mec-monthly-contents\" style=\"width: 100%\"><div class=\"mec-event-time mec-color\"><i class=\"mec-sl-clock-o\"><\/i> 14:00 - 18:00<\/div><h4 class=\"mec-event-title\"><a class=\"mec-color-hover\" data-event-id=\"9678\" href=\"https:\/\/www.bienaldelchaco.org\/2024\/events\/agita-la-bienal-expresiones-artisticas-urbanas-y-emergentes\/\" target=\"m1\" rel=\"noopener\">Agit\u00e1 la Bienal | Expresiones art\u00edsticas urbanas y emergentes<\/a><\/h4><div class=\"mec-event-detail\">\r\n                        <div class=\"mec-event-loc-place\">Predio de las Bienales<\/div>\r\n                        \r\n                    <\/div><\/div><div style=\"clear:both\"><\/div><\/article><article class=\"mec-past-event mec-event-article \"><div class=\"mec-event-image\"><\/div><div class=\"mec-monthly-contents\" style=\"width: 100%\"><div class=\"mec-event-time mec-color\"><i class=\"mec-sl-clock-o\"><\/i> 16:00 - 18:00<\/div><h4 class=\"mec-event-title\"><a class=\"mec-color-hover\" data-event-id=\"12816\" href=\"https:\/\/www.bienaldelchaco.org\/2024\/events\/curso-arte-tokenizado-por-silvina-palmieri-y-cristina-armella-clase-3\/\" target=\"m1\" rel=\"noopener\">Curso: &#8220;Arte Tokenizado&#8221; por Silvina Palmieri y Cristina Armella &#8211; Clase 3<\/a><\/h4><div class=\"mec-event-detail\">\r\n                        <div class=\"mec-event-loc-place\">Predio de las Bienales<\/div>\r\n                        \r\n                    <\/div><\/div><div style=\"clear:both\"><\/div><\/article><article class=\"mec-past-event mec-event-article \"><div class=\"mec-event-image\"><\/div><div class=\"mec-monthly-contents\" style=\"width: 100%\"><div class=\"mec-event-time mec-color\"><i class=\"mec-sl-clock-o\"><\/i> 16:30 - 20:30<\/div><h4 class=\"mec-event-title\"><a class=\"mec-color-hover\" data-event-id=\"9681\" href=\"https:\/\/www.bienaldelchaco.org\/2024\/events\/exposicion-del-museo-de-calcos-y-escultura-ernesto-de-la-carcova-900\/\" target=\"m1\" rel=\"noopener\">Exposici\u00f3n &#8220;Origen&#8221; Escultura Argentina Contempor\u00e1nea<\/a><\/h4><div class=\"mec-event-detail\">\r\n                        <div class=\"mec-event-loc-place\">MUBA<\/div>\r\n                        \r\n                    <\/div><\/div><div style=\"clear:both\"><\/div><\/article><article class=\"mec-past-event mec-event-article \"><div class=\"mec-event-image\"><\/div><div class=\"mec-monthly-contents\" style=\"width: 100%\"><div class=\"mec-event-time mec-color\"><i class=\"mec-sl-clock-o\"><\/i> 16:30 - 20:30<\/div><h4 class=\"mec-event-title\"><a class=\"mec-color-hover\" data-event-id=\"12804\" href=\"https:\/\/www.bienaldelchaco.org\/2024\/events\/inauguracion-33-salon-internacional-de-ceramica-102\/\" target=\"m1\" rel=\"noopener\">Exposici\u00f3n 33\u00b0 Sal\u00f3n Internacional de Cer\u00e1mica<\/a><\/h4><div class=\"mec-event-detail\">\r\n                        <div class=\"mec-event-loc-place\">MUBA<\/div>\r\n                        \r\n                    <\/div><\/div><div style=\"clear:both\"><\/div><\/article><article class=\"mec-past-event mec-event-article \"><div class=\"mec-event-image\"><\/div><div class=\"mec-monthly-contents\" style=\"width: 100%\"><div class=\"mec-event-time mec-color\"><i class=\"mec-sl-clock-o\"><\/i> 17:00 - 21:00<\/div><h4 class=\"mec-event-title\"><a class=\"mec-color-hover\" data-event-id=\"9684\" href=\"https:\/\/www.bienaldelchaco.org\/2024\/events\/exposicion-asociacion-escultores-chaquenos\/\" target=\"m1\" rel=\"noopener\">Exposici\u00f3n Asociaci\u00f3n Escultores Chaque\u00f1os<\/a><\/h4><div class=\"mec-event-detail\">\r\n                        <div class=\"mec-event-loc-place\">Predio de las Bienales<\/div>\r\n                        \r\n                    <\/div><\/div><div style=\"clear:both\"><\/div><\/article><article class=\"mec-past-event mec-event-article \"><div class=\"mec-event-image\"><\/div><div class=\"mec-monthly-contents\" style=\"width: 100%\"><div class=\"mec-event-time mec-color\"><i class=\"mec-sl-clock-o\"><\/i> 19:00<\/div><h4 class=\"mec-event-title\"><a class=\"mec-color-hover\" data-event-id=\"9743\" href=\"https:\/\/www.bienaldelchaco.org\/2024\/events\/acto-de-proclamacion-de-ganadores-y-cierre-de-la-bienal-de-escultura-2024\/\" target=\"m1\" rel=\"noopener\">Acto de proclamaci\u00f3n de ganadores y cierre de la Bienal de Escultura 2024<\/a><\/h4><div class=\"mec-event-detail\">\r\n                        <div class=\"mec-event-loc-place\">Predio de las Bienales<\/div>\r\n                        \r\n                    <\/div><\/div><div style=\"clear:both\"><\/div><\/article><article class=\"mec-past-event mec-event-article \"><div class=\"mec-event-image\"><\/div><div class=\"mec-monthly-contents\" style=\"width: 100%\"><div class=\"mec-event-time mec-color\"><i class=\"mec-sl-clock-o\"><\/i> 20:45<\/div><h4 class=\"mec-event-title\"><a class=\"mec-color-hover\" data-event-id=\"9744\" href=\"https:\/\/www.bienaldelchaco.org\/2024\/events\/lanzamiento-bienal-2026\/\" target=\"m1\" rel=\"noopener\">Lanzamiento Bienal 2026<\/a><\/h4><div class=\"mec-event-detail\">\r\n                        <div class=\"mec-event-loc-place\">Predio de las Bienales<\/div>\r\n                        \r\n                    <\/div><\/div><div style=\"clear:both\"><\/div><\/article><article class=\"mec-past-event mec-event-article \"><div class=\"mec-event-image\"><\/div><div class=\"mec-monthly-contents\" style=\"width: 100%\"><div class=\"mec-event-time mec-color\"><i class=\"mec-sl-clock-o\"><\/i> 21:00<\/div><h4 class=\"mec-event-title\"><a class=\"mec-color-hover\" data-event-id=\"9745\" href=\"https:\/\/www.bienaldelchaco.org\/2024\/events\/misterio-impenetrable-bailarines-musicos-actores-audiovisuales-dpto-letras-danza-musica-y-teatro\/\" target=\"m1\" rel=\"noopener\">Misterio Impenetrable | Bailarines, M\u00fasicos,  Actores, Audiovisuales &#8211;  Dpto. Letras, Danza, M\u00fasica y Teatro<\/a><\/h4><div class=\"mec-event-detail\">\r\n                        <div class=\"mec-event-loc-place\">Predio de las Bienales<\/div>\r\n                        \r\n                    <\/div><\/div><div style=\"clear:both\"><\/div><\/article><article class=\"mec-past-event mec-event-article \"><div class=\"mec-event-image\"><\/div><div class=\"mec-monthly-contents\" style=\"width: 100%\"><div class=\"mec-event-time mec-color\"><i class=\"mec-sl-clock-o\"><\/i> 21:00<\/div><h4 class=\"mec-event-title\"><a class=\"mec-color-hover\" data-event-id=\"9748\" href=\"https:\/\/www.bienaldelchaco.org\/2024\/events\/shows-thank-you-bulgaria-daiuja-rave-del-litoral-nico-vallorani-dj\/\" target=\"m1\" rel=\"noopener\">Shows: Thank You Bulgaria &#8211; Daiuja Rave del Litoral &#8211; Nico Vallorani DJ<\/a><\/h4><div class=\"mec-event-detail\">\r\n                        <div class=\"mec-event-loc-place\">Predio de las Bienales<\/div>\r\n                        \r\n                    <\/div><\/div><div style=\"clear:both\"><\/div><\/article><\/div><div class=\"mec-calendar-events-sec\" id=\"mec-calendar-events-sec-9617-20240721\" data-mec-cell=\"20240721\" ><h6 class=\"mec-table-side-title\">Events for <span class=\"mec-color mec-table-side-day\"> 21<\/span> julio<\/h6><article class=\"mec-past-event mec-event-article \"><div class=\"mec-event-image\"><\/div><div class=\"mec-monthly-contents\" style=\"width: 100%\"><div class=\"mec-event-time mec-color\"><i class=\"mec-sl-clock-o\"><\/i> 10:00 - 22:00<\/div><h4 class=\"mec-event-title\"><a class=\"mec-color-hover\" data-event-id=\"9672\" href=\"https:\/\/www.bienaldelchaco.org\/2024\/events\/feria-de-arte-artesania-y-diseno\/\" target=\"m1\" rel=\"noopener\">Feria de Arte, Artesan\u00eda y Dise\u00f1o<\/a><\/h4><div class=\"mec-event-detail\">\r\n                        <div class=\"mec-event-loc-place\">Predio de las Bienales<\/div>\r\n                        \r\n                    <\/div><\/div><div style=\"clear:both\"><\/div><\/article><article class=\"mec-past-event mec-event-article \"><div class=\"mec-event-image\"><\/div><div class=\"mec-monthly-contents\" style=\"width: 100%\"><div class=\"mec-event-time mec-color\"><i class=\"mec-sl-clock-o\"><\/i> 10:00 - 22:00<\/div><h4 class=\"mec-event-title\"><a class=\"mec-color-hover\" data-event-id=\"9673\" href=\"https:\/\/www.bienaldelchaco.org\/2024\/events\/expo-industria-y-comercio\/\" target=\"m1\" rel=\"noopener\">Expo Industria y Comercio<\/a><\/h4><div class=\"mec-event-detail\">\r\n                        <div class=\"mec-event-loc-place\">Predio de las Bienales<\/div>\r\n                        \r\n                    <\/div><\/div><div style=\"clear:both\"><\/div><\/article><article class=\"mec-past-event mec-event-article \"><div class=\"mec-event-image\"><\/div><div class=\"mec-monthly-contents\" style=\"width: 100%\"><div class=\"mec-event-time mec-color\"><i class=\"mec-sl-clock-o\"><\/i> 10:00 - 22:00<\/div><h4 class=\"mec-event-title\"><a class=\"mec-color-hover\" data-event-id=\"9676\" href=\"https:\/\/www.bienaldelchaco.org\/2024\/events\/encuentro-de-maestros-artesanos-argentinos\/\" target=\"m1\" rel=\"noopener\">Encuentro de Maestros Artesanos Argentinos<\/a><\/h4><div class=\"mec-event-detail\">\r\n                        <div class=\"mec-event-loc-place\">Predio de las Bienales<\/div>\r\n                        \r\n                    <\/div><\/div><div style=\"clear:both\"><\/div><\/article><article class=\"mec-past-event mec-event-article \"><div class=\"mec-event-image\"><\/div><div class=\"mec-monthly-contents\" style=\"width: 100%\"><div class=\"mec-event-time mec-color\"><i class=\"mec-sl-clock-o\"><\/i> 10:00 - 22:00<\/div><h4 class=\"mec-event-title\"><a class=\"mec-color-hover\" data-event-id=\"9677\" href=\"https:\/\/www.bienaldelchaco.org\/2024\/events\/encuentro-de-artesanos-de-pueblos-originarios\/\" target=\"m1\" rel=\"noopener\">Encuentro de Artesanos de Pueblos Originarios<\/a><\/h4><div class=\"mec-event-detail\">\r\n                        <div class=\"mec-event-loc-place\">Predio de las Bienales<\/div>\r\n                        \r\n                    <\/div><\/div><div style=\"clear:both\"><\/div><\/article><article class=\"mec-past-event mec-event-article \"><div class=\"mec-event-image\"><\/div><div class=\"mec-monthly-contents\" style=\"width: 100%\"><div class=\"mec-event-time mec-color\"><i class=\"mec-sl-clock-o\"><\/i> 11:30<\/div><h4 class=\"mec-event-title\"><a class=\"mec-color-hover\" data-event-id=\"12818\" href=\"https:\/\/www.bienaldelchaco.org\/2024\/events\/ceremonia-de-premiacion-encuentro-de-maestros-artesanos-argentinos-encuentro-de-artesanos-de-pueblos-originarios-feria-de-arte-artesanias-y-diseno\/\" target=\"m1\" rel=\"noopener\">Ceremonia de Premiaci\u00f3n: Encuentro de Maestros Artesanos Argentinos &#8211; Encuentro de Artesanos de Pueblos Originarios &#8211; Feria de Arte, Artesan\u00edas y Dise\u00f1o<\/a><\/h4><div class=\"mec-event-detail\">\r\n                        <div class=\"mec-event-loc-place\">Predio de las Bienales<\/div>\r\n                        \r\n                    <\/div><\/div><div style=\"clear:both\"><\/div><\/article><article class=\"mec-past-event mec-event-article \"><div class=\"mec-event-image\"><\/div><div class=\"mec-monthly-contents\" style=\"width: 100%\"><div class=\"mec-event-time mec-color\"><i class=\"mec-sl-clock-o\"><\/i> 13:00 - 22:00<\/div><h4 class=\"mec-event-title\"><a class=\"mec-color-hover\" data-event-id=\"9674\" href=\"https:\/\/www.bienaldelchaco.org\/2024\/events\/escenario-a-cielo-abierto-funciones-de-teatro-danza-circo-titeres-y-magia-clases-abiertas-y-talleres\/\" target=\"m1\" rel=\"noopener\">Escenario a Cielo Abierto: Funciones de teatro, danza, circo, t\u00edteres y magia. Clases abiertas y talleres<\/a><\/h4><div class=\"mec-event-detail\">\r\n                        <div class=\"mec-event-loc-place\">Predio de las Bienales<\/div>\r\n                        \r\n                    <\/div><\/div><div style=\"clear:both\"><\/div><\/article><article class=\"mec-past-event mec-event-article \"><div class=\"mec-event-image\"><\/div><div class=\"mec-monthly-contents\" style=\"width: 100%\"><div class=\"mec-event-time mec-color\"><i class=\"mec-sl-clock-o\"><\/i> 14:00 - 21:40<\/div><h4 class=\"mec-event-title\"><a class=\"mec-color-hover\" data-event-id=\"9678\" href=\"https:\/\/www.bienaldelchaco.org\/2024\/events\/agita-la-bienal-expresiones-artisticas-urbanas-y-emergentes\/\" target=\"m1\" rel=\"noopener\">Agit\u00e1 la Bienal | Expresiones art\u00edsticas urbanas y emergentes<\/a><\/h4><div class=\"mec-event-detail\">\r\n                        <div class=\"mec-event-loc-place\">Predio de las Bienales<\/div>\r\n                        \r\n                    <\/div><\/div><div style=\"clear:both\"><\/div><\/article><article class=\"mec-past-event mec-event-article \"><div class=\"mec-event-image\"><\/div><div class=\"mec-monthly-contents\" style=\"width: 100%\"><div class=\"mec-event-time mec-color\"><i class=\"mec-sl-clock-o\"><\/i> 16:00 - 20:00<\/div><h4 class=\"mec-event-title\"><a class=\"mec-color-hover\" data-event-id=\"9684\" href=\"https:\/\/www.bienaldelchaco.org\/2024\/events\/exposicion-asociacion-escultores-chaquenos\/\" target=\"m1\" rel=\"noopener\">Exposici\u00f3n Asociaci\u00f3n Escultores Chaque\u00f1os<\/a><\/h4><div class=\"mec-event-detail\">\r\n                        <div class=\"mec-event-loc-place\">Predio de las Bienales<\/div>\r\n                        \r\n                    <\/div><\/div><div style=\"clear:both\"><\/div><\/article><article class=\"mec-past-event mec-event-article \"><div class=\"mec-event-image\"><\/div><div class=\"mec-monthly-contents\" style=\"width: 100%\"><div class=\"mec-event-time mec-color\"><i class=\"mec-sl-clock-o\"><\/i> 17:30<\/div><h4 class=\"mec-event-title\"><a class=\"mec-color-hover\" data-event-id=\"9747\" href=\"https:\/\/www.bienaldelchaco.org\/2024\/events\/soberanas-flor-de-la-v\/\" target=\"m1\" rel=\"noopener\">Soberanas | Flor de la V<\/a><\/h4><div class=\"mec-event-detail\">\r\n                        <div class=\"mec-event-loc-place\">Predio de las Bienales<\/div>\r\n                        \r\n                    <\/div><\/div><div style=\"clear:both\"><\/div><\/article><article class=\"mec-past-event mec-event-article \"><div class=\"mec-event-image\"><\/div><div class=\"mec-monthly-contents\" style=\"width: 100%\"><div class=\"mec-event-time mec-color\"><i class=\"mec-sl-clock-o\"><\/i> 19:00<\/div><h4 class=\"mec-event-title\"><a class=\"mec-color-hover\" data-event-id=\"12819\" href=\"https:\/\/www.bienaldelchaco.org\/2024\/events\/shows-not-criu-flor-alvarez\/\" target=\"m1\" rel=\"noopener\">Shows:  Not Criu &#8211; Flor \u00c1lvarez<\/a><\/h4><div class=\"mec-event-detail\">\r\n                        <div class=\"mec-event-loc-place\">Predio de las Bienales<\/div>\r\n                        \r\n                    <\/div><\/div><div style=\"clear:both\"><\/div><\/article><\/div><div class=\"mec-calendar-events-sec\" id=\"mec-calendar-events-sec-9617-20240722\" data-mec-cell=\"20240722\" ><h6 class=\"mec-table-side-title\">Events for <span class=\"mec-color mec-table-side-day\"> 22<\/span> julio<\/h6><article class=\"mec-event-article\"><div class=\"mec-event-detail\">No Events<\/div><\/article><\/div><div class=\"mec-calendar-events-sec\" id=\"mec-calendar-events-sec-9617-20240723\" data-mec-cell=\"20240723\" ><h6 class=\"mec-table-side-title\">Events for <span class=\"mec-color mec-table-side-day\"> 23<\/span> julio<\/h6><article class=\"mec-event-article\"><div class=\"mec-event-detail\">No Events<\/div><\/article><\/div><div class=\"mec-calendar-events-sec\" id=\"mec-calendar-events-sec-9617-20240724\" data-mec-cell=\"20240724\" ><h6 class=\"mec-table-side-title\">Events for <span class=\"mec-color mec-table-side-day\"> 24<\/span> julio<\/h6><article class=\"mec-event-article\"><div class=\"mec-event-detail\">No Events<\/div><\/article><\/div><div class=\"mec-calendar-events-sec\" id=\"mec-calendar-events-sec-9617-20240725\" data-mec-cell=\"20240725\" ><h6 class=\"mec-table-side-title\">Events for <span class=\"mec-color mec-table-side-day\"> 25<\/span> julio<\/h6><article class=\"mec-event-article\"><div class=\"mec-event-detail\">No Events<\/div><\/article><\/div><div class=\"mec-calendar-events-sec\" id=\"mec-calendar-events-sec-9617-20240726\" data-mec-cell=\"20240726\" ><h6 class=\"mec-table-side-title\">Events for <span class=\"mec-color mec-table-side-day\"> 26<\/span> julio<\/h6><article class=\"mec-event-article\"><div class=\"mec-event-detail\">No Events<\/div><\/article><\/div><div class=\"mec-calendar-events-sec\" id=\"mec-calendar-events-sec-9617-20240727\" data-mec-cell=\"20240727\" ><h6 class=\"mec-table-side-title\">Events for <span class=\"mec-color mec-table-side-day\"> 27<\/span> julio<\/h6><article class=\"mec-event-article\"><div class=\"mec-event-detail\">No Events<\/div><\/article><\/div><div class=\"mec-calendar-events-sec\" id=\"mec-calendar-events-sec-9617-20240728\" data-mec-cell=\"20240728\" ><h6 class=\"mec-table-side-title\">Events for <span class=\"mec-color mec-table-side-day\"> 28<\/span> julio<\/h6><article class=\"mec-event-article\"><div class=\"mec-event-detail\">No Events<\/div><\/article><\/div><div class=\"mec-calendar-events-sec\" id=\"mec-calendar-events-sec-9617-20240729\" data-mec-cell=\"20240729\" ><h6 class=\"mec-table-side-title\">Events for <span class=\"mec-color mec-table-side-day\"> 29<\/span> julio<\/h6><article class=\"mec-event-article\"><div class=\"mec-event-detail\">No Events<\/div><\/article><\/div><div class=\"mec-calendar-events-sec\" id=\"mec-calendar-events-sec-9617-20240730\" data-mec-cell=\"20240730\" ><h6 class=\"mec-table-side-title\">Events for <span class=\"mec-color mec-table-side-day\"> 30<\/span> julio<\/h6><article class=\"mec-event-article\"><div class=\"mec-event-detail\">No Events<\/div><\/article><\/div><div class=\"mec-calendar-events-sec\" id=\"mec-calendar-events-sec-9617-20240731\" data-mec-cell=\"20240731\" ><h6 class=\"mec-table-side-title\">Events for <span class=\"mec-color mec-table-side-day\"> 31<\/span> julio<\/h6><article class=\"mec-event-article\"><div class=\"mec-event-detail\">No Events<\/div><\/article><\/div><\/div><\/div><\/div><div class=\"mec-event-footer\"><\/div>    <\/div>\r\n\r\n        \r\n        <div class=\"mec-modal-result\"><\/div>\r\n\r\n<\/div>[\/vc_column_text][\/vc_column_inner][\/vc_row_inner][\/vc_column][\/vc_row][vc_row css_animation=&#8221;&#8221; row_type=&#8221;row&#8221; use_row_as_full_screen_section=&#8221;no&#8221; type=&#8221;full_width&#8221; angled_section=&#8221;no&#8221; text_align=&#8221;left&#8221; background_image_as_pattern=&#8221;without_pattern&#8221;][vc_column][vc_empty_space height=&#8221;100px&#8221;][vc_row_inner row_type=&#8221;row&#8221; type=&#8221;grid&#8221; text_align=&#8221;left&#8221; css_animation=&#8221;&#8221;][vc_column_inner][vc_column_text]<span style=\"font-family: 'Muli'; font-size: 30px; font-weight: bold;\">Pr\u00f3ximos Eventos<\/span>[\/vc_column_text][vc_separator type=&#8221;small&#8221; position=&#8221;left&#8221; color=&#8221;#000000&#8243; width=&#8221;50&#8243;][vc_column_text]<div class=\"mec-wrap mec-skin-list-container  \" id=\"mec_skin_9629\">\r\n\r\n    \r\n        <div class=\"mec-skin-list-events-container\" id=\"mec_skin_events_9629\">\r\n        No event found!    <\/div>\r\n    \r\n    \r\n<\/div>\r\n[\/vc_column_text][\/vc_column_inner][\/vc_row_inner][vc_empty_space height=&#8221;100px&#8221;][\/vc_column][\/vc_row][vc_row css_animation=&#8221;&#8221; row_type=&#8221;row&#8221; use_row_as_full_screen_section=&#8221;no&#8221; type=&#8221;full_width&#8221; angled_section=&#8221;no&#8221; text_align=&#8221;left&#8221; background_image_as_pattern=&#8221;without_pattern&#8221; el_id=&#8221;predio&#8221; z_index=&#8221;&#8221;][vc_column][vc_column_text css=&#8221;.vc_custom_1720912043843{padding-left: 10% !important;}&#8221;]Click en la imagen para zoom[\/vc_column_text][vc_empty_space height=&#8221;10px&#8221;][vc_column_text]<div class=\"uig-img-viewer uig-img-viewer-13364\" gallery_id=\"13364\">\r\n\t<style>\r\n\t\t.uig-img-viewer.uig-img-viewer-13364 .uig_gallery_images .uig-gallery-item {\r\n\t\t\tborder-radius: 0px;\r\n\t\t}\r\n\t<\/style>\r\n\t\t<div class=\"uig-image-gallery-wrapper\">\r\n\t\t\t\t<div id=\"uig_gallery_images_13364\" class=\"uig_gallery_images uig_zoom_gallery uig_grid_layout two-column five-px\">\r\n\t\t\t\t\t\t<div class=\"uig-gallery-item uig-grid-gallery-item \">\r\n\t<img decoding=\"async\" src=\"https:\/\/www.bienaldelchaco.org\/2024\/wp-content\/uploads\/2024\/07\/plano-predio-v2-scaled.jpg\" alt=\"\">\r\n\t\t<\/div>\t\t<\/div>\r\n\t<\/div>\r\n<\/div>[\/vc_column_text][vc_empty_space height=&#8221;30px&#8221;][vc_row_inner row_type=&#8221;row&#8221; type=&#8221;full_width&#8221; text_align=&#8221;left&#8221; css_animation=&#8221;&#8221;][vc_column_inner css=&#8221;.vc_custom_1720998670288{padding-left: 10% !important;}&#8221;]<a  itemprop=\"url\" href=\"https:\/\/www.bienaldelchaco.org\/2024\/wp-content\/uploads\/2024\/07\/plano-predio-v2.jpg\" target=\"_blank\" data-hover-background-color=#000000 data-hover-border-color=#000000 data-hover-color=#ffffff class=\"qbutton  default\" style=\"color: #000000; border-color: #000000; border-radius: 30px;-moz-border-radius: 30px;-webkit-border-radius: 30px; background-color: #ffffff;\">Descargar Mapa<\/a>[\/vc_column_inner][\/vc_row_inner][vc_empty_space height=&#8221;200px&#8221;][\/vc_column][\/vc_row]\n","protected":false},"excerpt":{"rendered":"<p>[vc_row css_animation=&#8221;&#8221; row_type=&#8221;row&#8221; use_row_as_full_screen_section=&#8221;no&#8221; type=&#8221;full_width&#8221; angled_section=&#8221;no&#8221; text_align=&#8221;left&#8221; background_image_as_pattern=&#8221;without_pattern&#8221;][vc_column][vc_row_inner row_type=&#8221;row&#8221; type=&#8221;full_width&#8221; text_align=&#8221;left&#8221; css_animation=&#8221;&#8221;][vc_column_inner offset=&#8221;vc_hidden-sm vc_hidden-xs&#8221;][layerslider_vc id=&#8221;33&#8243;][\/vc_column_inner][\/vc_row_inner][vc_row_inner row_type=&#8221;row&#8221; type=&#8221;full_width&#8221; text_align=&#8221;left&#8221; css_animation=&#8221;&#8221;][vc_column_inner offset=&#8221;vc_hidden-lg vc_hidden-md&#8221;][layerslider_vc id=&#8221;34&#8243;][\/vc_column_inner][\/vc_row_inner][\/vc_column][\/vc_row][vc_row css_animation=&#8221;&#8221; row_type=&#8221;row&#8221; use_row_as_full_screen_section=&#8221;no&#8221; type=&#8221;full_width&#8221; angled_section=&#8221;no&#8221; text_align=&#8221;left&#8221; background_image_as_pattern=&#8221;without_pattern&#8221;][vc_column][vc_empty_space height=&#8221;80px&#8221;][vc_row_inner row_type=&#8221;row&#8221; type=&#8221;grid&#8221; text_align=&#8221;left&#8221; css_animation=&#8221;&#8221;][vc_column_inner width=&#8221;1\/5&#8243;][vc_empty_space][\/vc_column_inner][vc_column_inner width=&#8221;1\/5&#8243;][\/vc_column_inner][vc_column_inner width=&#8221;1\/5&#8243;][\/vc_column_inner][vc_column_inner width=&#8221;1\/5&#8243;][\/vc_column_inner][vc_column_inner width=&#8221;1\/5&#8243;][\/vc_column_inner][\/vc_row_inner][\/vc_column][\/vc_row][vc_row css_animation=&#8221;&#8221; row_type=&#8221;row&#8221; use_row_as_full_screen_section=&#8221;no&#8221; type=&#8221;full_width&#8221; angled_section=&#8221;no&#8221; text_align=&#8221;left&#8221;&#8230;<\/p>\n","protected":false},"author":3,"featured_media":0,"parent":0,"menu_order":0,"comment_status":"closed","ping_status":"closed","template":"full_width.php","meta":{"footnotes":""},"class_list":["post-9600","page","type-page","status-publish","hentry"],"_links":{"self":[{"href":"https:\/\/www.bienaldelchaco.org\/2024\/wp-json\/wp\/v2\/pages\/9600","targetHints":{"allow":["GET"]}}],"collection":[{"href":"https:\/\/www.bienaldelchaco.org\/2024\/wp-json\/wp\/v2\/pages"}],"about":[{"href":"https:\/\/www.bienaldelchaco.org\/2024\/wp-json\/wp\/v2\/types\/page"}],"author":[{"embeddable":true,"href":"https:\/\/www.bienaldelchaco.org\/2024\/wp-json\/wp\/v2\/users\/3"}],"replies":[{"embeddable":true,"href":"https:\/\/www.bienaldelchaco.org\/2024\/wp-json\/wp\/v2\/comments?post=9600"}],"version-history":[{"count":20,"href":"https:\/\/www.bienaldelchaco.org\/2024\/wp-json\/wp\/v2\/pages\/9600\/revisions"}],"predecessor-version":[{"id":13395,"href":"https:\/\/www.bienaldelchaco.org\/2024\/wp-json\/wp\/v2\/pages\/9600\/revisions\/13395"}],"wp:attachment":[{"href":"https:\/\/www.bienaldelchaco.org\/2024\/wp-json\/wp\/v2\/media?parent=9600"}],"curies":[{"name":"wp","href":"https:\/\/api.w.org\/{rel}","templated":true}]}}